{"id":7941,"date":"2024-01-11T09:12:35","date_gmt":"2024-01-11T09:12:35","guid":{"rendered":"https:\/\/lalibertaria.org\/?page_id=7941"},"modified":"2025-12-01T11:11:45","modified_gmt":"2025-12-01T11:11:45","slug":"prefinanziamento","status":"publish","type":"page","link":"https:\/\/lalibertaria.org\/prefinanziamento\/","title":{"rendered":"Prefinanziamento"},"content":{"rendered":"\t\t<div data-elementor-type=\"wp-page\" data-elementor-id=\"7941\" class=\"elementor elementor-7941\" data-elementor-post-type=\"page\">\n\t\t\t\t\t\t<section class=\"elementor-section elementor-top-section elementor-element elementor-element-e088f17 elementor-section-height-min-height elementor-section-boxed elementor-section-height-default elementor-section-items-middle\" data-id=\"e088f17\" data-element_type=\"section\" data-e-type=\"section\" data-settings=\"{&quot;background_background&quot;:&quot;classic&quot;}\">\n\t\t\t\t\t\t<div class=\"elementor-container elementor-column-gap-default\">\n\t\t\t\t\t<div class=\"elementor-column elementor-col-100 elementor-top-column elementor-element elementor-element-5886cf8\" data-id=\"5886cf8\" data-element_type=\"column\" data-e-type=\"column\">\n\t\t\t<div class=\"elementor-widget-wrap\">\n\t\t\t\t\t\t\t<\/div>\n\t\t<\/div>\n\t\t\t\t\t<\/div>\n\t\t<\/section>\n\t\t\t\t<section class=\"elementor-section elementor-top-section elementor-element elementor-element-345346e elementor-section-boxed elementor-section-height-default elementor-section-height-default\" data-id=\"345346e\" data-element_type=\"section\" data-e-type=\"section\" data-settings=\"{&quot;background_background&quot;:&quot;classic&quot;}\">\n\t\t\t\t\t\t<div class=\"elementor-container elementor-column-gap-default\">\n\t\t\t\t\t<div class=\"elementor-column elementor-col-100 elementor-top-column elementor-element elementor-element-e6328a6\" data-id=\"e6328a6\" data-element_type=\"column\" data-e-type=\"column\">\n\t\t\t<div class=\"elementor-widget-wrap elementor-element-populated\">\n\t\t\t\t\t\t<div class=\"elementor-element elementor-element-c7d9856 elementor-widget elementor-widget-heading\" data-id=\"c7d9856\" data-element_type=\"widget\" data-e-type=\"widget\" data-widget_type=\"heading.default\">\n\t\t\t\t<div class=\"elementor-widget-container\">\n\t\t\t\t\t<h1 class=\"elementor-heading-title elementor-size-medium\">IL PREFINANZIAMENTO: UNA PRATICA DI ECONOMIA MUTUALISTICA<\/h1>\t\t\t\t<\/div>\n\t\t\t\t<\/div>\n\t\t\t\t<div class=\"elementor-element elementor-element-4232955 elementor-widget elementor-widget-text-editor\" data-id=\"4232955\" data-element_type=\"widget\" data-e-type=\"widget\" data-widget_type=\"text-editor.default\">\n\t\t\t\t<div class=\"elementor-widget-container\">\n\t\t\t\t\t\t\t\t\t<div><p class=\"Standard\">Una delle pratiche che caratterizzano il nostro progetto \u00e8 il <b>prefinanziamento del caff\u00e8 verde<\/b>.<\/p><\/div><div><p class=\"Standard\">\u00a0<\/p><\/div><div><p class=\"Standard\">Il prefinanziamento consiste nell\u2019anticipare ai produttori una parte del pagamento (in genere almeno il 50%) prima dell&#8217;esportazione, cos\u00ec da <b>garantire loro dei ricavi immediati<\/b>.<\/p><\/div><div><p class=\"Standard\">\u00a0<\/p><\/div><div><p class=\"Standard\">Chi vive dei prodotti della terra (come il caff\u00e8) si assume un alto rischio economico, poich\u00e9 i ricavi effettivi si realizzano<u><\/u>solo al termine dei processi di lavorazione e di vendita. Questo aspetto caratterizza ovunque le produzioni agricole, che infatti sono spesso destinatarie di aiuti e sostegni finanziari straordinari (ma anche strutturali) da parte delle politiche pubbliche. Basta pensare agli stanziamenti economici in caso di siccit\u00e0, gelate e inondazioni, o alla politica agricola comunitaria (PAC).<\/p><\/div><div><p class=\"Standard\">\u00a0<\/p><\/div><div><p class=\"Standard\">Frequentemente i produttori dei nostri caff\u00e8 rifiutano di accettare compromessi tecnici ed economici con modelli di sviluppo che si disinteressano del rispetto dell\u2019ambiente e delle reali esigenze delle popolazioni e quindi non godono di questi finanziamenti.<\/p><\/div><div><p class=\"Standard\">\u00a0<\/p><\/div><div><p class=\"Standard\"><b>I rischi economici nel mondo del caff\u00e8<\/b>, per\u00f2, non riguardano solo questi aspetti. Il prezzo del caff\u00e8 crudo, stabilito in borsa, \u00e8 particolarmente volatile per via delle operazioni speculative attuate dalle grandi compagnie di produzione e distribuzione, nonch\u00e9 dai mediatori finanziari e, generalmente, \u00e8 talmente basso da non garantire una reale sostenibilit\u00e0 per i produttori. I repentini ed effimeri picchi di prezzo garantiscono ai contadini maggiori entrate solo per qualche stagione, e rischiano di mettere in crisi (talvolta in modo irreversibile) le piccole realt\u00e0 europee del mondo \u201cequo e solidale\u201d con le quali sono stati instaurati longevi rapporti di collaborazione basati su fiducia e reciprocit\u00e0. Questi andamenti colpiscono anche quelle cooperative e associazioni che, nei Paesi d&#8217;origine, riuniscono i produttori costruendo con loro progettualit\u00e0 collettive. Quando i prezzi di mercato si alzano, alcuni produttori, attratti dalle condizioni proposte dagli emissari dei grossi importatori (noti in America come coyotes) abbandonano i progetti cooperativi vanificando sforzi e investimenti economici.<\/p><\/div>\t\t\t\t\t\t\t\t<\/div>\n\t\t\t\t<\/div>\n\t\t\t\t\t<\/div>\n\t\t<\/div>\n\t\t\t\t\t<\/div>\n\t\t<\/section>\n\t\t\t\t<section class=\"elementor-section elementor-top-section elementor-element elementor-element-f081165 elementor-section-boxed elementor-section-height-default elementor-section-height-default\" data-id=\"f081165\" data-element_type=\"section\" data-e-type=\"section\" data-settings=\"{&quot;background_background&quot;:&quot;classic&quot;}\">\n\t\t\t\t\t\t<div class=\"elementor-container elementor-column-gap-default\">\n\t\t\t\t\t<div class=\"elementor-column elementor-col-50 elementor-top-column elementor-element elementor-element-993745f\" data-id=\"993745f\" data-element_type=\"column\" data-e-type=\"column\">\n\t\t\t<div class=\"elementor-widget-wrap elementor-element-populated\">\n\t\t\t\t\t\t<div class=\"elementor-element elementor-element-c135175 elementor-widget elementor-widget-image\" data-id=\"c135175\" data-element_type=\"widget\" data-e-type=\"widget\" data-widget_type=\"image.default\">\n\t\t\t\t<div class=\"elementor-widget-container\">\n\t\t\t\t\t\t\t\t\t\t\t\t\t\t\t<img fetchpriority=\"high\" decoding=\"async\" width=\"750\" height=\"563\" src=\"data:image\/gif;base64,R0lGODlhAQABAIAAAAAAAP\/\/\/yH5BAEAAAAALAAAAAABAAEAAAIBRAA7\" data-src=\"https:\/\/lalibertaria.org\/wp-content\/uploads\/2024\/01\/assemblea1-1024x768.jpg\" class=\"attachment-large size-large wp-image-8020 lazyload\" alt=\"\" data-srcset=\"https:\/\/lalibertaria.org\/wp-content\/uploads\/2024\/01\/assemblea1-1024x768.jpg 1024w, https:\/\/lalibertaria.org\/wp-content\/uploads\/2024\/01\/assemblea1-300x225.jpg 300w, https:\/\/lalibertaria.org\/wp-content\/uploads\/2024\/01\/assemblea1-768x576.jpg 768w, https:\/\/lalibertaria.org\/wp-content\/uploads\/2024\/01\/assemblea1-1536x1152.jpg 1536w, https:\/\/lalibertaria.org\/wp-content\/uploads\/2024\/01\/assemblea1-2048x1536.jpg 2048w, https:\/\/lalibertaria.org\/wp-content\/uploads\/2024\/01\/assemblea1-1568x1176.jpg 1568w, https:\/\/lalibertaria.org\/wp-content\/uploads\/2024\/01\/assemblea1-600x450.jpg 600w\" sizes=\"(max-width: 750px) 100vw, 750px\" style=\"width:100%;height:74.98%;max-width:2074px\" \/><noscript><img decoding=\"async\" width=\"750\" height=\"563\" src=\"https:\/\/lalibertaria.org\/wp-content\/uploads\/2024\/01\/assemblea1-1024x768.jpg\" class=\"attachment-large size-large wp-image-8020 lazyload\" alt=\"\" srcset=\"https:\/\/lalibertaria.org\/wp-content\/uploads\/2024\/01\/assemblea1-1024x768.jpg 1024w, https:\/\/lalibertaria.org\/wp-content\/uploads\/2024\/01\/assemblea1-300x225.jpg 300w, https:\/\/lalibertaria.org\/wp-content\/uploads\/2024\/01\/assemblea1-768x576.jpg 768w, https:\/\/lalibertaria.org\/wp-content\/uploads\/2024\/01\/assemblea1-1536x1152.jpg 1536w, https:\/\/lalibertaria.org\/wp-content\/uploads\/2024\/01\/assemblea1-2048x1536.jpg 2048w, https:\/\/lalibertaria.org\/wp-content\/uploads\/2024\/01\/assemblea1-1568x1176.jpg 1568w, https:\/\/lalibertaria.org\/wp-content\/uploads\/2024\/01\/assemblea1-600x450.jpg 600w\" sizes=\"(max-width: 750px) 100vw, 750px\" style=\"width:100%;height:74.98%;max-width:2074px\" \/><\/noscript>\t\t\t\t\t\t\t\t\t\t\t\t\t\t\t<\/div>\n\t\t\t\t<\/div>\n\t\t\t\t\t<\/div>\n\t\t<\/div>\n\t\t\t\t<div class=\"elementor-column elementor-col-50 elementor-top-column elementor-element elementor-element-9c182d8\" data-id=\"9c182d8\" data-element_type=\"column\" data-e-type=\"column\">\n\t\t\t<div class=\"elementor-widget-wrap elementor-element-populated\">\n\t\t\t\t\t\t<div class=\"elementor-element elementor-element-2aca28e elementor-widget elementor-widget-image\" data-id=\"2aca28e\" data-element_type=\"widget\" data-e-type=\"widget\" data-widget_type=\"image.default\">\n\t\t\t\t<div class=\"elementor-widget-container\">\n\t\t\t\t\t\t\t\t\t\t\t\t\t\t\t<img decoding=\"async\" width=\"750\" height=\"563\" src=\"data:image\/gif;base64,R0lGODlhAQABAIAAAAAAAP\/\/\/yH5BAEAAAAALAAAAAABAAEAAAIBRAA7\" data-src=\"https:\/\/lalibertaria.org\/wp-content\/uploads\/2023\/11\/Asocamonte_Asocaldono_IMG_1228-copia-1024x768.jpg\" class=\"attachment-large size-large wp-image-7852 lazyload\" alt=\"\" data-srcset=\"https:\/\/lalibertaria.org\/wp-content\/uploads\/2023\/11\/Asocamonte_Asocaldono_IMG_1228-copia-1024x768.jpg 1024w, https:\/\/lalibertaria.org\/wp-content\/uploads\/2023\/11\/Asocamonte_Asocaldono_IMG_1228-copia-300x225.jpg 300w, https:\/\/lalibertaria.org\/wp-content\/uploads\/2023\/11\/Asocamonte_Asocaldono_IMG_1228-copia-768x576.jpg 768w, https:\/\/lalibertaria.org\/wp-content\/uploads\/2023\/11\/Asocamonte_Asocaldono_IMG_1228-copia-1536x1152.jpg 1536w, https:\/\/lalibertaria.org\/wp-content\/uploads\/2023\/11\/Asocamonte_Asocaldono_IMG_1228-copia-2048x1536.jpg 2048w, https:\/\/lalibertaria.org\/wp-content\/uploads\/2023\/11\/Asocamonte_Asocaldono_IMG_1228-copia-1568x1176.jpg 1568w, https:\/\/lalibertaria.org\/wp-content\/uploads\/2023\/11\/Asocamonte_Asocaldono_IMG_1228-copia-600x450.jpg 600w\" sizes=\"(max-width: 750px) 100vw, 750px\" style=\"width:100%;height:75%;max-width:2560px\" \/><noscript><img loading=\"lazy\" decoding=\"async\" width=\"750\" height=\"563\" src=\"https:\/\/lalibertaria.org\/wp-content\/uploads\/2023\/11\/Asocamonte_Asocaldono_IMG_1228-copia-1024x768.jpg\" class=\"attachment-large size-large wp-image-7852 lazyload\" alt=\"\" srcset=\"https:\/\/lalibertaria.org\/wp-content\/uploads\/2023\/11\/Asocamonte_Asocaldono_IMG_1228-copia-1024x768.jpg 1024w, https:\/\/lalibertaria.org\/wp-content\/uploads\/2023\/11\/Asocamonte_Asocaldono_IMG_1228-copia-300x225.jpg 300w, https:\/\/lalibertaria.org\/wp-content\/uploads\/2023\/11\/Asocamonte_Asocaldono_IMG_1228-copia-768x576.jpg 768w, https:\/\/lalibertaria.org\/wp-content\/uploads\/2023\/11\/Asocamonte_Asocaldono_IMG_1228-copia-1536x1152.jpg 1536w, https:\/\/lalibertaria.org\/wp-content\/uploads\/2023\/11\/Asocamonte_Asocaldono_IMG_1228-copia-2048x1536.jpg 2048w, https:\/\/lalibertaria.org\/wp-content\/uploads\/2023\/11\/Asocamonte_Asocaldono_IMG_1228-copia-1568x1176.jpg 1568w, https:\/\/lalibertaria.org\/wp-content\/uploads\/2023\/11\/Asocamonte_Asocaldono_IMG_1228-copia-600x450.jpg 600w\" sizes=\"(max-width: 750px) 100vw, 750px\" style=\"width:100%;height:75%;max-width:2560px\" \/><\/noscript>\t\t\t\t\t\t\t\t\t\t\t\t\t\t\t<\/div>\n\t\t\t\t<\/div>\n\t\t\t\t\t<\/div>\n\t\t<\/div>\n\t\t\t\t\t<\/div>\n\t\t<\/section>\n\t\t\t\t<section class=\"elementor-section elementor-top-section elementor-element elementor-element-45a8a15 elementor-section-boxed elementor-section-height-default elementor-section-height-default\" data-id=\"45a8a15\" data-element_type=\"section\" data-e-type=\"section\" data-settings=\"{&quot;background_background&quot;:&quot;classic&quot;}\">\n\t\t\t\t\t\t<div class=\"elementor-container elementor-column-gap-default\">\n\t\t\t\t\t<div class=\"elementor-column elementor-col-100 elementor-top-column elementor-element elementor-element-ec03d5f\" data-id=\"ec03d5f\" data-element_type=\"column\" data-e-type=\"column\">\n\t\t\t<div class=\"elementor-widget-wrap elementor-element-populated\">\n\t\t\t\t\t\t<div class=\"elementor-element elementor-element-ed2fa66 elementor-widget elementor-widget-text-editor\" data-id=\"ed2fa66\" data-element_type=\"widget\" data-e-type=\"widget\" data-widget_type=\"text-editor.default\">\n\t\t\t\t<div class=\"elementor-widget-container\">\n\t\t\t\t\t\t\t\t\t<p>Il prefinanziamento rappresenta quindi <b>una pratica fiduciaria e mutualistica che cerca di rendere i produttori e le cooperative pi\u00f9 stabili e autonomi<\/b> nei confronti di queste dinamiche e difficolt\u00e0. Una scelta che comporta anche degli aspetti critici per noi torrefattori: prefinanziare il caff\u00e8, infatti, significa anticipare del denaro per un prodotto che venderemo solo mesi pi\u00f9 tardi.<\/p><p>\u00a0<\/p><p>Questa peculiarit\u00e0 viene ulteriormente aggravata dal fatto che la commercializzazione del caff\u00e8 si muove su distanze intercontinentali, in cui le tempistiche si dilatano e i volumi movimentati devono necessariamente aumentare per avere una maggiore razionalit\u00e0 economica e ambientale.<\/p>\t\t\t\t\t\t\t\t<\/div>\n\t\t\t\t<\/div>\n\t\t\t\t\t<\/div>\n\t\t<\/div>\n\t\t\t\t\t<\/div>\n\t\t<\/section>\n\t\t\t\t<section class=\"elementor-section elementor-top-section elementor-element elementor-element-9376f10 elementor-section-boxed elementor-section-height-default elementor-section-height-default\" data-id=\"9376f10\" data-element_type=\"section\" data-e-type=\"section\" data-settings=\"{&quot;background_background&quot;:&quot;classic&quot;}\">\n\t\t\t\t\t\t<div class=\"elementor-container elementor-column-gap-default\">\n\t\t\t\t\t<div class=\"elementor-column elementor-col-50 elementor-top-column elementor-element elementor-element-b19fdaf\" data-id=\"b19fdaf\" data-element_type=\"column\" data-e-type=\"column\">\n\t\t\t<div class=\"elementor-widget-wrap elementor-element-populated\">\n\t\t\t\t\t\t<div class=\"elementor-element elementor-element-2b35221 elementor-widget elementor-widget-image\" data-id=\"2b35221\" data-element_type=\"widget\" data-e-type=\"widget\" data-widget_type=\"image.default\">\n\t\t\t\t<div class=\"elementor-widget-container\">\n\t\t\t\t\t\t\t\t\t\t\t\t\t\t\t<img loading=\"lazy\" decoding=\"async\" width=\"750\" height=\"563\" src=\"data:image\/gif;base64,R0lGODlhAQABAIAAAAAAAP\/\/\/yH5BAEAAAAALAAAAAABAAEAAAIBRAA7\" data-src=\"https:\/\/lalibertaria.org\/wp-content\/uploads\/2023\/11\/Asocamonte_Asocaldono_IMG_20220711_112823582_HDR-1024x768.jpg\" class=\"attachment-large size-large wp-image-7854 lazyload\" alt=\"\" data-srcset=\"https:\/\/lalibertaria.org\/wp-content\/uploads\/2023\/11\/Asocamonte_Asocaldono_IMG_20220711_112823582_HDR-1024x768.jpg 1024w, https:\/\/lalibertaria.org\/wp-content\/uploads\/2023\/11\/Asocamonte_Asocaldono_IMG_20220711_112823582_HDR-300x225.jpg 300w, https:\/\/lalibertaria.org\/wp-content\/uploads\/2023\/11\/Asocamonte_Asocaldono_IMG_20220711_112823582_HDR-768x576.jpg 768w, https:\/\/lalibertaria.org\/wp-content\/uploads\/2023\/11\/Asocamonte_Asocaldono_IMG_20220711_112823582_HDR-1536x1152.jpg 1536w, https:\/\/lalibertaria.org\/wp-content\/uploads\/2023\/11\/Asocamonte_Asocaldono_IMG_20220711_112823582_HDR-2048x1536.jpg 2048w, https:\/\/lalibertaria.org\/wp-content\/uploads\/2023\/11\/Asocamonte_Asocaldono_IMG_20220711_112823582_HDR-1568x1176.jpg 1568w, https:\/\/lalibertaria.org\/wp-content\/uploads\/2023\/11\/Asocamonte_Asocaldono_IMG_20220711_112823582_HDR-600x450.jpg 600w\" sizes=\"(max-width: 750px) 100vw, 750px\" style=\"width:100%;height:75%;max-width:2560px\" \/><noscript><img loading=\"lazy\" decoding=\"async\" width=\"750\" height=\"563\" src=\"https:\/\/lalibertaria.org\/wp-content\/uploads\/2023\/11\/Asocamonte_Asocaldono_IMG_20220711_112823582_HDR-1024x768.jpg\" class=\"attachment-large size-large wp-image-7854 lazyload\" alt=\"\" srcset=\"https:\/\/lalibertaria.org\/wp-content\/uploads\/2023\/11\/Asocamonte_Asocaldono_IMG_20220711_112823582_HDR-1024x768.jpg 1024w, https:\/\/lalibertaria.org\/wp-content\/uploads\/2023\/11\/Asocamonte_Asocaldono_IMG_20220711_112823582_HDR-300x225.jpg 300w, https:\/\/lalibertaria.org\/wp-content\/uploads\/2023\/11\/Asocamonte_Asocaldono_IMG_20220711_112823582_HDR-768x576.jpg 768w, https:\/\/lalibertaria.org\/wp-content\/uploads\/2023\/11\/Asocamonte_Asocaldono_IMG_20220711_112823582_HDR-1536x1152.jpg 1536w, https:\/\/lalibertaria.org\/wp-content\/uploads\/2023\/11\/Asocamonte_Asocaldono_IMG_20220711_112823582_HDR-2048x1536.jpg 2048w, https:\/\/lalibertaria.org\/wp-content\/uploads\/2023\/11\/Asocamonte_Asocaldono_IMG_20220711_112823582_HDR-1568x1176.jpg 1568w, https:\/\/lalibertaria.org\/wp-content\/uploads\/2023\/11\/Asocamonte_Asocaldono_IMG_20220711_112823582_HDR-600x450.jpg 600w\" sizes=\"(max-width: 750px) 100vw, 750px\" style=\"width:100%;height:75%;max-width:2560px\" \/><\/noscript>\t\t\t\t\t\t\t\t\t\t\t\t\t\t\t<\/div>\n\t\t\t\t<\/div>\n\t\t\t\t\t<\/div>\n\t\t<\/div>\n\t\t\t\t<div class=\"elementor-column elementor-col-50 elementor-top-column elementor-element elementor-element-26c5df7\" data-id=\"26c5df7\" data-element_type=\"column\" data-e-type=\"column\">\n\t\t\t<div class=\"elementor-widget-wrap elementor-element-populated\">\n\t\t\t\t\t\t<div class=\"elementor-element elementor-element-5d4194a elementor-widget elementor-widget-image\" data-id=\"5d4194a\" data-element_type=\"widget\" data-e-type=\"widget\" data-widget_type=\"image.default\">\n\t\t\t\t<div class=\"elementor-widget-container\">\n\t\t\t\t\t\t\t\t\t\t\t\t\t\t\t<img loading=\"lazy\" decoding=\"async\" width=\"750\" height=\"563\" src=\"data:image\/gif;base64,R0lGODlhAQABAIAAAAAAAP\/\/\/yH5BAEAAAAALAAAAAABAAEAAAIBRAA7\" data-src=\"https:\/\/lalibertaria.org\/wp-content\/uploads\/2022\/07\/IMG_6716-1024x768.jpg\" class=\"attachment-large size-large wp-image-5620 lazyload\" alt=\"\" data-srcset=\"https:\/\/lalibertaria.org\/wp-content\/uploads\/2022\/07\/IMG_6716-1024x768.jpg 1024w, https:\/\/lalibertaria.org\/wp-content\/uploads\/2022\/07\/IMG_6716-300x225.jpg 300w, https:\/\/lalibertaria.org\/wp-content\/uploads\/2022\/07\/IMG_6716-768x576.jpg 768w, https:\/\/lalibertaria.org\/wp-content\/uploads\/2022\/07\/IMG_6716-600x450.jpg 600w, https:\/\/lalibertaria.org\/wp-content\/uploads\/2022\/07\/IMG_6716.jpg 1280w\" sizes=\"(max-width: 750px) 100vw, 750px\" style=\"width:100%;height:75%;max-width:1280px\" \/><noscript><img loading=\"lazy\" decoding=\"async\" width=\"750\" height=\"563\" src=\"https:\/\/lalibertaria.org\/wp-content\/uploads\/2022\/07\/IMG_6716-1024x768.jpg\" class=\"attachment-large size-large wp-image-5620 lazyload\" alt=\"\" srcset=\"https:\/\/lalibertaria.org\/wp-content\/uploads\/2022\/07\/IMG_6716-1024x768.jpg 1024w, https:\/\/lalibertaria.org\/wp-content\/uploads\/2022\/07\/IMG_6716-300x225.jpg 300w, https:\/\/lalibertaria.org\/wp-content\/uploads\/2022\/07\/IMG_6716-768x576.jpg 768w, https:\/\/lalibertaria.org\/wp-content\/uploads\/2022\/07\/IMG_6716-600x450.jpg 600w, https:\/\/lalibertaria.org\/wp-content\/uploads\/2022\/07\/IMG_6716.jpg 1280w\" sizes=\"(max-width: 750px) 100vw, 750px\" style=\"width:100%;height:75%;max-width:1280px\" \/><\/noscript>\t\t\t\t\t\t\t\t\t\t\t\t\t\t\t<\/div>\n\t\t\t\t<\/div>\n\t\t\t\t\t<\/div>\n\t\t<\/div>\n\t\t\t\t\t<\/div>\n\t\t<\/section>\n\t\t\t\t<section class=\"elementor-section elementor-top-section elementor-element elementor-element-8a1e79e elementor-section-boxed elementor-section-height-default elementor-section-height-default\" data-id=\"8a1e79e\" data-element_type=\"section\" data-e-type=\"section\" data-settings=\"{&quot;background_background&quot;:&quot;classic&quot;}\">\n\t\t\t\t\t\t<div class=\"elementor-container elementor-column-gap-default\">\n\t\t\t\t\t<div class=\"elementor-column elementor-col-100 elementor-top-column elementor-element elementor-element-741d6b8\" data-id=\"741d6b8\" data-element_type=\"column\" data-e-type=\"column\">\n\t\t\t<div class=\"elementor-widget-wrap elementor-element-populated\">\n\t\t\t\t\t\t<div class=\"elementor-element elementor-element-c9b6450 elementor-widget elementor-widget-text-editor\" data-id=\"c9b6450\" data-element_type=\"widget\" data-e-type=\"widget\" data-widget_type=\"text-editor.default\">\n\t\t\t\t<div class=\"elementor-widget-container\">\n\t\t\t\t\t\t\t\t\t<p style=\"font-weight: 400;\">Per riuscire a sostenere questa pratica, ogni anno lanciamo una campagna di prefinanziamento a cui ogni persona, gruppo d\u2019acquisto, collettivo o circolo pu\u00f2 partecipare anticipando nei primi mesi dell&#8217;anno il pagamento del caff\u00e8 che consumer\u00e0 in autunno. Ci\u00f2 d\u00e0 al nostro progetto la stabilit\u00e0 necessaria per sostenere i produttori con continuit\u00e0, contrastando i meccanismi speculativi tipici del mondo del caff\u00e8 e sperimentando, pur nel nostro piccolo, <strong>una reale economia mutualistica<\/strong>.<\/p>\t\t\t\t\t\t\t\t<\/div>\n\t\t\t\t<\/div>\n\t\t\t\t\t<\/div>\n\t\t<\/div>\n\t\t\t\t\t<\/div>\n\t\t<\/section>\n\t\t\t\t<section class=\"elementor-section elementor-top-section elementor-element elementor-element-2b1fd10 elementor-section-boxed elementor-section-height-default elementor-section-height-default\" data-id=\"2b1fd10\" data-element_type=\"section\" data-e-type=\"section\" data-settings=\"{&quot;background_background&quot;:&quot;classic&quot;}\">\n\t\t\t\t\t\t<div class=\"elementor-container elementor-column-gap-default\">\n\t\t\t\t\t<div class=\"elementor-column elementor-col-100 elementor-top-column elementor-element elementor-element-11a8c37\" data-id=\"11a8c37\" data-element_type=\"column\" data-e-type=\"column\">\n\t\t\t<div class=\"elementor-widget-wrap\">\n\t\t\t\t\t\t\t<\/div>\n\t\t<\/div>\n\t\t\t\t\t<\/div>\n\t\t<\/section>\n\t\t\t\t<\/div>\n\t\t","protected":false},"excerpt":{"rendered":"<p>IL PREFINANZIAMENTO: UNA PRATICA DI ECONOMIA MUTUALISTICA Una delle pratiche che caratterizzano il nostro progetto \u00e8 il prefinanziamento del caff\u00e8 verde. \u00a0 Il prefinanziamento consiste nell\u2019anticipare ai produttori una parte del pagamento (in genere almeno il 50%) prima dell&#8217;esportazione, cos\u00ec da garantire loro dei ricavi immediati. \u00a0 Chi vive dei prodotti della terra (come il&hellip; <a class=\"more-link\" href=\"https:\/\/lalibertaria.org\/prefinanziamento\/\">Continua a leggere <span class=\"screen-reader-text\">Prefinanziamento<\/span><\/a><\/p>\n","protected":false},"author":1,"featured_media":7403,"parent":0,"menu_order":0,"comment_status":"closed","ping_status":"closed","template":"elementor_canvas","meta":{"footnotes":""},"class_list":["post-7941","page","type-page","status-publish","has-post-thumbnail","hentry","entry"],"yoast_head":"<!-- This site is optimized with the Yoast SEO plugin v27.1.1 - https:\/\/yoast.com\/product\/yoast-seo-wordpress\/ -->\n<title>Prefinanziamento - La Libertaria<\/title>\n<meta name=\"description\" content=\"Una delle pratiche che caratterizza il nostro progetto \u00e8 rappresentata dal prefinanziamento del caff\u00e8 verde.\" \/>\n<meta name=\"robots\" content=\"index, follow, max-snippet:-1, max-image-preview:large, max-video-preview:-1\" \/>\n<link rel=\"canonical\" href=\"https:\/\/lalibertaria.org\/prefinanziamento\/\" \/>\n<meta property=\"og:locale\" content=\"it_IT\" \/>\n<meta property=\"og:type\" content=\"article\" \/>\n<meta property=\"og:title\" content=\"Prefinanziamento - La Libertaria\" \/>\n<meta property=\"og:description\" content=\"Una delle pratiche che caratterizza il nostro progetto \u00e8 rappresentata dal prefinanziamento del caff\u00e8 verde.\" \/>\n<meta property=\"og:url\" content=\"https:\/\/lalibertaria.org\/prefinanziamento\/\" \/>\n<meta property=\"og:site_name\" content=\"La Libertaria\" \/>\n<meta property=\"article:modified_time\" content=\"2025-12-01T11:11:45+00:00\" \/>\n<meta property=\"og:image\" content=\"http:\/\/lalibertaria.org\/wp-content\/uploads\/2023\/08\/juta-sacco_l.jpg\" \/>\n\t<meta property=\"og:image:width\" content=\"1244\" \/>\n\t<meta property=\"og:image:height\" content=\"829\" \/>\n\t<meta property=\"og:image:type\" content=\"image\/jpeg\" \/>\n<meta name=\"twitter:card\" content=\"summary_large_image\" \/>\n<meta name=\"twitter:label1\" content=\"Tempo di lettura stimato\" \/>\n\t<meta name=\"twitter:data1\" content=\"4 minuti\" \/>\n<script type=\"application\/ld+json\" class=\"yoast-schema-graph\">{\"@context\":\"https:\/\/schema.org\",\"@graph\":[{\"@type\":\"WebPage\",\"@id\":\"https:\/\/lalibertaria.org\/prefinanziamento\/\",\"url\":\"https:\/\/lalibertaria.org\/prefinanziamento\/\",\"name\":\"Prefinanziamento - La Libertaria\",\"isPartOf\":{\"@id\":\"https:\/\/lalibertaria.org\/#website\"},\"primaryImageOfPage\":{\"@id\":\"https:\/\/lalibertaria.org\/prefinanziamento\/#primaryimage\"},\"image\":{\"@id\":\"https:\/\/lalibertaria.org\/prefinanziamento\/#primaryimage\"},\"thumbnailUrl\":\"https:\/\/lalibertaria.org\/wp-content\/uploads\/2023\/08\/juta-sacco_l.jpg\",\"datePublished\":\"2024-01-11T09:12:35+00:00\",\"dateModified\":\"2025-12-01T11:11:45+00:00\",\"description\":\"Una delle pratiche che caratterizza il nostro progetto \u00e8 rappresentata dal prefinanziamento del caff\u00e8 verde.\",\"breadcrumb\":{\"@id\":\"https:\/\/lalibertaria.org\/prefinanziamento\/#breadcrumb\"},\"inLanguage\":\"it-IT\",\"potentialAction\":[{\"@type\":\"ReadAction\",\"target\":[\"https:\/\/lalibertaria.org\/prefinanziamento\/\"]}]},{\"@type\":\"ImageObject\",\"inLanguage\":\"it-IT\",\"@id\":\"https:\/\/lalibertaria.org\/prefinanziamento\/#primaryimage\",\"url\":\"https:\/\/lalibertaria.org\/wp-content\/uploads\/2023\/08\/juta-sacco_l.jpg\",\"contentUrl\":\"https:\/\/lalibertaria.org\/wp-content\/uploads\/2023\/08\/juta-sacco_l.jpg\",\"width\":1244,\"height\":829},{\"@type\":\"BreadcrumbList\",\"@id\":\"https:\/\/lalibertaria.org\/prefinanziamento\/#breadcrumb\",\"itemListElement\":[{\"@type\":\"ListItem\",\"position\":1,\"name\":\"Home\",\"item\":\"https:\/\/lalibertaria.org\/\"},{\"@type\":\"ListItem\",\"position\":2,\"name\":\"Prefinanziamento\"}]},{\"@type\":\"WebSite\",\"@id\":\"https:\/\/lalibertaria.org\/#website\",\"url\":\"https:\/\/lalibertaria.org\/\",\"name\":\"La Libertaria\",\"description\":\"ETS\",\"publisher\":{\"@id\":\"https:\/\/lalibertaria.org\/#organization\"},\"potentialAction\":[{\"@type\":\"SearchAction\",\"target\":{\"@type\":\"EntryPoint\",\"urlTemplate\":\"https:\/\/lalibertaria.org\/?s={search_term_string}\"},\"query-input\":{\"@type\":\"PropertyValueSpecification\",\"valueRequired\":true,\"valueName\":\"search_term_string\"}}],\"inLanguage\":\"it-IT\"},{\"@type\":\"Organization\",\"@id\":\"https:\/\/lalibertaria.org\/#organization\",\"name\":\"La Libertaria\",\"url\":\"https:\/\/lalibertaria.org\/\",\"logo\":{\"@type\":\"ImageObject\",\"inLanguage\":\"it-IT\",\"@id\":\"https:\/\/lalibertaria.org\/#\/schema\/logo\/image\/\",\"url\":\"https:\/\/lalibertaria.org\/wp-content\/uploads\/2021\/05\/FAVICON.jpg\",\"contentUrl\":\"https:\/\/lalibertaria.org\/wp-content\/uploads\/2021\/05\/FAVICON.jpg\",\"width\":515,\"height\":491,\"caption\":\"La Libertaria\"},\"image\":{\"@id\":\"https:\/\/lalibertaria.org\/#\/schema\/logo\/image\/\"}}]}<\/script>\n<!-- \/ Yoast SEO plugin. -->","yoast_head_json":{"title":"Prefinanziamento - La Libertaria","description":"Una delle pratiche che caratterizza il nostro progetto \u00e8 rappresentata dal prefinanziamento del caff\u00e8 verde.","robots":{"index":"index","follow":"follow","max-snippet":"max-snippet:-1","max-image-preview":"max-image-preview:large","max-video-preview":"max-video-preview:-1"},"canonical":"https:\/\/lalibertaria.org\/prefinanziamento\/","og_locale":"it_IT","og_type":"article","og_title":"Prefinanziamento - La Libertaria","og_description":"Una delle pratiche che caratterizza il nostro progetto \u00e8 rappresentata dal prefinanziamento del caff\u00e8 verde.","og_url":"https:\/\/lalibertaria.org\/prefinanziamento\/","og_site_name":"La Libertaria","article_modified_time":"2025-12-01T11:11:45+00:00","og_image":[{"width":1244,"height":829,"url":"http:\/\/lalibertaria.org\/wp-content\/uploads\/2023\/08\/juta-sacco_l.jpg","type":"image\/jpeg"}],"twitter_card":"summary_large_image","twitter_misc":{"Tempo di lettura stimato":"4 minuti"},"schema":{"@context":"https:\/\/schema.org","@graph":[{"@type":"WebPage","@id":"https:\/\/lalibertaria.org\/prefinanziamento\/","url":"https:\/\/lalibertaria.org\/prefinanziamento\/","name":"Prefinanziamento - La Libertaria","isPartOf":{"@id":"https:\/\/lalibertaria.org\/#website"},"primaryImageOfPage":{"@id":"https:\/\/lalibertaria.org\/prefinanziamento\/#primaryimage"},"image":{"@id":"https:\/\/lalibertaria.org\/prefinanziamento\/#primaryimage"},"thumbnailUrl":"https:\/\/lalibertaria.org\/wp-content\/uploads\/2023\/08\/juta-sacco_l.jpg","datePublished":"2024-01-11T09:12:35+00:00","dateModified":"2025-12-01T11:11:45+00:00","description":"Una delle pratiche che caratterizza il nostro progetto \u00e8 rappresentata dal prefinanziamento del caff\u00e8 verde.","breadcrumb":{"@id":"https:\/\/lalibertaria.org\/prefinanziamento\/#breadcrumb"},"inLanguage":"it-IT","potentialAction":[{"@type":"ReadAction","target":["https:\/\/lalibertaria.org\/prefinanziamento\/"]}]},{"@type":"ImageObject","inLanguage":"it-IT","@id":"https:\/\/lalibertaria.org\/prefinanziamento\/#primaryimage","url":"https:\/\/lalibertaria.org\/wp-content\/uploads\/2023\/08\/juta-sacco_l.jpg","contentUrl":"https:\/\/lalibertaria.org\/wp-content\/uploads\/2023\/08\/juta-sacco_l.jpg","width":1244,"height":829},{"@type":"BreadcrumbList","@id":"https:\/\/lalibertaria.org\/prefinanziamento\/#breadcrumb","itemListElement":[{"@type":"ListItem","position":1,"name":"Home","item":"https:\/\/lalibertaria.org\/"},{"@type":"ListItem","position":2,"name":"Prefinanziamento"}]},{"@type":"WebSite","@id":"https:\/\/lalibertaria.org\/#website","url":"https:\/\/lalibertaria.org\/","name":"La Libertaria","description":"ETS","publisher":{"@id":"https:\/\/lalibertaria.org\/#organization"},"potentialAction":[{"@type":"SearchAction","target":{"@type":"EntryPoint","urlTemplate":"https:\/\/lalibertaria.org\/?s={search_term_string}"},"query-input":{"@type":"PropertyValueSpecification","valueRequired":true,"valueName":"search_term_string"}}],"inLanguage":"it-IT"},{"@type":"Organization","@id":"https:\/\/lalibertaria.org\/#organization","name":"La Libertaria","url":"https:\/\/lalibertaria.org\/","logo":{"@type":"ImageObject","inLanguage":"it-IT","@id":"https:\/\/lalibertaria.org\/#\/schema\/logo\/image\/","url":"https:\/\/lalibertaria.org\/wp-content\/uploads\/2021\/05\/FAVICON.jpg","contentUrl":"https:\/\/lalibertaria.org\/wp-content\/uploads\/2021\/05\/FAVICON.jpg","width":515,"height":491,"caption":"La Libertaria"},"image":{"@id":"https:\/\/lalibertaria.org\/#\/schema\/logo\/image\/"}}]}},"_links":{"self":[{"href":"https:\/\/lalibertaria.org\/wp-json\/wp\/v2\/pages\/7941","targetHints":{"allow":["GET"]}}],"collection":[{"href":"https:\/\/lalibertaria.org\/wp-json\/wp\/v2\/pages"}],"about":[{"href":"https:\/\/lalibertaria.org\/wp-json\/wp\/v2\/types\/page"}],"author":[{"embeddable":true,"href":"https:\/\/lalibertaria.org\/wp-json\/wp\/v2\/users\/1"}],"replies":[{"embeddable":true,"href":"https:\/\/lalibertaria.org\/wp-json\/wp\/v2\/comments?post=7941"}],"version-history":[{"count":34,"href":"https:\/\/lalibertaria.org\/wp-json\/wp\/v2\/pages\/7941\/revisions"}],"predecessor-version":[{"id":9896,"href":"https:\/\/lalibertaria.org\/wp-json\/wp\/v2\/pages\/7941\/revisions\/9896"}],"wp:featuredmedia":[{"embeddable":true,"href":"https:\/\/lalibertaria.org\/wp-json\/wp\/v2\/media\/7403"}],"wp:attachment":[{"href":"https:\/\/lalibertaria.org\/wp-json\/wp\/v2\/media?parent=7941"}],"curies":[{"name":"wp","href":"https:\/\/api.w.org\/{rel}","templated":true}]}}