{"id":5397,"date":"2022-07-18T16:05:36","date_gmt":"2022-07-18T16:05:36","guid":{"rendered":"https:\/\/lalibertaria.org\/?page_id=5397"},"modified":"2026-02-04T12:43:24","modified_gmt":"2026-02-04T12:43:24","slug":"viaggio-in-colombia","status":"publish","type":"page","link":"https:\/\/lalibertaria.org\/viaggio-in-colombia\/","title":{"rendered":"viaggio in Colombia"},"content":{"rendered":"\t\t<div data-elementor-type=\"wp-page\" data-elementor-id=\"5397\" class=\"elementor elementor-5397\" data-elementor-post-type=\"page\">\n\t\t\t\t\t\t<section class=\"elementor-section elementor-top-section elementor-element elementor-element-8e338cd elementor-section-height-min-height elementor-section-boxed elementor-section-height-default elementor-section-items-middle\" data-id=\"8e338cd\" data-element_type=\"section\" data-e-type=\"section\" data-settings=\"{&quot;background_background&quot;:&quot;classic&quot;}\">\n\t\t\t\t\t\t<div class=\"elementor-container elementor-column-gap-default\">\n\t\t\t\t\t<div class=\"elementor-column elementor-col-100 elementor-top-column elementor-element elementor-element-53bb3b9\" data-id=\"53bb3b9\" data-element_type=\"column\" data-e-type=\"column\">\n\t\t\t<div class=\"elementor-widget-wrap elementor-element-populated\">\n\t\t\t\t\t\t<div class=\"elementor-element elementor-element-60f4534 elementor-widget elementor-widget-heading\" data-id=\"60f4534\" data-element_type=\"widget\" data-e-type=\"widget\" data-widget_type=\"heading.default\">\n\t\t\t\t<div class=\"elementor-widget-container\">\n\t\t\t\t\t<h1 class=\"elementor-heading-title elementor-size-large\">Colombia, Luglio 2022<\/h1>\t\t\t\t<\/div>\n\t\t\t\t<\/div>\n\t\t\t\t\t<\/div>\n\t\t<\/div>\n\t\t\t\t\t<\/div>\n\t\t<\/section>\n\t\t\t\t<section class=\"elementor-section elementor-top-section elementor-element elementor-element-14d724e elementor-section-boxed elementor-section-height-default elementor-section-height-default\" data-id=\"14d724e\" data-element_type=\"section\" data-e-type=\"section\" data-settings=\"{&quot;background_background&quot;:&quot;classic&quot;}\">\n\t\t\t\t\t\t<div class=\"elementor-container elementor-column-gap-default\">\n\t\t\t\t\t<div class=\"elementor-column elementor-col-100 elementor-top-column elementor-element elementor-element-efa28b3\" data-id=\"efa28b3\" data-element_type=\"column\" data-e-type=\"column\">\n\t\t\t<div class=\"elementor-widget-wrap elementor-element-populated\">\n\t\t\t\t\t\t<div class=\"elementor-element elementor-element-582596c elementor-widget elementor-widget-heading\" data-id=\"582596c\" data-element_type=\"widget\" data-e-type=\"widget\" data-widget_type=\"heading.default\">\n\t\t\t\t<div class=\"elementor-widget-container\">\n\t\t\t\t\t<h1 class=\"elementor-heading-title elementor-size-medium\">LE TAPPE, I RACCONTI, LE IMMAGINI<\/h1>\t\t\t\t<\/div>\n\t\t\t\t<\/div>\n\t\t\t\t\t<\/div>\n\t\t<\/div>\n\t\t\t\t\t<\/div>\n\t\t<\/section>\n\t\t\t\t<section class=\"elementor-section elementor-top-section elementor-element elementor-element-28fd9c4 elementor-section-boxed elementor-section-height-default elementor-section-height-default\" data-id=\"28fd9c4\" data-element_type=\"section\" data-e-type=\"section\">\n\t\t\t\t\t\t<div class=\"elementor-container elementor-column-gap-default\">\n\t\t\t\t\t<div class=\"elementor-column elementor-col-100 elementor-top-column elementor-element elementor-element-69fb8d5\" data-id=\"69fb8d5\" data-element_type=\"column\" data-e-type=\"column\">\n\t\t\t<div class=\"elementor-widget-wrap elementor-element-populated\">\n\t\t\t\t\t\t<div class=\"elementor-element elementor-element-7c10371 elementor-icon-list--layout-traditional elementor-list-item-link-full_width elementor-widget elementor-widget-icon-list\" data-id=\"7c10371\" data-element_type=\"widget\" data-e-type=\"widget\" data-widget_type=\"icon-list.default\">\n\t\t\t\t<div class=\"elementor-widget-container\">\n\t\t\t\t\t\t\t<ul class=\"elementor-icon-list-items\">\n\t\t\t\t\t\t\t<li class=\"elementor-icon-list-item\">\n\t\t\t\t\t\t\t\t\t\t\t<span class=\"elementor-icon-list-icon\">\n\t\t\t\t\t\t\t<i aria-hidden=\"true\" class=\"fas fa-map-pin\"><\/i>\t\t\t\t\t\t<\/span>\n\t\t\t\t\t\t\t\t\t\t<span class=\"elementor-icon-list-text\">Cauca - Colombia<\/span>\n\t\t\t\t\t\t\t\t\t<\/li>\n\t\t\t\t\t\t<\/ul>\n\t\t\t\t\t\t<\/div>\n\t\t\t\t<\/div>\n\t\t\t\t<div class=\"elementor-element elementor-element-e3a7b12 elementor-widget elementor-widget-heading\" data-id=\"e3a7b12\" data-element_type=\"widget\" data-e-type=\"widget\" data-widget_type=\"heading.default\">\n\t\t\t\t<div class=\"elementor-widget-container\">\n\t\t\t\t\t<h2 class=\"elementor-heading-title elementor-size-default\">Da Cali a Popayan, por la panamericana! - Prima tappa<\/h2>\t\t\t\t<\/div>\n\t\t\t\t<\/div>\n\t\t\t\t\t<\/div>\n\t\t<\/div>\n\t\t\t\t\t<\/div>\n\t\t<\/section>\n\t\t\t\t<section class=\"elementor-section elementor-top-section elementor-element elementor-element-8352154 elementor-section-boxed elementor-section-height-default elementor-section-height-default\" data-id=\"8352154\" data-element_type=\"section\" data-e-type=\"section\">\n\t\t\t\t\t\t<div class=\"elementor-container elementor-column-gap-default\">\n\t\t\t\t\t<div class=\"elementor-column elementor-col-50 elementor-top-column elementor-element elementor-element-3eeaf24\" data-id=\"3eeaf24\" data-element_type=\"column\" data-e-type=\"column\">\n\t\t\t<div class=\"elementor-widget-wrap elementor-element-populated\">\n\t\t\t\t\t\t<div class=\"elementor-element elementor-element-bcf1eef elementor-widget elementor-widget-image\" data-id=\"bcf1eef\" data-element_type=\"widget\" data-e-type=\"widget\" data-widget_type=\"image.default\">\n\t\t\t\t<div class=\"elementor-widget-container\">\n\t\t\t\t\t\t\t\t\t\t\t\t\t\t\t<img fetchpriority=\"high\" decoding=\"async\" width=\"750\" height=\"563\" src=\"data:image\/gif;base64,R0lGODlhAQABAIAAAAAAAP\/\/\/yH5BAEAAAAALAAAAAABAAEAAAIBRAA7\" data-src=\"https:\/\/lalibertaria.org\/wp-content\/uploads\/2022\/07\/B5-1024x768.jpg\" class=\"attachment-large size-large wp-image-5403 lazyload\" alt=\"\" data-srcset=\"https:\/\/lalibertaria.org\/wp-content\/uploads\/2022\/07\/B5-1024x768.jpg 1024w, https:\/\/lalibertaria.org\/wp-content\/uploads\/2022\/07\/B5-300x225.jpg 300w, https:\/\/lalibertaria.org\/wp-content\/uploads\/2022\/07\/B5-768x576.jpg 768w, https:\/\/lalibertaria.org\/wp-content\/uploads\/2022\/07\/B5-1536x1152.jpg 1536w, https:\/\/lalibertaria.org\/wp-content\/uploads\/2022\/07\/B5-1568x1176.jpg 1568w, https:\/\/lalibertaria.org\/wp-content\/uploads\/2022\/07\/B5-600x450.jpg 600w, https:\/\/lalibertaria.org\/wp-content\/uploads\/2022\/07\/B5.jpg 1600w\" sizes=\"(max-width: 750px) 100vw, 750px\" style=\"width:100%;height:75%;max-width:1600px\" \/><noscript><img decoding=\"async\" width=\"750\" height=\"563\" src=\"https:\/\/lalibertaria.org\/wp-content\/uploads\/2022\/07\/B5-1024x768.jpg\" class=\"attachment-large size-large wp-image-5403 lazyload\" alt=\"\" srcset=\"https:\/\/lalibertaria.org\/wp-content\/uploads\/2022\/07\/B5-1024x768.jpg 1024w, https:\/\/lalibertaria.org\/wp-content\/uploads\/2022\/07\/B5-300x225.jpg 300w, https:\/\/lalibertaria.org\/wp-content\/uploads\/2022\/07\/B5-768x576.jpg 768w, https:\/\/lalibertaria.org\/wp-content\/uploads\/2022\/07\/B5-1536x1152.jpg 1536w, https:\/\/lalibertaria.org\/wp-content\/uploads\/2022\/07\/B5-1568x1176.jpg 1568w, https:\/\/lalibertaria.org\/wp-content\/uploads\/2022\/07\/B5-600x450.jpg 600w, https:\/\/lalibertaria.org\/wp-content\/uploads\/2022\/07\/B5.jpg 1600w\" sizes=\"(max-width: 750px) 100vw, 750px\" style=\"width:100%;height:75%;max-width:1600px\" \/><\/noscript>\t\t\t\t\t\t\t\t\t\t\t\t\t\t\t<\/div>\n\t\t\t\t<\/div>\n\t\t\t\t<div class=\"elementor-element elementor-element-c2613f6 elementor-widget elementor-widget-text-editor\" data-id=\"c2613f6\" data-element_type=\"widget\" data-e-type=\"widget\" data-widget_type=\"text-editor.default\">\n\t\t\t\t<div class=\"elementor-widget-container\">\n\t\t\t\t\t\t\t\t\t<div class=\"kvgmc6g5 cxmmr5t8 oygrvhab hcukyx3x c1et5uql ii04i59q\"><div dir=\"auto\">Visita ai produttori dell&#8217;organizzazione di AgriSolidaria nella comunit\u00e0 di <strong>Limoncito<\/strong> (distretto di El Tambo), piccolo villaggio a 1900 metri sulle pendici del Cerro Munchique. Questo paesaggio \u00e8 caratterizzato dall&#8217;attivit\u00e0 estrattiva di miniere di oro e monoculture di pino e eucalipto di multinazionali della carta.<\/div><\/div><div class=\"cxmmr5t8 oygrvhab hcukyx3x c1et5uql o9v6fnle ii04i59q\"><div dir=\"auto\">Dopo diverse ore di macchina abbiamo incontrato alcuni campesinos che, con la volont\u00e1 di acquisire autonomia e competenza sui processi produttivi, mantengono le variet\u00e0 tradizionali e la biodiversit\u00e0 agro-ambientale guidati da una manifesta coscienza verso l&#8217;ambiente in cui vivono.<\/div><\/div>\t\t\t\t\t\t\t\t<\/div>\n\t\t\t\t<\/div>\n\t\t\t\t\t<\/div>\n\t\t<\/div>\n\t\t\t\t<div class=\"elementor-column elementor-col-50 elementor-top-column elementor-element elementor-element-00c1b52\" data-id=\"00c1b52\" data-element_type=\"column\" data-e-type=\"column\">\n\t\t\t<div class=\"elementor-widget-wrap elementor-element-populated\">\n\t\t\t\t\t\t<div class=\"elementor-element elementor-element-947c8bd elementor-widget elementor-widget-gallery\" data-id=\"947c8bd\" data-element_type=\"widget\" data-e-type=\"widget\" data-settings=\"{&quot;columns&quot;:3,&quot;lazyload&quot;:&quot;yes&quot;,&quot;gallery_layout&quot;:&quot;grid&quot;,&quot;columns_tablet&quot;:2,&quot;columns_mobile&quot;:1,&quot;gap&quot;:{&quot;unit&quot;:&quot;px&quot;,&quot;size&quot;:10,&quot;sizes&quot;:[]},&quot;gap_tablet&quot;:{&quot;unit&quot;:&quot;px&quot;,&quot;size&quot;:10,&quot;sizes&quot;:[]},&quot;gap_mobile&quot;:{&quot;unit&quot;:&quot;px&quot;,&quot;size&quot;:10,&quot;sizes&quot;:[]},&quot;link_to&quot;:&quot;file&quot;,&quot;aspect_ratio&quot;:&quot;3:2&quot;,&quot;overlay_background&quot;:&quot;yes&quot;,&quot;content_hover_animation&quot;:&quot;fade-in&quot;}\" data-widget_type=\"gallery.default\">\n\t\t\t\t<div class=\"elementor-widget-container\">\n\t\t\t\t\t\t\t<div class=\"elementor-gallery__container\">\n\t\t\t\t\t\t\t<a class=\"e-gallery-item elementor-gallery-item elementor-animated-content\" href=\"https:\/\/lalibertaria.org\/wp-content\/uploads\/2022\/07\/X7.jpg\" data-elementor-open-lightbox=\"yes\" data-elementor-lightbox-slideshow=\"947c8bd\" data-elementor-lightbox-title=\"X7\" data-e-action-hash=\"#elementor-action%3Aaction%3Dlightbox%26settings%3DeyJpZCI6NTQwNiwidXJsIjoiaHR0cHM6XC9cL2xhbGliZXJ0YXJpYS5vcmdcL3dwLWNvbnRlbnRcL3VwbG9hZHNcLzIwMjJcLzA3XC9YNy5qcGciLCJzbGlkZXNob3ciOiI5NDdjOGJkIn0%3D\">\n\t\t\t\t\t<div class=\"e-gallery-image elementor-gallery-item__image\" data-thumbnail=\"https:\/\/lalibertaria.org\/wp-content\/uploads\/2022\/07\/X7-300x225.jpg\" data-width=\"300\" data-height=\"225\" aria-label=\"\" role=\"img\" ><\/div>\n\t\t\t\t\t\t\t\t\t\t\t<div class=\"elementor-gallery-item__overlay\"><\/div>\n\t\t\t\t\t\t\t\t\t\t\t\t\t\t<\/a>\n\t\t\t\t\t\t\t<a class=\"e-gallery-item elementor-gallery-item elementor-animated-content\" href=\"https:\/\/lalibertaria.org\/wp-content\/uploads\/2022\/07\/B1.jpg\" data-elementor-open-lightbox=\"yes\" data-elementor-lightbox-slideshow=\"947c8bd\" data-elementor-lightbox-title=\"B1\" data-e-action-hash=\"#elementor-action%3Aaction%3Dlightbox%26settings%3DeyJpZCI6NTQxMCwidXJsIjoiaHR0cHM6XC9cL2xhbGliZXJ0YXJpYS5vcmdcL3dwLWNvbnRlbnRcL3VwbG9hZHNcLzIwMjJcLzA3XC9CMS5qcGciLCJzbGlkZXNob3ciOiI5NDdjOGJkIn0%3D\">\n\t\t\t\t\t<div class=\"e-gallery-image elementor-gallery-item__image\" data-thumbnail=\"https:\/\/lalibertaria.org\/wp-content\/uploads\/2022\/07\/B1-300x225.jpg\" data-width=\"300\" data-height=\"225\" aria-label=\"\" role=\"img\" ><\/div>\n\t\t\t\t\t\t\t\t\t\t\t<div class=\"elementor-gallery-item__overlay\"><\/div>\n\t\t\t\t\t\t\t\t\t\t\t\t\t\t<\/a>\n\t\t\t\t\t\t\t<a class=\"e-gallery-item elementor-gallery-item elementor-animated-content\" href=\"https:\/\/lalibertaria.org\/wp-content\/uploads\/2022\/07\/B2.jpg\" data-elementor-open-lightbox=\"yes\" data-elementor-lightbox-slideshow=\"947c8bd\" data-elementor-lightbox-title=\"B2\" data-e-action-hash=\"#elementor-action%3Aaction%3Dlightbox%26settings%3DeyJpZCI6NTQxMSwidXJsIjoiaHR0cHM6XC9cL2xhbGliZXJ0YXJpYS5vcmdcL3dwLWNvbnRlbnRcL3VwbG9hZHNcLzIwMjJcLzA3XC9CMi5qcGciLCJzbGlkZXNob3ciOiI5NDdjOGJkIn0%3D\">\n\t\t\t\t\t<div class=\"e-gallery-image elementor-gallery-item__image\" data-thumbnail=\"https:\/\/lalibertaria.org\/wp-content\/uploads\/2022\/07\/B2-300x225.jpg\" data-width=\"300\" data-height=\"225\" aria-label=\"\" role=\"img\" ><\/div>\n\t\t\t\t\t\t\t\t\t\t\t<div class=\"elementor-gallery-item__overlay\"><\/div>\n\t\t\t\t\t\t\t\t\t\t\t\t\t\t<\/a>\n\t\t\t\t\t\t\t<a class=\"e-gallery-item elementor-gallery-item elementor-animated-content\" href=\"https:\/\/lalibertaria.org\/wp-content\/uploads\/2022\/07\/WhatsApp-Image-2022-07-09-at-18.43.23.jpeg\" data-elementor-open-lightbox=\"yes\" data-elementor-lightbox-slideshow=\"947c8bd\" data-elementor-lightbox-title=\"WhatsApp Image 2022-07-09 at 18.43.23\" data-e-action-hash=\"#elementor-action%3Aaction%3Dlightbox%26settings%3DeyJpZCI6NTQxMiwidXJsIjoiaHR0cHM6XC9cL2xhbGliZXJ0YXJpYS5vcmdcL3dwLWNvbnRlbnRcL3VwbG9hZHNcLzIwMjJcLzA3XC9XaGF0c0FwcC1JbWFnZS0yMDIyLTA3LTA5LWF0LTE4LjQzLjIzLmpwZWciLCJzbGlkZXNob3ciOiI5NDdjOGJkIn0%3D\">\n\t\t\t\t\t<div class=\"e-gallery-image elementor-gallery-item__image\" data-thumbnail=\"https:\/\/lalibertaria.org\/wp-content\/uploads\/2022\/07\/WhatsApp-Image-2022-07-09-at-18.43.23-300x225.jpeg\" data-width=\"300\" data-height=\"225\" aria-label=\"\" role=\"img\" ><\/div>\n\t\t\t\t\t\t\t\t\t\t\t<div class=\"elementor-gallery-item__overlay\"><\/div>\n\t\t\t\t\t\t\t\t\t\t\t\t\t\t<\/a>\n\t\t\t\t\t\t\t<a class=\"e-gallery-item elementor-gallery-item elementor-animated-content\" href=\"https:\/\/lalibertaria.org\/wp-content\/uploads\/2022\/07\/WhatsApp-Image-2022-07-09-at-18.44.38.jpeg\" data-elementor-open-lightbox=\"yes\" data-elementor-lightbox-slideshow=\"947c8bd\" data-elementor-lightbox-title=\"WhatsApp Image 2022-07-09 at 18.44.38\" data-e-action-hash=\"#elementor-action%3Aaction%3Dlightbox%26settings%3DeyJpZCI6NTQxMywidXJsIjoiaHR0cHM6XC9cL2xhbGliZXJ0YXJpYS5vcmdcL3dwLWNvbnRlbnRcL3VwbG9hZHNcLzIwMjJcLzA3XC9XaGF0c0FwcC1JbWFnZS0yMDIyLTA3LTA5LWF0LTE4LjQ0LjM4LmpwZWciLCJzbGlkZXNob3ciOiI5NDdjOGJkIn0%3D\">\n\t\t\t\t\t<div class=\"e-gallery-image elementor-gallery-item__image\" data-thumbnail=\"https:\/\/lalibertaria.org\/wp-content\/uploads\/2022\/07\/WhatsApp-Image-2022-07-09-at-18.44.38-300x225.jpeg\" data-width=\"300\" data-height=\"225\" aria-label=\"\" role=\"img\" ><\/div>\n\t\t\t\t\t\t\t\t\t\t\t<div class=\"elementor-gallery-item__overlay\"><\/div>\n\t\t\t\t\t\t\t\t\t\t\t\t\t\t<\/a>\n\t\t\t\t\t\t\t<a class=\"e-gallery-item elementor-gallery-item elementor-animated-content\" href=\"https:\/\/lalibertaria.org\/wp-content\/uploads\/2022\/07\/WhatsApp-Image-2022-07-09-at-18.44.39.jpeg\" data-elementor-open-lightbox=\"yes\" data-elementor-lightbox-slideshow=\"947c8bd\" data-elementor-lightbox-title=\"WhatsApp Image 2022-07-09 at 18.44.39\" data-e-action-hash=\"#elementor-action%3Aaction%3Dlightbox%26settings%3DeyJpZCI6NTQxNCwidXJsIjoiaHR0cHM6XC9cL2xhbGliZXJ0YXJpYS5vcmdcL3dwLWNvbnRlbnRcL3VwbG9hZHNcLzIwMjJcLzA3XC9XaGF0c0FwcC1JbWFnZS0yMDIyLTA3LTA5LWF0LTE4LjQ0LjM5LmpwZWciLCJzbGlkZXNob3ciOiI5NDdjOGJkIn0%3D\">\n\t\t\t\t\t<div class=\"e-gallery-image elementor-gallery-item__image\" data-thumbnail=\"https:\/\/lalibertaria.org\/wp-content\/uploads\/2022\/07\/WhatsApp-Image-2022-07-09-at-18.44.39-300x225.jpeg\" data-width=\"300\" data-height=\"225\" aria-label=\"\" role=\"img\" ><\/div>\n\t\t\t\t\t\t\t\t\t\t\t<div class=\"elementor-gallery-item__overlay\"><\/div>\n\t\t\t\t\t\t\t\t\t\t\t\t\t\t<\/a>\n\t\t\t\t\t<\/div>\n\t\t\t\t\t<\/div>\n\t\t\t\t<\/div>\n\t\t\t\t<div class=\"elementor-element elementor-element-5ca2e18 elementor-widget elementor-widget-image\" data-id=\"5ca2e18\" data-element_type=\"widget\" data-e-type=\"widget\" data-widget_type=\"image.default\">\n\t\t\t\t<div class=\"elementor-widget-container\">\n\t\t\t\t\t\t\t\t\t\t\t\t\t\t\t<img decoding=\"async\" width=\"750\" height=\"563\" src=\"data:image\/gif;base64,R0lGODlhAQABAIAAAAAAAP\/\/\/yH5BAEAAAAALAAAAAABAAEAAAIBRAA7\" data-src=\"https:\/\/lalibertaria.org\/wp-content\/uploads\/2022\/07\/X5.jpg\" class=\"attachment-large size-large wp-image-5405 lazyload\" alt=\"\" data-srcset=\"https:\/\/lalibertaria.org\/wp-content\/uploads\/2022\/07\/X5.jpg 1024w, https:\/\/lalibertaria.org\/wp-content\/uploads\/2022\/07\/X5-300x225.jpg 300w, https:\/\/lalibertaria.org\/wp-content\/uploads\/2022\/07\/X5-768x576.jpg 768w, https:\/\/lalibertaria.org\/wp-content\/uploads\/2022\/07\/X5-600x450.jpg 600w\" sizes=\"(max-width: 750px) 100vw, 750px\" style=\"width:100%;height:75%;max-width:1024px\" \/><noscript><img loading=\"lazy\" decoding=\"async\" width=\"750\" height=\"563\" src=\"https:\/\/lalibertaria.org\/wp-content\/uploads\/2022\/07\/X5.jpg\" class=\"attachment-large size-large wp-image-5405 lazyload\" alt=\"\" srcset=\"https:\/\/lalibertaria.org\/wp-content\/uploads\/2022\/07\/X5.jpg 1024w, https:\/\/lalibertaria.org\/wp-content\/uploads\/2022\/07\/X5-300x225.jpg 300w, https:\/\/lalibertaria.org\/wp-content\/uploads\/2022\/07\/X5-768x576.jpg 768w, https:\/\/lalibertaria.org\/wp-content\/uploads\/2022\/07\/X5-600x450.jpg 600w\" sizes=\"(max-width: 750px) 100vw, 750px\" style=\"width:100%;height:75%;max-width:1024px\" \/><\/noscript>\t\t\t\t\t\t\t\t\t\t\t\t\t\t\t<\/div>\n\t\t\t\t<\/div>\n\t\t\t\t\t<\/div>\n\t\t<\/div>\n\t\t\t\t\t<\/div>\n\t\t<\/section>\n\t\t\t\t<section class=\"elementor-section elementor-top-section elementor-element elementor-element-19aeb4f elementor-section-boxed elementor-section-height-default elementor-section-height-default\" data-id=\"19aeb4f\" data-element_type=\"section\" data-e-type=\"section\">\n\t\t\t\t\t\t<div class=\"elementor-container elementor-column-gap-default\">\n\t\t\t\t\t<div class=\"elementor-column elementor-col-100 elementor-top-column elementor-element elementor-element-b8d6918\" data-id=\"b8d6918\" data-element_type=\"column\" data-e-type=\"column\">\n\t\t\t<div class=\"elementor-widget-wrap elementor-element-populated\">\n\t\t\t\t\t\t<div class=\"elementor-element elementor-element-5021c03 elementor-widget elementor-widget-heading\" data-id=\"5021c03\" data-element_type=\"widget\" data-e-type=\"widget\" data-widget_type=\"heading.default\">\n\t\t\t\t<div class=\"elementor-widget-container\">\n\t\t\t\t\t<h2 class=\"elementor-heading-title elementor-size-default\">Da Popayan a Caldono - Seconda tappa<\/h2>\t\t\t\t<\/div>\n\t\t\t\t<\/div>\n\t\t\t\t<div class=\"elementor-element elementor-element-96a5d48 elementor-widget elementor-widget-text-editor\" data-id=\"96a5d48\" data-element_type=\"widget\" data-e-type=\"widget\" data-widget_type=\"text-editor.default\">\n\t\t\t\t<div class=\"elementor-widget-container\">\n\t\t\t\t\t\t\t\t\t<div dir=\"auto\">Visita ai produttori di <strong>ASOCAMONTE, Asociaci\u00f3n de Campesinos de Monterilla<\/strong>, nel municipio di Caldono.<\/div><div dir=\"auto\">L&#8217;associazione riunisce 20 soci, a prevalenza femminile, che nel 2005 hanno acquistato collettivamente 7 ettari di terreno per risolvere il problema della mancanza di terra. Qui hanno creato un sistema agro-ambientale integrato dove producono caff\u00e8, canna da zucchero, frutta, miele, piante officinali e per l&#8217;autoconsumo.<\/div><div dir=\"auto\">Una caratteristica del metodo di coltivazione del caff\u00e8 \u00e8 data quindi dalla consociazione con altre piante che permette la protezione dal sole ed il mantenimento di un suolo ricco e fertile.<\/div>\t\t\t\t\t\t\t\t<\/div>\n\t\t\t\t<\/div>\n\t\t\t\t\t<\/div>\n\t\t<\/div>\n\t\t\t\t\t<\/div>\n\t\t<\/section>\n\t\t\t\t<section class=\"elementor-section elementor-top-section elementor-element elementor-element-7a3a100 elementor-section-boxed elementor-section-height-default elementor-section-height-default\" data-id=\"7a3a100\" data-element_type=\"section\" data-e-type=\"section\">\n\t\t\t\t\t\t<div class=\"elementor-container elementor-column-gap-default\">\n\t\t\t\t\t<div class=\"elementor-column elementor-col-50 elementor-top-column elementor-element elementor-element-4002e89\" data-id=\"4002e89\" data-element_type=\"column\" data-e-type=\"column\">\n\t\t\t<div class=\"elementor-widget-wrap elementor-element-populated\">\n\t\t\t\t\t\t<div class=\"elementor-element elementor-element-a85b670 elementor-widget elementor-widget-image\" data-id=\"a85b670\" data-element_type=\"widget\" data-e-type=\"widget\" data-widget_type=\"image.default\">\n\t\t\t\t<div class=\"elementor-widget-container\">\n\t\t\t\t\t\t\t\t\t\t\t\t\t\t\t<img loading=\"lazy\" decoding=\"async\" width=\"750\" height=\"563\" src=\"data:image\/gif;base64,R0lGODlhAQABAIAAAAAAAP\/\/\/yH5BAEAAAAALAAAAAABAAEAAAIBRAA7\" data-src=\"https:\/\/lalibertaria.org\/wp-content\/uploads\/2022\/07\/viaggio_-1024x768.jpg\" class=\"attachment-large size-large wp-image-5393 lazyload\" alt=\"\" data-srcset=\"https:\/\/lalibertaria.org\/wp-content\/uploads\/2022\/07\/viaggio_-1024x768.jpg 1024w, https:\/\/lalibertaria.org\/wp-content\/uploads\/2022\/07\/viaggio_-300x225.jpg 300w, https:\/\/lalibertaria.org\/wp-content\/uploads\/2022\/07\/viaggio_-768x576.jpg 768w, https:\/\/lalibertaria.org\/wp-content\/uploads\/2022\/07\/viaggio_-600x450.jpg 600w, https:\/\/lalibertaria.org\/wp-content\/uploads\/2022\/07\/viaggio_.jpg 1280w\" sizes=\"(max-width: 750px) 100vw, 750px\" style=\"width:100%;height:75%;max-width:1280px\" \/><noscript><img loading=\"lazy\" decoding=\"async\" width=\"750\" height=\"563\" src=\"https:\/\/lalibertaria.org\/wp-content\/uploads\/2022\/07\/viaggio_-1024x768.jpg\" class=\"attachment-large size-large wp-image-5393 lazyload\" alt=\"\" srcset=\"https:\/\/lalibertaria.org\/wp-content\/uploads\/2022\/07\/viaggio_-1024x768.jpg 1024w, https:\/\/lalibertaria.org\/wp-content\/uploads\/2022\/07\/viaggio_-300x225.jpg 300w, https:\/\/lalibertaria.org\/wp-content\/uploads\/2022\/07\/viaggio_-768x576.jpg 768w, https:\/\/lalibertaria.org\/wp-content\/uploads\/2022\/07\/viaggio_-600x450.jpg 600w, https:\/\/lalibertaria.org\/wp-content\/uploads\/2022\/07\/viaggio_.jpg 1280w\" sizes=\"(max-width: 750px) 100vw, 750px\" style=\"width:100%;height:75%;max-width:1280px\" \/><\/noscript>\t\t\t\t\t\t\t\t\t\t\t\t\t\t\t<\/div>\n\t\t\t\t<\/div>\n\t\t\t\t\t<\/div>\n\t\t<\/div>\n\t\t\t\t<div class=\"elementor-column elementor-col-50 elementor-top-column elementor-element elementor-element-49c5541\" data-id=\"49c5541\" data-element_type=\"column\" data-e-type=\"column\">\n\t\t\t<div class=\"elementor-widget-wrap elementor-element-populated\">\n\t\t\t\t\t\t<div class=\"elementor-element elementor-element-49ce6b3 elementor-widget elementor-widget-gallery\" data-id=\"49ce6b3\" data-element_type=\"widget\" data-e-type=\"widget\" data-settings=\"{&quot;columns&quot;:3,&quot;lazyload&quot;:&quot;yes&quot;,&quot;gallery_layout&quot;:&quot;grid&quot;,&quot;columns_tablet&quot;:2,&quot;columns_mobile&quot;:1,&quot;gap&quot;:{&quot;unit&quot;:&quot;px&quot;,&quot;size&quot;:10,&quot;sizes&quot;:[]},&quot;gap_tablet&quot;:{&quot;unit&quot;:&quot;px&quot;,&quot;size&quot;:10,&quot;sizes&quot;:[]},&quot;gap_mobile&quot;:{&quot;unit&quot;:&quot;px&quot;,&quot;size&quot;:10,&quot;sizes&quot;:[]},&quot;link_to&quot;:&quot;file&quot;,&quot;aspect_ratio&quot;:&quot;3:2&quot;,&quot;overlay_background&quot;:&quot;yes&quot;,&quot;content_hover_animation&quot;:&quot;fade-in&quot;}\" data-widget_type=\"gallery.default\">\n\t\t\t\t<div class=\"elementor-widget-container\">\n\t\t\t\t\t\t\t<div class=\"elementor-gallery__container\">\n\t\t\t\t\t\t\t<a class=\"e-gallery-item elementor-gallery-item elementor-animated-content\" href=\"https:\/\/lalibertaria.org\/wp-content\/uploads\/2022\/07\/photo_2022-07-18_23-33-30.jpg\" data-elementor-open-lightbox=\"yes\" data-elementor-lightbox-slideshow=\"49ce6b3\" data-elementor-lightbox-title=\"photo_2022-07-18_23-33-30\" data-e-action-hash=\"#elementor-action%3Aaction%3Dlightbox%26settings%3DeyJpZCI6NTQzOCwidXJsIjoiaHR0cHM6XC9cL2xhbGliZXJ0YXJpYS5vcmdcL3dwLWNvbnRlbnRcL3VwbG9hZHNcLzIwMjJcLzA3XC9waG90b18yMDIyLTA3LTE4XzIzLTMzLTMwLmpwZyIsInNsaWRlc2hvdyI6IjQ5Y2U2YjMifQ%3D%3D\">\n\t\t\t\t\t<div class=\"e-gallery-image elementor-gallery-item__image\" data-thumbnail=\"https:\/\/lalibertaria.org\/wp-content\/uploads\/2022\/07\/photo_2022-07-18_23-33-30-300x225.jpg\" data-width=\"300\" data-height=\"225\" aria-label=\"\" role=\"img\" ><\/div>\n\t\t\t\t\t\t\t\t\t\t\t<div class=\"elementor-gallery-item__overlay\"><\/div>\n\t\t\t\t\t\t\t\t\t\t\t\t\t\t<\/a>\n\t\t\t\t\t\t\t<a class=\"e-gallery-item elementor-gallery-item elementor-animated-content\" href=\"https:\/\/lalibertaria.org\/wp-content\/uploads\/2022\/07\/photo_2022-07-18_23-33-40.jpg\" data-elementor-open-lightbox=\"yes\" data-elementor-lightbox-slideshow=\"49ce6b3\" data-elementor-lightbox-title=\"photo_2022-07-18_23-33-40\" data-e-action-hash=\"#elementor-action%3Aaction%3Dlightbox%26settings%3DeyJpZCI6NTQzOSwidXJsIjoiaHR0cHM6XC9cL2xhbGliZXJ0YXJpYS5vcmdcL3dwLWNvbnRlbnRcL3VwbG9hZHNcLzIwMjJcLzA3XC9waG90b18yMDIyLTA3LTE4XzIzLTMzLTQwLmpwZyIsInNsaWRlc2hvdyI6IjQ5Y2U2YjMifQ%3D%3D\">\n\t\t\t\t\t<div class=\"e-gallery-image elementor-gallery-item__image\" data-thumbnail=\"https:\/\/lalibertaria.org\/wp-content\/uploads\/2022\/07\/photo_2022-07-18_23-33-40-300x225.jpg\" data-width=\"300\" data-height=\"225\" aria-label=\"\" role=\"img\" ><\/div>\n\t\t\t\t\t\t\t\t\t\t\t<div class=\"elementor-gallery-item__overlay\"><\/div>\n\t\t\t\t\t\t\t\t\t\t\t\t\t\t<\/a>\n\t\t\t\t\t\t\t<a class=\"e-gallery-item elementor-gallery-item elementor-animated-content\" href=\"https:\/\/lalibertaria.org\/wp-content\/uploads\/2022\/07\/photo_2022-07-18_23-33-45.jpg\" data-elementor-open-lightbox=\"yes\" data-elementor-lightbox-slideshow=\"49ce6b3\" data-elementor-lightbox-title=\"photo_2022-07-18_23-33-45\" data-e-action-hash=\"#elementor-action%3Aaction%3Dlightbox%26settings%3DeyJpZCI6NTQ0MCwidXJsIjoiaHR0cHM6XC9cL2xhbGliZXJ0YXJpYS5vcmdcL3dwLWNvbnRlbnRcL3VwbG9hZHNcLzIwMjJcLzA3XC9waG90b18yMDIyLTA3LTE4XzIzLTMzLTQ1LmpwZyIsInNsaWRlc2hvdyI6IjQ5Y2U2YjMifQ%3D%3D\">\n\t\t\t\t\t<div class=\"e-gallery-image elementor-gallery-item__image\" data-thumbnail=\"https:\/\/lalibertaria.org\/wp-content\/uploads\/2022\/07\/photo_2022-07-18_23-33-45-300x225.jpg\" data-width=\"300\" data-height=\"225\" aria-label=\"\" role=\"img\" ><\/div>\n\t\t\t\t\t\t\t\t\t\t\t<div class=\"elementor-gallery-item__overlay\"><\/div>\n\t\t\t\t\t\t\t\t\t\t\t\t\t\t<\/a>\n\t\t\t\t\t\t\t<a class=\"e-gallery-item elementor-gallery-item elementor-animated-content\" href=\"https:\/\/lalibertaria.org\/wp-content\/uploads\/2022\/07\/photo_2022-07-18_23-33-54.jpg\" data-elementor-open-lightbox=\"yes\" data-elementor-lightbox-slideshow=\"49ce6b3\" data-elementor-lightbox-title=\"photo_2022-07-18_23-33-54\" data-e-action-hash=\"#elementor-action%3Aaction%3Dlightbox%26settings%3DeyJpZCI6NTQ0MSwidXJsIjoiaHR0cHM6XC9cL2xhbGliZXJ0YXJpYS5vcmdcL3dwLWNvbnRlbnRcL3VwbG9hZHNcLzIwMjJcLzA3XC9waG90b18yMDIyLTA3LTE4XzIzLTMzLTU0LmpwZyIsInNsaWRlc2hvdyI6IjQ5Y2U2YjMifQ%3D%3D\">\n\t\t\t\t\t<div class=\"e-gallery-image elementor-gallery-item__image\" data-thumbnail=\"https:\/\/lalibertaria.org\/wp-content\/uploads\/2022\/07\/photo_2022-07-18_23-33-54-300x225.jpg\" data-width=\"300\" data-height=\"225\" aria-label=\"\" role=\"img\" ><\/div>\n\t\t\t\t\t\t\t\t\t\t\t<div class=\"elementor-gallery-item__overlay\"><\/div>\n\t\t\t\t\t\t\t\t\t\t\t\t\t\t<\/a>\n\t\t\t\t\t\t\t<a class=\"e-gallery-item elementor-gallery-item elementor-animated-content\" href=\"https:\/\/lalibertaria.org\/wp-content\/uploads\/2022\/07\/photo_2022-07-18_23-34-03.jpg\" data-elementor-open-lightbox=\"yes\" data-elementor-lightbox-slideshow=\"49ce6b3\" data-elementor-lightbox-title=\"photo_2022-07-18_23-34-03\" data-e-action-hash=\"#elementor-action%3Aaction%3Dlightbox%26settings%3DeyJpZCI6NTQ0MiwidXJsIjoiaHR0cHM6XC9cL2xhbGliZXJ0YXJpYS5vcmdcL3dwLWNvbnRlbnRcL3VwbG9hZHNcLzIwMjJcLzA3XC9waG90b18yMDIyLTA3LTE4XzIzLTM0LTAzLmpwZyIsInNsaWRlc2hvdyI6IjQ5Y2U2YjMifQ%3D%3D\">\n\t\t\t\t\t<div class=\"e-gallery-image elementor-gallery-item__image\" data-thumbnail=\"https:\/\/lalibertaria.org\/wp-content\/uploads\/2022\/07\/photo_2022-07-18_23-34-03-300x225.jpg\" data-width=\"300\" data-height=\"225\" aria-label=\"\" role=\"img\" ><\/div>\n\t\t\t\t\t\t\t\t\t\t\t<div class=\"elementor-gallery-item__overlay\"><\/div>\n\t\t\t\t\t\t\t\t\t\t\t\t\t\t<\/a>\n\t\t\t\t\t\t\t<a class=\"e-gallery-item elementor-gallery-item elementor-animated-content\" href=\"https:\/\/lalibertaria.org\/wp-content\/uploads\/2022\/07\/photo_2022-07-18_23-34-21.jpg\" data-elementor-open-lightbox=\"yes\" data-elementor-lightbox-slideshow=\"49ce6b3\" data-elementor-lightbox-title=\"photo_2022-07-18_23-34-21\" data-e-action-hash=\"#elementor-action%3Aaction%3Dlightbox%26settings%3DeyJpZCI6NTQ0MywidXJsIjoiaHR0cHM6XC9cL2xhbGliZXJ0YXJpYS5vcmdcL3dwLWNvbnRlbnRcL3VwbG9hZHNcLzIwMjJcLzA3XC9waG90b18yMDIyLTA3LTE4XzIzLTM0LTIxLmpwZyIsInNsaWRlc2hvdyI6IjQ5Y2U2YjMifQ%3D%3D\">\n\t\t\t\t\t<div class=\"e-gallery-image elementor-gallery-item__image\" data-thumbnail=\"https:\/\/lalibertaria.org\/wp-content\/uploads\/2022\/07\/photo_2022-07-18_23-34-21-300x225.jpg\" data-width=\"300\" data-height=\"225\" aria-label=\"\" role=\"img\" ><\/div>\n\t\t\t\t\t\t\t\t\t\t\t<div class=\"elementor-gallery-item__overlay\"><\/div>\n\t\t\t\t\t\t\t\t\t\t\t\t\t\t<\/a>\n\t\t\t\t\t<\/div>\n\t\t\t\t\t<\/div>\n\t\t\t\t<\/div>\n\t\t\t\t\t<\/div>\n\t\t<\/div>\n\t\t\t\t\t<\/div>\n\t\t<\/section>\n\t\t\t\t<section class=\"elementor-section elementor-top-section elementor-element elementor-element-5191198 elementor-section-boxed elementor-section-height-default elementor-section-height-default\" data-id=\"5191198\" data-element_type=\"section\" data-e-type=\"section\">\n\t\t\t\t\t\t<div class=\"elementor-container elementor-column-gap-default\">\n\t\t\t\t\t<div class=\"elementor-column elementor-col-100 elementor-top-column elementor-element elementor-element-ed702e4\" data-id=\"ed702e4\" data-element_type=\"column\" data-e-type=\"column\">\n\t\t\t<div class=\"elementor-widget-wrap elementor-element-populated\">\n\t\t\t\t\t\t<div class=\"elementor-element elementor-element-d48a493 elementor-widget elementor-widget-heading\" data-id=\"d48a493\" data-element_type=\"widget\" data-e-type=\"widget\" data-widget_type=\"heading.default\">\n\t\t\t\t<div class=\"elementor-widget-container\">\n\t\t\t\t\t<h2 class=\"elementor-heading-title elementor-size-default\">Da Monterilla a Campo Alegre - Terza tappa<\/h2>\t\t\t\t<\/div>\n\t\t\t\t<\/div>\n\t\t\t\t\t<\/div>\n\t\t<\/div>\n\t\t\t\t\t<\/div>\n\t\t<\/section>\n\t\t\t\t<section class=\"elementor-section elementor-top-section elementor-element elementor-element-acef2b4 elementor-section-boxed elementor-section-height-default elementor-section-height-default\" data-id=\"acef2b4\" data-element_type=\"section\" data-e-type=\"section\">\n\t\t\t\t\t\t<div class=\"elementor-container elementor-column-gap-default\">\n\t\t\t\t\t<div class=\"elementor-column elementor-col-50 elementor-top-column elementor-element elementor-element-532ab99\" data-id=\"532ab99\" data-element_type=\"column\" data-e-type=\"column\">\n\t\t\t<div class=\"elementor-widget-wrap elementor-element-populated\">\n\t\t\t\t\t\t<div class=\"elementor-element elementor-element-3b00754 elementor-widget elementor-widget-image\" data-id=\"3b00754\" data-element_type=\"widget\" data-e-type=\"widget\" data-widget_type=\"image.default\">\n\t\t\t\t<div class=\"elementor-widget-container\">\n\t\t\t\t\t\t\t\t\t\t\t\t\t\t\t<img loading=\"lazy\" decoding=\"async\" width=\"750\" height=\"563\" src=\"data:image\/gif;base64,R0lGODlhAQABAIAAAAAAAP\/\/\/yH5BAEAAAAALAAAAAABAAEAAAIBRAA7\" data-src=\"https:\/\/lalibertaria.org\/wp-content\/uploads\/2022\/07\/photo_2022-07-18_23-39-41-1024x768.jpg\" class=\"attachment-large size-large wp-image-5458 lazyload\" alt=\"\" data-srcset=\"https:\/\/lalibertaria.org\/wp-content\/uploads\/2022\/07\/photo_2022-07-18_23-39-41-1024x768.jpg 1024w, https:\/\/lalibertaria.org\/wp-content\/uploads\/2022\/07\/photo_2022-07-18_23-39-41-300x225.jpg 300w, https:\/\/lalibertaria.org\/wp-content\/uploads\/2022\/07\/photo_2022-07-18_23-39-41-768x576.jpg 768w, https:\/\/lalibertaria.org\/wp-content\/uploads\/2022\/07\/photo_2022-07-18_23-39-41-600x450.jpg 600w, https:\/\/lalibertaria.org\/wp-content\/uploads\/2022\/07\/photo_2022-07-18_23-39-41.jpg 1280w\" sizes=\"(max-width: 750px) 100vw, 750px\" style=\"width:100%;height:75%;max-width:1280px\" \/><noscript><img loading=\"lazy\" decoding=\"async\" width=\"750\" height=\"563\" src=\"https:\/\/lalibertaria.org\/wp-content\/uploads\/2022\/07\/photo_2022-07-18_23-39-41-1024x768.jpg\" class=\"attachment-large size-large wp-image-5458 lazyload\" alt=\"\" srcset=\"https:\/\/lalibertaria.org\/wp-content\/uploads\/2022\/07\/photo_2022-07-18_23-39-41-1024x768.jpg 1024w, https:\/\/lalibertaria.org\/wp-content\/uploads\/2022\/07\/photo_2022-07-18_23-39-41-300x225.jpg 300w, https:\/\/lalibertaria.org\/wp-content\/uploads\/2022\/07\/photo_2022-07-18_23-39-41-768x576.jpg 768w, https:\/\/lalibertaria.org\/wp-content\/uploads\/2022\/07\/photo_2022-07-18_23-39-41-600x450.jpg 600w, https:\/\/lalibertaria.org\/wp-content\/uploads\/2022\/07\/photo_2022-07-18_23-39-41.jpg 1280w\" sizes=\"(max-width: 750px) 100vw, 750px\" style=\"width:100%;height:75%;max-width:1280px\" \/><\/noscript>\t\t\t\t\t\t\t\t\t\t\t\t\t\t\t<\/div>\n\t\t\t\t<\/div>\n\t\t\t\t\t<\/div>\n\t\t<\/div>\n\t\t\t\t<div class=\"elementor-column elementor-col-50 elementor-top-column elementor-element elementor-element-c40d66f\" data-id=\"c40d66f\" data-element_type=\"column\" data-e-type=\"column\">\n\t\t\t<div class=\"elementor-widget-wrap elementor-element-populated\">\n\t\t\t\t\t\t<div class=\"elementor-element elementor-element-87d1a93 elementor-widget elementor-widget-text-editor\" data-id=\"87d1a93\" data-element_type=\"widget\" data-e-type=\"widget\" data-widget_type=\"text-editor.default\">\n\t\t\t\t<div class=\"elementor-widget-container\">\n\t\t\t\t\t\t\t\t\t<div class=\"kvgmc6g5 cxmmr5t8 oygrvhab hcukyx3x c1et5uql ii04i59q\"><div dir=\"auto\"><div class=\"kvgmc6g5 cxmmr5t8 oygrvhab hcukyx3x c1et5uql ii04i59q\"><div dir=\"auto\"><div class=\"kvgmc6g5 cxmmr5t8 oygrvhab hcukyx3x c1et5uql ii04i59q\"><div dir=\"auto\">Tre giorni di visita ai produttori di <strong>ASOCAL &#8211;<\/strong> <strong>Associaci\u00f3n Campesina de Caldono<\/strong> &#8211; nella <em>vereda<\/em> di Campo Alegre (municipio di Caldono). Ospitati nella piccola ma bellissima sede dell&#8217;associazione, abbiamo potuto rafforzare la nostra relazione con i produttori del nostro monorigine colombiano.\u00a0<\/div><\/div><div class=\"cxmmr5t8 oygrvhab hcukyx3x c1et5uql o9v6fnle ii04i59q\"><div dir=\"auto\">L&#8217;associazione, avviata nel 1999, fa parte del processo campesino che punta all&#8217;autonomia e all&#8217;indipendenza degli agricoltori nei confronti del predatorio mercato del caff\u00e8 locale.<\/div><\/div><div class=\"cxmmr5t8 oygrvhab hcukyx3x c1et5uql o9v6fnle ii04i59q\"><div dir=\"auto\">Negli anni, \u00e8 stato sviluppato un mulino per grano, mais e quinoa destinati alle esigenze degli stessi associati nonch\u00e9 alle comunit\u00e0 vicine. La presenza di una piccola tostatrice comunitaria permette anche la produzione di un prodotto finito di maggior valore per la vendita nel mercato locale.\u00a0<\/div><\/div><div class=\"cxmmr5t8 oygrvhab hcukyx3x c1et5uql o9v6fnle ii04i59q\"><div dir=\"auto\">Sono tante le attivit\u00e0 autorganizzate dai campesinos oltre alla produzione di caff\u00e8 biologico: la produzione di erbe medicinali, la conservazione delle sementi e i momenti ricreativi con danze e musiche tradizionali. <strong>Asocal<\/strong> \u00e8 un brillante percorso di <strong>autonomia e resistenza<\/strong> in un territorio che si confronta quotidianamente con narcotraffico, guerriglia armata e mafia di Stato.<\/div><\/div><\/div><\/div><\/div><\/div>\t\t\t\t\t\t\t\t<\/div>\n\t\t\t\t<\/div>\n\t\t\t\t<div class=\"elementor-element elementor-element-99dfff9 elementor-widget elementor-widget-gallery\" data-id=\"99dfff9\" data-element_type=\"widget\" data-e-type=\"widget\" data-settings=\"{&quot;columns&quot;:3,&quot;lazyload&quot;:&quot;yes&quot;,&quot;gallery_layout&quot;:&quot;grid&quot;,&quot;columns_tablet&quot;:2,&quot;columns_mobile&quot;:1,&quot;gap&quot;:{&quot;unit&quot;:&quot;px&quot;,&quot;size&quot;:10,&quot;sizes&quot;:[]},&quot;gap_tablet&quot;:{&quot;unit&quot;:&quot;px&quot;,&quot;size&quot;:10,&quot;sizes&quot;:[]},&quot;gap_mobile&quot;:{&quot;unit&quot;:&quot;px&quot;,&quot;size&quot;:10,&quot;sizes&quot;:[]},&quot;link_to&quot;:&quot;file&quot;,&quot;aspect_ratio&quot;:&quot;3:2&quot;,&quot;overlay_background&quot;:&quot;yes&quot;,&quot;content_hover_animation&quot;:&quot;fade-in&quot;}\" data-widget_type=\"gallery.default\">\n\t\t\t\t<div class=\"elementor-widget-container\">\n\t\t\t\t\t\t\t<div class=\"elementor-gallery__container\">\n\t\t\t\t\t\t\t<a class=\"e-gallery-item elementor-gallery-item elementor-animated-content\" href=\"https:\/\/lalibertaria.org\/wp-content\/uploads\/2022\/07\/photo_2022-07-18_23-34-25.jpg\" data-elementor-open-lightbox=\"yes\" data-elementor-lightbox-slideshow=\"99dfff9\" data-elementor-lightbox-title=\"photo_2022-07-18_23-34-25\" data-e-action-hash=\"#elementor-action%3Aaction%3Dlightbox%26settings%3DeyJpZCI6NTQ1MSwidXJsIjoiaHR0cHM6XC9cL2xhbGliZXJ0YXJpYS5vcmdcL3dwLWNvbnRlbnRcL3VwbG9hZHNcLzIwMjJcLzA3XC9waG90b18yMDIyLTA3LTE4XzIzLTM0LTI1LmpwZyIsInNsaWRlc2hvdyI6Ijk5ZGZmZjkifQ%3D%3D\">\n\t\t\t\t\t<div class=\"e-gallery-image elementor-gallery-item__image\" data-thumbnail=\"https:\/\/lalibertaria.org\/wp-content\/uploads\/2022\/07\/photo_2022-07-18_23-34-25-300x225.jpg\" data-width=\"300\" data-height=\"225\" aria-label=\"\" role=\"img\" ><\/div>\n\t\t\t\t\t\t\t\t\t\t\t<div class=\"elementor-gallery-item__overlay\"><\/div>\n\t\t\t\t\t\t\t\t\t\t\t\t\t\t<\/a>\n\t\t\t\t\t\t\t<a class=\"e-gallery-item elementor-gallery-item elementor-animated-content\" href=\"https:\/\/lalibertaria.org\/wp-content\/uploads\/2022\/07\/photo_2022-07-18_23-34-36.jpg\" data-elementor-open-lightbox=\"yes\" data-elementor-lightbox-slideshow=\"99dfff9\" data-elementor-lightbox-title=\"Caff\u00e8 Cauca\" data-e-action-hash=\"#elementor-action%3Aaction%3Dlightbox%26settings%3DeyJpZCI6NTQ1MiwidXJsIjoiaHR0cHM6XC9cL2xhbGliZXJ0YXJpYS5vcmdcL3dwLWNvbnRlbnRcL3VwbG9hZHNcLzIwMjJcLzA3XC9waG90b18yMDIyLTA3LTE4XzIzLTM0LTM2LmpwZyIsInNsaWRlc2hvdyI6Ijk5ZGZmZjkifQ%3D%3D\">\n\t\t\t\t\t<div class=\"e-gallery-image elementor-gallery-item__image\" data-thumbnail=\"https:\/\/lalibertaria.org\/wp-content\/uploads\/2022\/07\/photo_2022-07-18_23-34-36-300x225.jpg\" data-width=\"300\" data-height=\"225\" aria-label=\"\" role=\"img\" ><\/div>\n\t\t\t\t\t\t\t\t\t\t\t<div class=\"elementor-gallery-item__overlay\"><\/div>\n\t\t\t\t\t\t\t\t\t\t\t\t\t\t<\/a>\n\t\t\t\t\t\t\t<a class=\"e-gallery-item elementor-gallery-item elementor-animated-content\" href=\"https:\/\/lalibertaria.org\/wp-content\/uploads\/2022\/07\/photo_2022-07-18_23-34-40.jpg\" data-elementor-open-lightbox=\"yes\" data-elementor-lightbox-slideshow=\"99dfff9\" data-elementor-lightbox-title=\"Caff\u00e8 Cauca\" data-e-action-hash=\"#elementor-action%3Aaction%3Dlightbox%26settings%3DeyJpZCI6NTQ1MywidXJsIjoiaHR0cHM6XC9cL2xhbGliZXJ0YXJpYS5vcmdcL3dwLWNvbnRlbnRcL3VwbG9hZHNcLzIwMjJcLzA3XC9waG90b18yMDIyLTA3LTE4XzIzLTM0LTQwLmpwZyIsInNsaWRlc2hvdyI6Ijk5ZGZmZjkifQ%3D%3D\">\n\t\t\t\t\t<div class=\"e-gallery-image elementor-gallery-item__image\" data-thumbnail=\"https:\/\/lalibertaria.org\/wp-content\/uploads\/2022\/07\/photo_2022-07-18_23-34-40-300x225.jpg\" data-width=\"300\" data-height=\"225\" aria-label=\"\" role=\"img\" ><\/div>\n\t\t\t\t\t\t\t\t\t\t\t<div class=\"elementor-gallery-item__overlay\"><\/div>\n\t\t\t\t\t\t\t\t\t\t\t\t\t\t<\/a>\n\t\t\t\t\t\t\t<a class=\"e-gallery-item elementor-gallery-item elementor-animated-content\" href=\"https:\/\/lalibertaria.org\/wp-content\/uploads\/2022\/07\/photo_2022-07-18_23-34-45.jpg\" data-elementor-open-lightbox=\"yes\" data-elementor-lightbox-slideshow=\"99dfff9\" data-elementor-lightbox-title=\"photo_2022-07-18_23-34-45\" data-e-action-hash=\"#elementor-action%3Aaction%3Dlightbox%26settings%3DeyJpZCI6NTQ1NCwidXJsIjoiaHR0cHM6XC9cL2xhbGliZXJ0YXJpYS5vcmdcL3dwLWNvbnRlbnRcL3VwbG9hZHNcLzIwMjJcLzA3XC9waG90b18yMDIyLTA3LTE4XzIzLTM0LTQ1LmpwZyIsInNsaWRlc2hvdyI6Ijk5ZGZmZjkifQ%3D%3D\">\n\t\t\t\t\t<div class=\"e-gallery-image elementor-gallery-item__image\" data-thumbnail=\"https:\/\/lalibertaria.org\/wp-content\/uploads\/2022\/07\/photo_2022-07-18_23-34-45-300x225.jpg\" data-width=\"300\" data-height=\"225\" aria-label=\"\" role=\"img\" ><\/div>\n\t\t\t\t\t\t\t\t\t\t\t<div class=\"elementor-gallery-item__overlay\"><\/div>\n\t\t\t\t\t\t\t\t\t\t\t\t\t\t<\/a>\n\t\t\t\t\t\t\t<a class=\"e-gallery-item elementor-gallery-item elementor-animated-content\" href=\"https:\/\/lalibertaria.org\/wp-content\/uploads\/2022\/07\/photo_2022-07-18_23-34-50.jpg\" data-elementor-open-lightbox=\"yes\" data-elementor-lightbox-slideshow=\"99dfff9\" data-elementor-lightbox-title=\"photo_2022-07-18_23-34-50\" data-e-action-hash=\"#elementor-action%3Aaction%3Dlightbox%26settings%3DeyJpZCI6NTQ1NSwidXJsIjoiaHR0cHM6XC9cL2xhbGliZXJ0YXJpYS5vcmdcL3dwLWNvbnRlbnRcL3VwbG9hZHNcLzIwMjJcLzA3XC9waG90b18yMDIyLTA3LTE4XzIzLTM0LTUwLmpwZyIsInNsaWRlc2hvdyI6Ijk5ZGZmZjkifQ%3D%3D\">\n\t\t\t\t\t<div class=\"e-gallery-image elementor-gallery-item__image\" data-thumbnail=\"https:\/\/lalibertaria.org\/wp-content\/uploads\/2022\/07\/photo_2022-07-18_23-34-50-225x300.jpg\" data-width=\"225\" data-height=\"300\" aria-label=\"\" role=\"img\" ><\/div>\n\t\t\t\t\t\t\t\t\t\t\t<div class=\"elementor-gallery-item__overlay\"><\/div>\n\t\t\t\t\t\t\t\t\t\t\t\t\t\t<\/a>\n\t\t\t\t\t\t\t<a class=\"e-gallery-item elementor-gallery-item elementor-animated-content\" href=\"https:\/\/lalibertaria.org\/wp-content\/uploads\/2022\/07\/photo_2022-07-18_23-34-55.jpg\" data-elementor-open-lightbox=\"yes\" data-elementor-lightbox-slideshow=\"99dfff9\" data-elementor-lightbox-title=\"Caff\u00e8 Cauca\" data-e-action-hash=\"#elementor-action%3Aaction%3Dlightbox%26settings%3DeyJpZCI6NTQ1NiwidXJsIjoiaHR0cHM6XC9cL2xhbGliZXJ0YXJpYS5vcmdcL3dwLWNvbnRlbnRcL3VwbG9hZHNcLzIwMjJcLzA3XC9waG90b18yMDIyLTA3LTE4XzIzLTM0LTU1LmpwZyIsInNsaWRlc2hvdyI6Ijk5ZGZmZjkifQ%3D%3D\">\n\t\t\t\t\t<div class=\"e-gallery-image elementor-gallery-item__image\" data-thumbnail=\"https:\/\/lalibertaria.org\/wp-content\/uploads\/2022\/07\/photo_2022-07-18_23-34-55-300x225.jpg\" data-width=\"300\" data-height=\"225\" aria-label=\"\" role=\"img\" ><\/div>\n\t\t\t\t\t\t\t\t\t\t\t<div class=\"elementor-gallery-item__overlay\"><\/div>\n\t\t\t\t\t\t\t\t\t\t\t\t\t\t<\/a>\n\t\t\t\t\t<\/div>\n\t\t\t\t\t<\/div>\n\t\t\t\t<\/div>\n\t\t\t\t\t<\/div>\n\t\t<\/div>\n\t\t\t\t\t<\/div>\n\t\t<\/section>\n\t\t\t\t<section class=\"elementor-section elementor-top-section elementor-element elementor-element-2da89ef elementor-section-boxed elementor-section-height-default elementor-section-height-default\" data-id=\"2da89ef\" data-element_type=\"section\" data-e-type=\"section\">\n\t\t\t\t\t\t<div class=\"elementor-container elementor-column-gap-default\">\n\t\t\t\t\t<div class=\"elementor-column elementor-col-100 elementor-top-column elementor-element elementor-element-87bfd24\" data-id=\"87bfd24\" data-element_type=\"column\" data-e-type=\"column\">\n\t\t\t<div class=\"elementor-widget-wrap elementor-element-populated\">\n\t\t\t\t\t\t<div class=\"elementor-element elementor-element-14f3cc1 elementor-widget elementor-widget-heading\" data-id=\"14f3cc1\" data-element_type=\"widget\" data-e-type=\"widget\" data-widget_type=\"heading.default\">\n\t\t\t\t<div class=\"elementor-widget-container\">\n\t\t\t\t\t<h2 class=\"elementor-heading-title elementor-size-default\">Da Caldono a La Vega - Quarta tappa<\/h2>\t\t\t\t<\/div>\n\t\t\t\t<\/div>\n\t\t\t\t<div class=\"elementor-element elementor-element-7869253 elementor-widget elementor-widget-text-editor\" data-id=\"7869253\" data-element_type=\"widget\" data-e-type=\"widget\" data-widget_type=\"text-editor.default\">\n\t\t\t\t<div class=\"elementor-widget-container\">\n\t\t\t\t\t\t\t\t\t<p>Sveglia alle 5 di mattina per affrontare la salita sul <em>Macizo<\/em> Colombiano, dopo 4 ore di strade tortuose in pullman siamo arrivati nel municipio di La Vega!<\/p><p>Visita alla <strong>Finca Organica El Guayacan<\/strong> e poi assemblea con il <strong>Proceso Campesino y Popular di La Vega<\/strong>, insieme di soggetti individuali e collettivi che, attraverso diversi tipi e piani di intervento, puntano alla difesa del territorio e al miglioramento delle condizioni di vita dei suoi abitanti. \u00c8 stato un importante momento di conoscenza e confronto tra la nostra cooperativa e i produttori di caff\u00e8 riuniti nelle associazioni <strong>ASPROVEGA<\/strong> e <strong>ASPROAURORA<\/strong>.<\/p><p>Numerosi <em>campesinos<\/em> hanno apportato il loro racconto sulla storia e l&#8217;attualit\u00e0 del processo: la salute, la difesa dell&#8217;acqua dalle aziende estrattiviste, il potenziamento delle tecniche dell&#8217;agricoltura biologica, l&#8217;azione della guardia campesina e molto altro ancora.<\/p><p>Nei giorni successivi siamo stati ospitati presso diverse <em>fincas<\/em> dove, oltre alla produzione di caff\u00e8, trova ampio spazio la coltivazione di canna da zucchero senza l&#8217;utilizzo di fitosanitari e integrata con l&#8217;ambiente circostante. Abbiamo quindi avuto l&#8217;opportunit\u00e0 di incontrare alcuni soci di Tierra Dulce, associazione di oltre 40 produttori, e visitare il loro trapiche collettivo dove avviene la trasformazione della canna da zucchero per la produzione di panela.<\/p><p>Ci stiamo organizzando per importare questo buonissimo zucchero integrale di canna anche in Italia!<\/p>\t\t\t\t\t\t\t\t<\/div>\n\t\t\t\t<\/div>\n\t\t\t\t\t<\/div>\n\t\t<\/div>\n\t\t\t\t\t<\/div>\n\t\t<\/section>\n\t\t\t\t<section class=\"elementor-section elementor-top-section elementor-element elementor-element-75f064f elementor-section-boxed elementor-section-height-default elementor-section-height-default\" data-id=\"75f064f\" data-element_type=\"section\" data-e-type=\"section\">\n\t\t\t\t\t\t<div class=\"elementor-container elementor-column-gap-default\">\n\t\t\t\t\t<div class=\"elementor-column elementor-col-50 elementor-top-column elementor-element elementor-element-8eac2ed\" data-id=\"8eac2ed\" data-element_type=\"column\" data-e-type=\"column\">\n\t\t\t<div class=\"elementor-widget-wrap elementor-element-populated\">\n\t\t\t\t\t\t<div class=\"elementor-element elementor-element-e31f795 elementor-widget elementor-widget-image\" data-id=\"e31f795\" data-element_type=\"widget\" data-e-type=\"widget\" data-widget_type=\"image.default\">\n\t\t\t\t<div class=\"elementor-widget-container\">\n\t\t\t\t\t\t\t\t\t\t\t\t\t\t\t<img loading=\"lazy\" decoding=\"async\" width=\"750\" height=\"563\" src=\"data:image\/gif;base64,R0lGODlhAQABAIAAAAAAAP\/\/\/yH5BAEAAAAALAAAAAABAAEAAAIBRAA7\" data-src=\"https:\/\/lalibertaria.org\/wp-content\/uploads\/2022\/07\/photo_2022-07-18_23-49-20-1024x768.jpg\" class=\"attachment-large size-large wp-image-5463 lazyload\" alt=\"\" data-srcset=\"https:\/\/lalibertaria.org\/wp-content\/uploads\/2022\/07\/photo_2022-07-18_23-49-20-1024x768.jpg 1024w, https:\/\/lalibertaria.org\/wp-content\/uploads\/2022\/07\/photo_2022-07-18_23-49-20-300x225.jpg 300w, https:\/\/lalibertaria.org\/wp-content\/uploads\/2022\/07\/photo_2022-07-18_23-49-20-768x576.jpg 768w, https:\/\/lalibertaria.org\/wp-content\/uploads\/2022\/07\/photo_2022-07-18_23-49-20-600x450.jpg 600w, https:\/\/lalibertaria.org\/wp-content\/uploads\/2022\/07\/photo_2022-07-18_23-49-20.jpg 1280w\" sizes=\"(max-width: 750px) 100vw, 750px\" style=\"width:100%;height:75%;max-width:1280px\" \/><noscript><img loading=\"lazy\" decoding=\"async\" width=\"750\" height=\"563\" src=\"https:\/\/lalibertaria.org\/wp-content\/uploads\/2022\/07\/photo_2022-07-18_23-49-20-1024x768.jpg\" class=\"attachment-large size-large wp-image-5463 lazyload\" alt=\"\" srcset=\"https:\/\/lalibertaria.org\/wp-content\/uploads\/2022\/07\/photo_2022-07-18_23-49-20-1024x768.jpg 1024w, https:\/\/lalibertaria.org\/wp-content\/uploads\/2022\/07\/photo_2022-07-18_23-49-20-300x225.jpg 300w, https:\/\/lalibertaria.org\/wp-content\/uploads\/2022\/07\/photo_2022-07-18_23-49-20-768x576.jpg 768w, https:\/\/lalibertaria.org\/wp-content\/uploads\/2022\/07\/photo_2022-07-18_23-49-20-600x450.jpg 600w, https:\/\/lalibertaria.org\/wp-content\/uploads\/2022\/07\/photo_2022-07-18_23-49-20.jpg 1280w\" sizes=\"(max-width: 750px) 100vw, 750px\" style=\"width:100%;height:75%;max-width:1280px\" \/><\/noscript>\t\t\t\t\t\t\t\t\t\t\t\t\t\t\t<\/div>\n\t\t\t\t<\/div>\n\t\t\t\t\t<\/div>\n\t\t<\/div>\n\t\t\t\t<div class=\"elementor-column elementor-col-50 elementor-top-column elementor-element elementor-element-6258340\" data-id=\"6258340\" data-element_type=\"column\" data-e-type=\"column\">\n\t\t\t<div class=\"elementor-widget-wrap elementor-element-populated\">\n\t\t\t\t\t\t<div class=\"elementor-element elementor-element-e11a6bc elementor-widget elementor-widget-gallery\" data-id=\"e11a6bc\" data-element_type=\"widget\" data-e-type=\"widget\" data-settings=\"{&quot;columns&quot;:3,&quot;lazyload&quot;:&quot;yes&quot;,&quot;gallery_layout&quot;:&quot;grid&quot;,&quot;columns_tablet&quot;:2,&quot;columns_mobile&quot;:1,&quot;gap&quot;:{&quot;unit&quot;:&quot;px&quot;,&quot;size&quot;:10,&quot;sizes&quot;:[]},&quot;gap_tablet&quot;:{&quot;unit&quot;:&quot;px&quot;,&quot;size&quot;:10,&quot;sizes&quot;:[]},&quot;gap_mobile&quot;:{&quot;unit&quot;:&quot;px&quot;,&quot;size&quot;:10,&quot;sizes&quot;:[]},&quot;link_to&quot;:&quot;file&quot;,&quot;aspect_ratio&quot;:&quot;3:2&quot;,&quot;overlay_background&quot;:&quot;yes&quot;,&quot;content_hover_animation&quot;:&quot;fade-in&quot;}\" data-widget_type=\"gallery.default\">\n\t\t\t\t<div class=\"elementor-widget-container\">\n\t\t\t\t\t\t\t<div class=\"elementor-gallery__container\">\n\t\t\t\t\t\t\t<a class=\"e-gallery-item elementor-gallery-item elementor-animated-content\" href=\"https:\/\/lalibertaria.org\/wp-content\/uploads\/2022\/07\/photo_2022-07-18_23-49-26.jpg\" data-elementor-open-lightbox=\"yes\" data-elementor-lightbox-slideshow=\"e11a6bc\" data-elementor-lightbox-title=\"photo_2022-07-18_23-49-26\" data-e-action-hash=\"#elementor-action%3Aaction%3Dlightbox%26settings%3DeyJpZCI6NTQ2NCwidXJsIjoiaHR0cHM6XC9cL2xhbGliZXJ0YXJpYS5vcmdcL3dwLWNvbnRlbnRcL3VwbG9hZHNcLzIwMjJcLzA3XC9waG90b18yMDIyLTA3LTE4XzIzLTQ5LTI2LmpwZyIsInNsaWRlc2hvdyI6ImUxMWE2YmMifQ%3D%3D\">\n\t\t\t\t\t<div class=\"e-gallery-image elementor-gallery-item__image\" data-thumbnail=\"https:\/\/lalibertaria.org\/wp-content\/uploads\/2022\/07\/photo_2022-07-18_23-49-26-300x225.jpg\" data-width=\"300\" data-height=\"225\" aria-label=\"\" role=\"img\" ><\/div>\n\t\t\t\t\t\t\t\t\t\t\t<div class=\"elementor-gallery-item__overlay\"><\/div>\n\t\t\t\t\t\t\t\t\t\t\t\t\t\t<\/a>\n\t\t\t\t\t\t\t<a class=\"e-gallery-item elementor-gallery-item elementor-animated-content\" href=\"https:\/\/lalibertaria.org\/wp-content\/uploads\/2022\/07\/photo_2022-07-18_23-49-34.jpg\" data-elementor-open-lightbox=\"yes\" data-elementor-lightbox-slideshow=\"e11a6bc\" data-elementor-lightbox-title=\"photo_2022-07-18_23-49-34\" data-e-action-hash=\"#elementor-action%3Aaction%3Dlightbox%26settings%3DeyJpZCI6NTQ2NSwidXJsIjoiaHR0cHM6XC9cL2xhbGliZXJ0YXJpYS5vcmdcL3dwLWNvbnRlbnRcL3VwbG9hZHNcLzIwMjJcLzA3XC9waG90b18yMDIyLTA3LTE4XzIzLTQ5LTM0LmpwZyIsInNsaWRlc2hvdyI6ImUxMWE2YmMifQ%3D%3D\">\n\t\t\t\t\t<div class=\"e-gallery-image elementor-gallery-item__image\" data-thumbnail=\"https:\/\/lalibertaria.org\/wp-content\/uploads\/2022\/07\/photo_2022-07-18_23-49-34-300x225.jpg\" data-width=\"300\" data-height=\"225\" aria-label=\"\" role=\"img\" ><\/div>\n\t\t\t\t\t\t\t\t\t\t\t<div class=\"elementor-gallery-item__overlay\"><\/div>\n\t\t\t\t\t\t\t\t\t\t\t\t\t\t<\/a>\n\t\t\t\t\t\t\t<a class=\"e-gallery-item elementor-gallery-item elementor-animated-content\" href=\"https:\/\/lalibertaria.org\/wp-content\/uploads\/2022\/07\/photo_2022-07-18_23-49-40.jpg\" data-elementor-open-lightbox=\"yes\" data-elementor-lightbox-slideshow=\"e11a6bc\" data-elementor-lightbox-title=\"photo_2022-07-18_23-49-40\" data-e-action-hash=\"#elementor-action%3Aaction%3Dlightbox%26settings%3DeyJpZCI6NTQ2NiwidXJsIjoiaHR0cHM6XC9cL2xhbGliZXJ0YXJpYS5vcmdcL3dwLWNvbnRlbnRcL3VwbG9hZHNcLzIwMjJcLzA3XC9waG90b18yMDIyLTA3LTE4XzIzLTQ5LTQwLmpwZyIsInNsaWRlc2hvdyI6ImUxMWE2YmMifQ%3D%3D\">\n\t\t\t\t\t<div class=\"e-gallery-image elementor-gallery-item__image\" data-thumbnail=\"https:\/\/lalibertaria.org\/wp-content\/uploads\/2022\/07\/photo_2022-07-18_23-49-40-300x225.jpg\" data-width=\"300\" data-height=\"225\" aria-label=\"\" role=\"img\" ><\/div>\n\t\t\t\t\t\t\t\t\t\t\t<div class=\"elementor-gallery-item__overlay\"><\/div>\n\t\t\t\t\t\t\t\t\t\t\t\t\t\t<\/a>\n\t\t\t\t\t\t\t<a class=\"e-gallery-item elementor-gallery-item elementor-animated-content\" href=\"https:\/\/lalibertaria.org\/wp-content\/uploads\/2022\/07\/photo_2022-07-18_23-49-46.jpg\" data-elementor-open-lightbox=\"yes\" data-elementor-lightbox-slideshow=\"e11a6bc\" data-elementor-lightbox-title=\"photo_2022-07-18_23-49-46\" data-e-action-hash=\"#elementor-action%3Aaction%3Dlightbox%26settings%3DeyJpZCI6NTQ2NywidXJsIjoiaHR0cHM6XC9cL2xhbGliZXJ0YXJpYS5vcmdcL3dwLWNvbnRlbnRcL3VwbG9hZHNcLzIwMjJcLzA3XC9waG90b18yMDIyLTA3LTE4XzIzLTQ5LTQ2LmpwZyIsInNsaWRlc2hvdyI6ImUxMWE2YmMifQ%3D%3D\">\n\t\t\t\t\t<div class=\"e-gallery-image elementor-gallery-item__image\" data-thumbnail=\"https:\/\/lalibertaria.org\/wp-content\/uploads\/2022\/07\/photo_2022-07-18_23-49-46-300x225.jpg\" data-width=\"300\" data-height=\"225\" aria-label=\"\" role=\"img\" ><\/div>\n\t\t\t\t\t\t\t\t\t\t\t<div class=\"elementor-gallery-item__overlay\"><\/div>\n\t\t\t\t\t\t\t\t\t\t\t\t\t\t<\/a>\n\t\t\t\t\t\t\t<a class=\"e-gallery-item elementor-gallery-item elementor-animated-content\" href=\"https:\/\/lalibertaria.org\/wp-content\/uploads\/2022\/07\/photo_2022-07-18_23-49-54.jpg\" data-elementor-open-lightbox=\"yes\" data-elementor-lightbox-slideshow=\"e11a6bc\" data-elementor-lightbox-title=\"photo_2022-07-18_23-49-54\" data-e-action-hash=\"#elementor-action%3Aaction%3Dlightbox%26settings%3DeyJpZCI6NTQ2OCwidXJsIjoiaHR0cHM6XC9cL2xhbGliZXJ0YXJpYS5vcmdcL3dwLWNvbnRlbnRcL3VwbG9hZHNcLzIwMjJcLzA3XC9waG90b18yMDIyLTA3LTE4XzIzLTQ5LTU0LmpwZyIsInNsaWRlc2hvdyI6ImUxMWE2YmMifQ%3D%3D\">\n\t\t\t\t\t<div class=\"e-gallery-image elementor-gallery-item__image\" data-thumbnail=\"https:\/\/lalibertaria.org\/wp-content\/uploads\/2022\/07\/photo_2022-07-18_23-49-54-300x225.jpg\" data-width=\"300\" data-height=\"225\" aria-label=\"\" role=\"img\" ><\/div>\n\t\t\t\t\t\t\t\t\t\t\t<div class=\"elementor-gallery-item__overlay\"><\/div>\n\t\t\t\t\t\t\t\t\t\t\t\t\t\t<\/a>\n\t\t\t\t\t\t\t<a class=\"e-gallery-item elementor-gallery-item elementor-animated-content\" href=\"https:\/\/lalibertaria.org\/wp-content\/uploads\/2022\/07\/photo_2022-07-18_23-50-02.jpg\" data-elementor-open-lightbox=\"yes\" data-elementor-lightbox-slideshow=\"e11a6bc\" data-elementor-lightbox-title=\"photo_2022-07-18_23-50-02\" data-e-action-hash=\"#elementor-action%3Aaction%3Dlightbox%26settings%3DeyJpZCI6NTQ2OSwidXJsIjoiaHR0cHM6XC9cL2xhbGliZXJ0YXJpYS5vcmdcL3dwLWNvbnRlbnRcL3VwbG9hZHNcLzIwMjJcLzA3XC9waG90b18yMDIyLTA3LTE4XzIzLTUwLTAyLmpwZyIsInNsaWRlc2hvdyI6ImUxMWE2YmMifQ%3D%3D\">\n\t\t\t\t\t<div class=\"e-gallery-image elementor-gallery-item__image\" data-thumbnail=\"https:\/\/lalibertaria.org\/wp-content\/uploads\/2022\/07\/photo_2022-07-18_23-50-02-300x225.jpg\" data-width=\"300\" data-height=\"225\" aria-label=\"\" role=\"img\" ><\/div>\n\t\t\t\t\t\t\t\t\t\t\t<div class=\"elementor-gallery-item__overlay\"><\/div>\n\t\t\t\t\t\t\t\t\t\t\t\t\t\t<\/a>\n\t\t\t\t\t<\/div>\n\t\t\t\t\t<\/div>\n\t\t\t\t<\/div>\n\t\t\t\t\t<\/div>\n\t\t<\/div>\n\t\t\t\t\t<\/div>\n\t\t<\/section>\n\t\t\t\t<section class=\"elementor-section elementor-top-section elementor-element elementor-element-350f583 elementor-section-boxed elementor-section-height-default elementor-section-height-default\" data-id=\"350f583\" data-element_type=\"section\" data-e-type=\"section\">\n\t\t\t\t\t\t<div class=\"elementor-container elementor-column-gap-default\">\n\t\t\t\t\t<div class=\"elementor-column elementor-col-100 elementor-top-column elementor-element elementor-element-eb31174\" data-id=\"eb31174\" data-element_type=\"column\" data-e-type=\"column\">\n\t\t\t<div class=\"elementor-widget-wrap elementor-element-populated\">\n\t\t\t\t\t\t<div class=\"elementor-element elementor-element-e5079d0 elementor-widget elementor-widget-heading\" data-id=\"e5079d0\" data-element_type=\"widget\" data-e-type=\"widget\" data-widget_type=\"heading.default\">\n\t\t\t\t<div class=\"elementor-widget-container\">\n\t\t\t\t\t<h2 class=\"elementor-heading-title elementor-size-default\">Ultima settimana di viaggio nel Cauca.<\/h2>\t\t\t\t<\/div>\n\t\t\t\t<\/div>\n\t\t\t\t\t<\/div>\n\t\t<\/div>\n\t\t\t\t\t<\/div>\n\t\t<\/section>\n\t\t\t\t<section class=\"elementor-section elementor-top-section elementor-element elementor-element-baa04f7 elementor-section-boxed elementor-section-height-default elementor-section-height-default\" data-id=\"baa04f7\" data-element_type=\"section\" data-e-type=\"section\" data-settings=\"{&quot;background_background&quot;:&quot;classic&quot;}\">\n\t\t\t\t\t\t<div class=\"elementor-container elementor-column-gap-default\">\n\t\t\t\t\t<div class=\"elementor-column elementor-col-50 elementor-top-column elementor-element elementor-element-5c0b6bd\" data-id=\"5c0b6bd\" data-element_type=\"column\" data-e-type=\"column\">\n\t\t\t<div class=\"elementor-widget-wrap elementor-element-populated\">\n\t\t\t\t\t\t<div class=\"elementor-element elementor-element-c969ef9 elementor-widget elementor-widget-text-editor\" data-id=\"c969ef9\" data-element_type=\"widget\" data-e-type=\"widget\" data-widget_type=\"text-editor.default\">\n\t\t\t\t<div class=\"elementor-widget-container\">\n\t\t\t\t\t\t\t\t\t<div class=\"cxmmr5t8 oygrvhab hcukyx3x c1et5uql o9v6fnle ii04i59q\"><div dir=\"auto\">Attraverso diversi incontri abbiamo approfondito la nostra conoscenza della <strong>CENCOIC (Central Cooperativa Ind\u00edgena del Cauca)<\/strong> una realt\u00e0 cooperativa legata alle organizzazioni indigene che commercializza, oltre al caff\u00e8, diversi prodotti provenienti dai loro territori (<em>resguardos<\/em>) per stimolare l&#8217;economia interna alle comunit\u00e0\u00a0indigene.<\/div><div dir=\"auto\">\u00a0<\/div><\/div><div class=\"cxmmr5t8 oygrvhab hcukyx3x c1et5uql o9v6fnle ii04i59q\"><div dir=\"auto\">Abbiamo visitato la finca <em>Por Fin<\/em>, dove CENCOIC sperimenta diversi tipi di coltivazione di caff\u00e8 e organizza la formazione per i suoi associati. Qui abbiamo partecipato ad una <em>minga<\/em> (parola indigena che indica il lavoro mutualistico collettivo) raccogliendo caff\u00e8 nei 3 ettari di propriet\u00e0 della cooperativa.<\/div><div dir=\"auto\">\u00a0<\/div><\/div><div class=\"cxmmr5t8 oygrvhab hcukyx3x c1et5uql o9v6fnle ii04i59q\"><div dir=\"auto\">Presso la sede di Cencoic a Popayan, abbiamo passato il pomeriggio facendo <em>cupping<\/em> e assaggiando pi\u00f9 di 30 caff\u00e8 provenienti da diverse zone del Cauca.<\/div><\/div><div class=\"cxmmr5t8 oygrvhab hcukyx3x c1et5uql o9v6fnle ii04i59q\"><div dir=\"auto\">Siamo quindi tornati nel municipio di Caldono per incontrare alcuni produttori indigeni del Resguardo di San Lorenzo, visitando la centrale di raccolta di caffe dell&#8217;associazione ASPROLE (Asociaci\u00f3n de pequenos productores La Esperanza).<\/div><div dir=\"auto\">\u00a0<\/div><\/div><div class=\"cxmmr5t8 oygrvhab hcukyx3x c1et5uql o9v6fnle ii04i59q\"><div dir=\"auto\">CENCOIC, oltre ad aiutarci operativamente nell&#8217;esportazione del caff\u00e8, conferir\u00e0 parte della <em>panela<\/em> che inizieremo presto a distribuire in Italia grazie alla collaborazione con le\/i compagn* di AromaZapatista.<\/div><\/div>\t\t\t\t\t\t\t\t<\/div>\n\t\t\t\t<\/div>\n\t\t\t\t\t<\/div>\n\t\t<\/div>\n\t\t\t\t<div class=\"elementor-column elementor-col-50 elementor-top-column elementor-element elementor-element-1a27b1b\" data-id=\"1a27b1b\" data-element_type=\"column\" data-e-type=\"column\">\n\t\t\t<div class=\"elementor-widget-wrap elementor-element-populated\">\n\t\t\t\t\t\t<div class=\"elementor-element elementor-element-9830196 elementor-widget elementor-widget-image\" data-id=\"9830196\" data-element_type=\"widget\" data-e-type=\"widget\" data-widget_type=\"image.default\">\n\t\t\t\t<div class=\"elementor-widget-container\">\n\t\t\t\t\t\t\t\t\t\t\t\t\t\t\t<img loading=\"lazy\" decoding=\"async\" width=\"750\" height=\"563\" src=\"data:image\/gif;base64,R0lGODlhAQABAIAAAAAAAP\/\/\/yH5BAEAAAAALAAAAAABAAEAAAIBRAA7\" data-src=\"https:\/\/lalibertaria.org\/wp-content\/uploads\/2022\/07\/IMG_6716-1024x768.jpg\" class=\"attachment-large size-large wp-image-5620 lazyload\" alt=\"\" data-srcset=\"https:\/\/lalibertaria.org\/wp-content\/uploads\/2022\/07\/IMG_6716-1024x768.jpg 1024w, https:\/\/lalibertaria.org\/wp-content\/uploads\/2022\/07\/IMG_6716-300x225.jpg 300w, https:\/\/lalibertaria.org\/wp-content\/uploads\/2022\/07\/IMG_6716-768x576.jpg 768w, https:\/\/lalibertaria.org\/wp-content\/uploads\/2022\/07\/IMG_6716-600x450.jpg 600w, https:\/\/lalibertaria.org\/wp-content\/uploads\/2022\/07\/IMG_6716.jpg 1280w\" sizes=\"(max-width: 750px) 100vw, 750px\" style=\"width:100%;height:75%;max-width:1280px\" \/><noscript><img loading=\"lazy\" decoding=\"async\" width=\"750\" height=\"563\" src=\"https:\/\/lalibertaria.org\/wp-content\/uploads\/2022\/07\/IMG_6716-1024x768.jpg\" class=\"attachment-large size-large wp-image-5620 lazyload\" alt=\"\" srcset=\"https:\/\/lalibertaria.org\/wp-content\/uploads\/2022\/07\/IMG_6716-1024x768.jpg 1024w, https:\/\/lalibertaria.org\/wp-content\/uploads\/2022\/07\/IMG_6716-300x225.jpg 300w, https:\/\/lalibertaria.org\/wp-content\/uploads\/2022\/07\/IMG_6716-768x576.jpg 768w, https:\/\/lalibertaria.org\/wp-content\/uploads\/2022\/07\/IMG_6716-600x450.jpg 600w, https:\/\/lalibertaria.org\/wp-content\/uploads\/2022\/07\/IMG_6716.jpg 1280w\" sizes=\"(max-width: 750px) 100vw, 750px\" style=\"width:100%;height:75%;max-width:1280px\" \/><\/noscript>\t\t\t\t\t\t\t\t\t\t\t\t\t\t\t<\/div>\n\t\t\t\t<\/div>\n\t\t\t\t<div class=\"elementor-element elementor-element-e330c58 elementor-widget elementor-widget-gallery\" data-id=\"e330c58\" data-element_type=\"widget\" data-e-type=\"widget\" data-settings=\"{&quot;columns&quot;:3,&quot;lazyload&quot;:&quot;yes&quot;,&quot;gallery_layout&quot;:&quot;grid&quot;,&quot;columns_tablet&quot;:2,&quot;columns_mobile&quot;:1,&quot;gap&quot;:{&quot;unit&quot;:&quot;px&quot;,&quot;size&quot;:10,&quot;sizes&quot;:[]},&quot;gap_tablet&quot;:{&quot;unit&quot;:&quot;px&quot;,&quot;size&quot;:10,&quot;sizes&quot;:[]},&quot;gap_mobile&quot;:{&quot;unit&quot;:&quot;px&quot;,&quot;size&quot;:10,&quot;sizes&quot;:[]},&quot;link_to&quot;:&quot;file&quot;,&quot;aspect_ratio&quot;:&quot;3:2&quot;,&quot;overlay_background&quot;:&quot;yes&quot;,&quot;content_hover_animation&quot;:&quot;fade-in&quot;}\" data-widget_type=\"gallery.default\">\n\t\t\t\t<div class=\"elementor-widget-container\">\n\t\t\t\t\t\t\t<div class=\"elementor-gallery__container\">\n\t\t\t\t\t\t\t<a class=\"e-gallery-item elementor-gallery-item elementor-animated-content\" href=\"https:\/\/lalibertaria.org\/wp-content\/uploads\/2022\/07\/IMG_6717.jpg\" data-elementor-open-lightbox=\"yes\" data-elementor-lightbox-slideshow=\"e330c58\" data-elementor-lightbox-title=\"IMG_6717\" data-e-action-hash=\"#elementor-action%3Aaction%3Dlightbox%26settings%3DeyJpZCI6NTYxOSwidXJsIjoiaHR0cHM6XC9cL2xhbGliZXJ0YXJpYS5vcmdcL3dwLWNvbnRlbnRcL3VwbG9hZHNcLzIwMjJcLzA3XC9JTUdfNjcxNy5qcGciLCJzbGlkZXNob3ciOiJlMzMwYzU4In0%3D\">\n\t\t\t\t\t<div class=\"e-gallery-image elementor-gallery-item__image\" data-thumbnail=\"https:\/\/lalibertaria.org\/wp-content\/uploads\/2022\/07\/IMG_6717-300x225.jpg\" data-width=\"300\" data-height=\"225\" aria-label=\"\" role=\"img\" ><\/div>\n\t\t\t\t\t\t\t\t\t\t\t<div class=\"elementor-gallery-item__overlay\"><\/div>\n\t\t\t\t\t\t\t\t\t\t\t\t\t\t<\/a>\n\t\t\t\t\t\t\t<a class=\"e-gallery-item elementor-gallery-item elementor-animated-content\" href=\"https:\/\/lalibertaria.org\/wp-content\/uploads\/2022\/07\/IMG_6718.jpg\" data-elementor-open-lightbox=\"yes\" data-elementor-lightbox-slideshow=\"e330c58\" data-elementor-lightbox-title=\"IMG_6718\" data-e-action-hash=\"#elementor-action%3Aaction%3Dlightbox%26settings%3DeyJpZCI6NTYxOCwidXJsIjoiaHR0cHM6XC9cL2xhbGliZXJ0YXJpYS5vcmdcL3dwLWNvbnRlbnRcL3VwbG9hZHNcLzIwMjJcLzA3XC9JTUdfNjcxOC5qcGciLCJzbGlkZXNob3ciOiJlMzMwYzU4In0%3D\">\n\t\t\t\t\t<div class=\"e-gallery-image elementor-gallery-item__image\" data-thumbnail=\"https:\/\/lalibertaria.org\/wp-content\/uploads\/2022\/07\/IMG_6718-300x225.jpg\" data-width=\"300\" data-height=\"225\" aria-label=\"\" role=\"img\" ><\/div>\n\t\t\t\t\t\t\t\t\t\t\t<div class=\"elementor-gallery-item__overlay\"><\/div>\n\t\t\t\t\t\t\t\t\t\t\t\t\t\t<\/a>\n\t\t\t\t\t\t\t<a class=\"e-gallery-item elementor-gallery-item elementor-animated-content\" href=\"https:\/\/lalibertaria.org\/wp-content\/uploads\/2022\/07\/IMG_6719.jpg\" data-elementor-open-lightbox=\"yes\" data-elementor-lightbox-slideshow=\"e330c58\" data-elementor-lightbox-title=\"IMG_6719\" data-e-action-hash=\"#elementor-action%3Aaction%3Dlightbox%26settings%3DeyJpZCI6NTYxNywidXJsIjoiaHR0cHM6XC9cL2xhbGliZXJ0YXJpYS5vcmdcL3dwLWNvbnRlbnRcL3VwbG9hZHNcLzIwMjJcLzA3XC9JTUdfNjcxOS5qcGciLCJzbGlkZXNob3ciOiJlMzMwYzU4In0%3D\">\n\t\t\t\t\t<div class=\"e-gallery-image elementor-gallery-item__image\" data-thumbnail=\"https:\/\/lalibertaria.org\/wp-content\/uploads\/2022\/07\/IMG_6719-300x225.jpg\" data-width=\"300\" data-height=\"225\" aria-label=\"\" role=\"img\" ><\/div>\n\t\t\t\t\t\t\t\t\t\t\t<div class=\"elementor-gallery-item__overlay\"><\/div>\n\t\t\t\t\t\t\t\t\t\t\t\t\t\t<\/a>\n\t\t\t\t\t\t\t<a class=\"e-gallery-item elementor-gallery-item elementor-animated-content\" href=\"https:\/\/lalibertaria.org\/wp-content\/uploads\/2022\/07\/IMG_6720.jpg\" data-elementor-open-lightbox=\"yes\" data-elementor-lightbox-slideshow=\"e330c58\" data-elementor-lightbox-title=\"IMG_6720\" data-e-action-hash=\"#elementor-action%3Aaction%3Dlightbox%26settings%3DeyJpZCI6NTYxNiwidXJsIjoiaHR0cHM6XC9cL2xhbGliZXJ0YXJpYS5vcmdcL3dwLWNvbnRlbnRcL3VwbG9hZHNcLzIwMjJcLzA3XC9JTUdfNjcyMC5qcGciLCJzbGlkZXNob3ciOiJlMzMwYzU4In0%3D\">\n\t\t\t\t\t<div class=\"e-gallery-image elementor-gallery-item__image\" data-thumbnail=\"https:\/\/lalibertaria.org\/wp-content\/uploads\/2022\/07\/IMG_6720-300x225.jpg\" data-width=\"300\" data-height=\"225\" aria-label=\"\" role=\"img\" ><\/div>\n\t\t\t\t\t\t\t\t\t\t\t<div class=\"elementor-gallery-item__overlay\"><\/div>\n\t\t\t\t\t\t\t\t\t\t\t\t\t\t<\/a>\n\t\t\t\t\t\t\t<a class=\"e-gallery-item elementor-gallery-item elementor-animated-content\" href=\"https:\/\/lalibertaria.org\/wp-content\/uploads\/2022\/07\/IMG_6722.jpg\" data-elementor-open-lightbox=\"yes\" data-elementor-lightbox-slideshow=\"e330c58\" data-elementor-lightbox-title=\"IMG_6722\" data-e-action-hash=\"#elementor-action%3Aaction%3Dlightbox%26settings%3DeyJpZCI6NTYxNCwidXJsIjoiaHR0cHM6XC9cL2xhbGliZXJ0YXJpYS5vcmdcL3dwLWNvbnRlbnRcL3VwbG9hZHNcLzIwMjJcLzA3XC9JTUdfNjcyMi5qcGciLCJzbGlkZXNob3ciOiJlMzMwYzU4In0%3D\">\n\t\t\t\t\t<div class=\"e-gallery-image elementor-gallery-item__image\" data-thumbnail=\"https:\/\/lalibertaria.org\/wp-content\/uploads\/2022\/07\/IMG_6722-300x225.jpg\" data-width=\"300\" data-height=\"225\" aria-label=\"\" role=\"img\" ><\/div>\n\t\t\t\t\t\t\t\t\t\t\t<div class=\"elementor-gallery-item__overlay\"><\/div>\n\t\t\t\t\t\t\t\t\t\t\t\t\t\t<\/a>\n\t\t\t\t\t\t\t<a class=\"e-gallery-item elementor-gallery-item elementor-animated-content\" href=\"https:\/\/lalibertaria.org\/wp-content\/uploads\/2022\/07\/IMG_6723.jpg\" data-elementor-open-lightbox=\"yes\" data-elementor-lightbox-slideshow=\"e330c58\" data-elementor-lightbox-title=\"IMG_6723\" data-e-action-hash=\"#elementor-action%3Aaction%3Dlightbox%26settings%3DeyJpZCI6NTYxMiwidXJsIjoiaHR0cHM6XC9cL2xhbGliZXJ0YXJpYS5vcmdcL3dwLWNvbnRlbnRcL3VwbG9hZHNcLzIwMjJcLzA3XC9JTUdfNjcyMy5qcGciLCJzbGlkZXNob3ciOiJlMzMwYzU4In0%3D\">\n\t\t\t\t\t<div class=\"e-gallery-image elementor-gallery-item__image\" data-thumbnail=\"https:\/\/lalibertaria.org\/wp-content\/uploads\/2022\/07\/IMG_6723-300x225.jpg\" data-width=\"300\" data-height=\"225\" aria-label=\"\" role=\"img\" ><\/div>\n\t\t\t\t\t\t\t\t\t\t\t<div class=\"elementor-gallery-item__overlay\"><\/div>\n\t\t\t\t\t\t\t\t\t\t\t\t\t\t<\/a>\n\t\t\t\t\t<\/div>\n\t\t\t\t\t<\/div>\n\t\t\t\t<\/div>\n\t\t\t\t\t<\/div>\n\t\t<\/div>\n\t\t\t\t\t<\/div>\n\t\t<\/section>\n\t\t\t\t<section class=\"elementor-section elementor-top-section elementor-element elementor-element-1d155f8 elementor-section-boxed elementor-section-height-default elementor-section-height-default\" data-id=\"1d155f8\" data-element_type=\"section\" data-e-type=\"section\">\n\t\t\t\t\t\t<div class=\"elementor-container elementor-column-gap-default\">\n\t\t\t\t\t<div class=\"elementor-column elementor-col-100 elementor-top-column elementor-element elementor-element-37de430\" data-id=\"37de430\" data-element_type=\"column\" data-e-type=\"column\">\n\t\t\t<div class=\"elementor-widget-wrap elementor-element-populated\">\n\t\t\t\t\t\t<div class=\"elementor-element elementor-element-7df4c62 elementor-widget elementor-widget-text-editor\" data-id=\"7df4c62\" data-element_type=\"widget\" data-e-type=\"widget\" data-widget_type=\"text-editor.default\">\n\t\t\t\t<div class=\"elementor-widget-container\">\n\t\t\t\t\t\t\t\t\t<div class=\"kvgmc6g5 cxmmr5t8 oygrvhab hcukyx3x c1et5uql ii04i59q\"><div dir=\"auto\">Il viaggio in Colombia ci ha permesso di conoscere alcuni processi sociali che si sono sviluppati negli ultimi decenni nel Paese.<\/div><div dir=\"auto\">\u00a0<\/div><\/div><div class=\"cxmmr5t8 oygrvhab hcukyx3x c1et5uql o9v6fnle ii04i59q\"><div dir=\"auto\">A Popayan abbiamo avuto la possibilit\u00e0 di partecipare ad un&#8217;assemblea del Proceso de Unidad Popular del Suroccidente\u00a0Colombiano [PUPSOC] in cui pi\u00f9 di ottanta rappresentanti di piccole associazioni della regione hanno discusso (per un&#8217;intera giornata!) sull&#8217;attualit\u00e0 politica colombiana nazionale e locale, al fine di coordinare e condividere lo sviluppo dei processi politici e sociali dal basso in chiave unitaria: dai campesinos, agli studenti fino ai movimenti di occupazione urbana per il diritto all&#8217;abitare.<\/div><div dir=\"auto\">\u00a0<\/div><\/div><div class=\"cxmmr5t8 oygrvhab hcukyx3x c1et5uql o9v6fnle ii04i59q\"><div dir=\"auto\">A Santander de Quilichao, nel nord del Cauca, abbiamo poi visitato la sede dell&#8217;Asociaci\u00f2n\u00a0de Cabildos Ind\u00ecgenas del Norte del Cauca [ACIN], che ci ha permesso di conoscere pi\u00f9 da vicino anche la storia e l&#8217;attualit\u00e0 dei processi indigeni. L&#8217;associazione riunisce infatti 22 resguardos e autorit\u00e0 indigene del Nord, dove vive buona parte del popolo Nasa, uno dei 10 gruppi che compongono il Consejo Regional Ind\u00ecgena del Cauca [CRIC], di cui ACIN fa appunto parte.<\/div><div dir=\"auto\">L\u2019incontro con l\u2019associazione ha avuto come focus principale l\u2019approfondimento dell\u2019organizzazione indigena per quel che riguarda la produzione e distribuzione di caff\u00e8 ma ci ha dato anche una prospettiva sui diversi ambiti di autogestione della componente indigena: la produzione e commercializzazione alimentari, la rete di salute con il ricorso a cure tradizionali, l&#8217;educazione\u00a0propria e il recupero della lingua Nasa Yuwe,\u00a0il recupero della terra e l&#8217;autoprotezione sociale perseguita dalla guardia indigena e altro ancora.<\/div><div dir=\"auto\">\u00a0<\/div><\/div><div class=\"cxmmr5t8 oygrvhab hcukyx3x c1et5uql o9v6fnle ii04i59q\"><div dir=\"auto\">Sono stati momenti decisivi per comprendere la complessit\u00e0 politica, sociale e culturale del Cauca, un territorio purtroppo ancora flagellato dalla violenza e dalle minacce che colpiscono quotidianamente la popolazione indigena, campesina e afrodiscendente lasciando sul terreno decine di morti e migliaia di profughi ogni anno.<\/div><div dir=\"auto\">\u00a0<\/div><\/div><div class=\"cxmmr5t8 oygrvhab hcukyx3x c1et5uql o9v6fnle ii04i59q\"><div dir=\"auto\">Conoscere e comprendere questi *processi* rappresenta per noi un aspetto fondamentale per indirizzare lo sviluppo delle nostre relazioni con le diverse realt\u00e0 di questo territorio.<\/div><\/div>\t\t\t\t\t\t\t\t<\/div>\n\t\t\t\t<\/div>\n\t\t\t\t\t<\/div>\n\t\t<\/div>\n\t\t\t\t\t<\/div>\n\t\t<\/section>\n\t\t\t\t<section class=\"elementor-section elementor-top-section elementor-element elementor-element-40d7098 elementor-section-boxed elementor-section-height-default elementor-section-height-default\" data-id=\"40d7098\" data-element_type=\"section\" data-e-type=\"section\" data-settings=\"{&quot;background_background&quot;:&quot;classic&quot;}\">\n\t\t\t\t\t\t<div class=\"elementor-container elementor-column-gap-default\">\n\t\t\t\t\t<div class=\"elementor-column elementor-col-100 elementor-top-column elementor-element elementor-element-1a738b3\" data-id=\"1a738b3\" data-element_type=\"column\" data-e-type=\"column\">\n\t\t\t<div class=\"elementor-widget-wrap\">\n\t\t\t\t\t\t\t<\/div>\n\t\t<\/div>\n\t\t\t\t\t<\/div>\n\t\t<\/section>\n\t\t\t\t<\/div>\n\t\t","protected":false},"excerpt":{"rendered":"<p>Colombia, Luglio 2022 LE TAPPE, I RACCONTI, LE IMMAGINI Cauca &#8211; Colombia Da Cali a Popayan, por la panamericana! &#8211; Prima tappa Visita ai produttori dell&#8217;organizzazione di AgriSolidaria nella comunit\u00e0 di Limoncito (distretto di El Tambo), piccolo villaggio a 1900 metri sulle pendici del Cerro Munchique. Questo paesaggio \u00e8 caratterizzato dall&#8217;attivit\u00e0 estrattiva di miniere di&hellip; <a class=\"more-link\" href=\"https:\/\/lalibertaria.org\/viaggio-in-colombia\/\">Continua a leggere <span class=\"screen-reader-text\">viaggio in Colombia<\/span><\/a><\/p>\n","protected":false},"author":1,"featured_media":5405,"parent":0,"menu_order":0,"comment_status":"closed","ping_status":"closed","template":"elementor_canvas","meta":{"footnotes":""},"class_list":["post-5397","page","type-page","status-publish","has-post-thumbnail","hentry","entry"],"yoast_head":"<!-- This site is optimized with the Yoast SEO plugin v27.1.1 - https:\/\/yoast.com\/product\/yoast-seo-wordpress\/ -->\n<title>viaggio in Colombia - La Libertaria<\/title>\n<meta name=\"description\" content=\"Colombia, luglio 2022. Visita ai produttori nella Valle del Cauca. Scopri l&#039;origine del nostro monorigine colombiano 100% arabica.\" \/>\n<meta name=\"robots\" content=\"index, follow, max-snippet:-1, max-image-preview:large, max-video-preview:-1\" \/>\n<link rel=\"canonical\" href=\"https:\/\/lalibertaria.org\/viaggio-in-colombia\/\" \/>\n<meta property=\"og:locale\" content=\"it_IT\" \/>\n<meta property=\"og:type\" content=\"article\" \/>\n<meta property=\"og:title\" content=\"viaggio in Colombia - La Libertaria\" \/>\n<meta property=\"og:description\" content=\"Colombia, luglio 2022. Visita ai produttori nella Valle del Cauca. Scopri l&#039;origine del nostro monorigine colombiano 100% arabica.\" \/>\n<meta property=\"og:url\" content=\"https:\/\/lalibertaria.org\/viaggio-in-colombia\/\" \/>\n<meta property=\"og:site_name\" content=\"La Libertaria\" \/>\n<meta property=\"article:modified_time\" content=\"2026-02-04T12:43:24+00:00\" \/>\n<meta property=\"og:image\" content=\"http:\/\/lalibertaria.org\/wp-content\/uploads\/2022\/07\/X5.jpg\" \/>\n\t<meta property=\"og:image:width\" content=\"1024\" \/>\n\t<meta property=\"og:image:height\" content=\"768\" \/>\n\t<meta property=\"og:image:type\" content=\"image\/jpeg\" \/>\n<meta name=\"twitter:card\" content=\"summary_large_image\" \/>\n<meta name=\"twitter:label1\" content=\"Tempo di lettura stimato\" \/>\n\t<meta name=\"twitter:data1\" content=\"8 minuti\" \/>\n<script type=\"application\/ld+json\" class=\"yoast-schema-graph\">{\"@context\":\"https:\/\/schema.org\",\"@graph\":[{\"@type\":\"WebPage\",\"@id\":\"https:\/\/lalibertaria.org\/viaggio-in-colombia\/\",\"url\":\"https:\/\/lalibertaria.org\/viaggio-in-colombia\/\",\"name\":\"viaggio in Colombia - La Libertaria\",\"isPartOf\":{\"@id\":\"https:\/\/lalibertaria.org\/#website\"},\"primaryImageOfPage\":{\"@id\":\"https:\/\/lalibertaria.org\/viaggio-in-colombia\/#primaryimage\"},\"image\":{\"@id\":\"https:\/\/lalibertaria.org\/viaggio-in-colombia\/#primaryimage\"},\"thumbnailUrl\":\"https:\/\/lalibertaria.org\/wp-content\/uploads\/2022\/07\/X5.jpg\",\"datePublished\":\"2022-07-18T16:05:36+00:00\",\"dateModified\":\"2026-02-04T12:43:24+00:00\",\"description\":\"Colombia, luglio 2022. Visita ai produttori nella Valle del Cauca. Scopri l'origine del nostro monorigine colombiano 100% arabica.\",\"breadcrumb\":{\"@id\":\"https:\/\/lalibertaria.org\/viaggio-in-colombia\/#breadcrumb\"},\"inLanguage\":\"it-IT\",\"potentialAction\":[{\"@type\":\"ReadAction\",\"target\":[\"https:\/\/lalibertaria.org\/viaggio-in-colombia\/\"]}]},{\"@type\":\"ImageObject\",\"inLanguage\":\"it-IT\",\"@id\":\"https:\/\/lalibertaria.org\/viaggio-in-colombia\/#primaryimage\",\"url\":\"https:\/\/lalibertaria.org\/wp-content\/uploads\/2022\/07\/X5.jpg\",\"contentUrl\":\"https:\/\/lalibertaria.org\/wp-content\/uploads\/2022\/07\/X5.jpg\",\"width\":1024,\"height\":768},{\"@type\":\"BreadcrumbList\",\"@id\":\"https:\/\/lalibertaria.org\/viaggio-in-colombia\/#breadcrumb\",\"itemListElement\":[{\"@type\":\"ListItem\",\"position\":1,\"name\":\"Home\",\"item\":\"https:\/\/lalibertaria.org\/\"},{\"@type\":\"ListItem\",\"position\":2,\"name\":\"viaggio in Colombia\"}]},{\"@type\":\"WebSite\",\"@id\":\"https:\/\/lalibertaria.org\/#website\",\"url\":\"https:\/\/lalibertaria.org\/\",\"name\":\"La Libertaria\",\"description\":\"ETS\",\"publisher\":{\"@id\":\"https:\/\/lalibertaria.org\/#organization\"},\"potentialAction\":[{\"@type\":\"SearchAction\",\"target\":{\"@type\":\"EntryPoint\",\"urlTemplate\":\"https:\/\/lalibertaria.org\/?s={search_term_string}\"},\"query-input\":{\"@type\":\"PropertyValueSpecification\",\"valueRequired\":true,\"valueName\":\"search_term_string\"}}],\"inLanguage\":\"it-IT\"},{\"@type\":\"Organization\",\"@id\":\"https:\/\/lalibertaria.org\/#organization\",\"name\":\"La Libertaria\",\"url\":\"https:\/\/lalibertaria.org\/\",\"logo\":{\"@type\":\"ImageObject\",\"inLanguage\":\"it-IT\",\"@id\":\"https:\/\/lalibertaria.org\/#\/schema\/logo\/image\/\",\"url\":\"https:\/\/lalibertaria.org\/wp-content\/uploads\/2021\/05\/FAVICON.jpg\",\"contentUrl\":\"https:\/\/lalibertaria.org\/wp-content\/uploads\/2021\/05\/FAVICON.jpg\",\"width\":515,\"height\":491,\"caption\":\"La Libertaria\"},\"image\":{\"@id\":\"https:\/\/lalibertaria.org\/#\/schema\/logo\/image\/\"}}]}<\/script>\n<!-- \/ Yoast SEO plugin. -->","yoast_head_json":{"title":"viaggio in Colombia - La Libertaria","description":"Colombia, luglio 2022. Visita ai produttori nella Valle del Cauca. Scopri l'origine del nostro monorigine colombiano 100% arabica.","robots":{"index":"index","follow":"follow","max-snippet":"max-snippet:-1","max-image-preview":"max-image-preview:large","max-video-preview":"max-video-preview:-1"},"canonical":"https:\/\/lalibertaria.org\/viaggio-in-colombia\/","og_locale":"it_IT","og_type":"article","og_title":"viaggio in Colombia - La Libertaria","og_description":"Colombia, luglio 2022. Visita ai produttori nella Valle del Cauca. Scopri l'origine del nostro monorigine colombiano 100% arabica.","og_url":"https:\/\/lalibertaria.org\/viaggio-in-colombia\/","og_site_name":"La Libertaria","article_modified_time":"2026-02-04T12:43:24+00:00","og_image":[{"width":1024,"height":768,"url":"http:\/\/lalibertaria.org\/wp-content\/uploads\/2022\/07\/X5.jpg","type":"image\/jpeg"}],"twitter_card":"summary_large_image","twitter_misc":{"Tempo di lettura stimato":"8 minuti"},"schema":{"@context":"https:\/\/schema.org","@graph":[{"@type":"WebPage","@id":"https:\/\/lalibertaria.org\/viaggio-in-colombia\/","url":"https:\/\/lalibertaria.org\/viaggio-in-colombia\/","name":"viaggio in Colombia - La Libertaria","isPartOf":{"@id":"https:\/\/lalibertaria.org\/#website"},"primaryImageOfPage":{"@id":"https:\/\/lalibertaria.org\/viaggio-in-colombia\/#primaryimage"},"image":{"@id":"https:\/\/lalibertaria.org\/viaggio-in-colombia\/#primaryimage"},"thumbnailUrl":"https:\/\/lalibertaria.org\/wp-content\/uploads\/2022\/07\/X5.jpg","datePublished":"2022-07-18T16:05:36+00:00","dateModified":"2026-02-04T12:43:24+00:00","description":"Colombia, luglio 2022. Visita ai produttori nella Valle del Cauca. Scopri l'origine del nostro monorigine colombiano 100% arabica.","breadcrumb":{"@id":"https:\/\/lalibertaria.org\/viaggio-in-colombia\/#breadcrumb"},"inLanguage":"it-IT","potentialAction":[{"@type":"ReadAction","target":["https:\/\/lalibertaria.org\/viaggio-in-colombia\/"]}]},{"@type":"ImageObject","inLanguage":"it-IT","@id":"https:\/\/lalibertaria.org\/viaggio-in-colombia\/#primaryimage","url":"https:\/\/lalibertaria.org\/wp-content\/uploads\/2022\/07\/X5.jpg","contentUrl":"https:\/\/lalibertaria.org\/wp-content\/uploads\/2022\/07\/X5.jpg","width":1024,"height":768},{"@type":"BreadcrumbList","@id":"https:\/\/lalibertaria.org\/viaggio-in-colombia\/#breadcrumb","itemListElement":[{"@type":"ListItem","position":1,"name":"Home","item":"https:\/\/lalibertaria.org\/"},{"@type":"ListItem","position":2,"name":"viaggio in Colombia"}]},{"@type":"WebSite","@id":"https:\/\/lalibertaria.org\/#website","url":"https:\/\/lalibertaria.org\/","name":"La Libertaria","description":"ETS","publisher":{"@id":"https:\/\/lalibertaria.org\/#organization"},"potentialAction":[{"@type":"SearchAction","target":{"@type":"EntryPoint","urlTemplate":"https:\/\/lalibertaria.org\/?s={search_term_string}"},"query-input":{"@type":"PropertyValueSpecification","valueRequired":true,"valueName":"search_term_string"}}],"inLanguage":"it-IT"},{"@type":"Organization","@id":"https:\/\/lalibertaria.org\/#organization","name":"La Libertaria","url":"https:\/\/lalibertaria.org\/","logo":{"@type":"ImageObject","inLanguage":"it-IT","@id":"https:\/\/lalibertaria.org\/#\/schema\/logo\/image\/","url":"https:\/\/lalibertaria.org\/wp-content\/uploads\/2021\/05\/FAVICON.jpg","contentUrl":"https:\/\/lalibertaria.org\/wp-content\/uploads\/2021\/05\/FAVICON.jpg","width":515,"height":491,"caption":"La Libertaria"},"image":{"@id":"https:\/\/lalibertaria.org\/#\/schema\/logo\/image\/"}}]}},"_links":{"self":[{"href":"https:\/\/lalibertaria.org\/wp-json\/wp\/v2\/pages\/5397","targetHints":{"allow":["GET"]}}],"collection":[{"href":"https:\/\/lalibertaria.org\/wp-json\/wp\/v2\/pages"}],"about":[{"href":"https:\/\/lalibertaria.org\/wp-json\/wp\/v2\/types\/page"}],"author":[{"embeddable":true,"href":"https:\/\/lalibertaria.org\/wp-json\/wp\/v2\/users\/1"}],"replies":[{"embeddable":true,"href":"https:\/\/lalibertaria.org\/wp-json\/wp\/v2\/comments?post=5397"}],"version-history":[{"count":88,"href":"https:\/\/lalibertaria.org\/wp-json\/wp\/v2\/pages\/5397\/revisions"}],"predecessor-version":[{"id":10337,"href":"https:\/\/lalibertaria.org\/wp-json\/wp\/v2\/pages\/5397\/revisions\/10337"}],"wp:featuredmedia":[{"embeddable":true,"href":"https:\/\/lalibertaria.org\/wp-json\/wp\/v2\/media\/5405"}],"wp:attachment":[{"href":"https:\/\/lalibertaria.org\/wp-json\/wp\/v2\/media?parent=5397"}],"curies":[{"name":"wp","href":"https:\/\/api.w.org\/{rel}","templated":true}]}}