{"id":4182,"date":"2021-12-18T10:49:07","date_gmt":"2021-12-18T10:49:07","guid":{"rendered":"https:\/\/lalibertaria.org\/?page_id=4182"},"modified":"2023-10-29T10:56:44","modified_gmt":"2023-10-29T10:56:44","slug":"notizie","status":"publish","type":"page","link":"https:\/\/lalibertaria.org\/notizie\/","title":{"rendered":"Notizie"},"content":{"rendered":"\t\t<div data-elementor-type=\"wp-page\" data-elementor-id=\"4182\" class=\"elementor elementor-4182\" data-elementor-post-type=\"page\">\n\t\t\t\t\t\t<section class=\"elementor-section elementor-top-section elementor-element elementor-element-85bc7dc elementor-section-height-min-height elementor-section-boxed elementor-section-height-default elementor-section-items-middle\" data-id=\"85bc7dc\" data-element_type=\"section\" data-e-type=\"section\" data-settings=\"{&quot;background_background&quot;:&quot;classic&quot;}\">\n\t\t\t\t\t\t<div class=\"elementor-container elementor-column-gap-default\">\n\t\t\t\t\t<div class=\"elementor-column elementor-col-100 elementor-top-column elementor-element elementor-element-0a4835a\" data-id=\"0a4835a\" data-element_type=\"column\" data-e-type=\"column\">\n\t\t\t<div class=\"elementor-widget-wrap\">\n\t\t\t\t\t\t\t<\/div>\n\t\t<\/div>\n\t\t\t\t\t<\/div>\n\t\t<\/section>\n\t\t\t\t<section class=\"elementor-section elementor-top-section elementor-element elementor-element-933c5a1 elementor-section-boxed elementor-section-height-default elementor-section-height-default\" data-id=\"933c5a1\" data-element_type=\"section\" data-e-type=\"section\" data-settings=\"{&quot;background_background&quot;:&quot;classic&quot;}\">\n\t\t\t\t\t\t<div class=\"elementor-container elementor-column-gap-default\">\n\t\t\t\t\t<div class=\"elementor-column elementor-col-100 elementor-top-column elementor-element elementor-element-5a20311\" data-id=\"5a20311\" data-element_type=\"column\" data-e-type=\"column\">\n\t\t\t<div class=\"elementor-widget-wrap elementor-element-populated\">\n\t\t\t\t\t\t<div class=\"elementor-element elementor-element-55d8e20 elementor-widget elementor-widget-heading\" data-id=\"55d8e20\" data-element_type=\"widget\" data-e-type=\"widget\" data-widget_type=\"heading.default\">\n\t\t\t\t<div class=\"elementor-widget-container\">\n\t\t\t\t\t<h1 class=\"elementor-heading-title elementor-size-large\">Notizie<\/h1>\t\t\t\t<\/div>\n\t\t\t\t<\/div>\n\t\t\t\t\t<\/div>\n\t\t<\/div>\n\t\t\t\t\t<\/div>\n\t\t<\/section>\n\t\t\t\t<section class=\"elementor-section elementor-top-section elementor-element elementor-element-7634cbf elementor-section-height-min-height elementor-hidden-desktop elementor-hidden-mobile elementor-section-boxed elementor-section-height-default elementor-section-items-middle\" data-id=\"7634cbf\" data-element_type=\"section\" data-e-type=\"section\" data-settings=\"{&quot;background_background&quot;:&quot;classic&quot;}\">\n\t\t\t\t\t\t<div class=\"elementor-container elementor-column-gap-default\">\n\t\t\t\t\t<div class=\"elementor-column elementor-col-100 elementor-top-column elementor-element elementor-element-33c70d6\" data-id=\"33c70d6\" data-element_type=\"column\" data-e-type=\"column\">\n\t\t\t<div class=\"elementor-widget-wrap elementor-element-populated\">\n\t\t\t\t\t\t<div class=\"elementor-element elementor-element-2a6b16b elementor-grid-eael-col-1 elementor-grid-tablet-eael-col-2 elementor-grid-mobile-eael-col-1 elementor-widget elementor-widget-eael-post-grid\" data-id=\"2a6b16b\" data-element_type=\"widget\" data-e-type=\"widget\" data-settings=\"{&quot;eael_post_grid_columns&quot;:&quot;eael-col-1&quot;,&quot;eael_post_grid_columns_tablet&quot;:&quot;eael-col-2&quot;,&quot;eael_post_grid_columns_mobile&quot;:&quot;eael-col-1&quot;}\" data-widget_type=\"eael-post-grid.default\">\n\t\t\t\t<div class=\"elementor-widget-container\">\n\t\t\t\t\t<div id=\"eael-post-grid-2a6b16b\" class=\"eael-post-grid-container\">\n            <div class=\"eael-post-grid eael-post-appender eael-post-appender-2a6b16b eael-post-grid-style-two\" data-layout-mode=\"grid\"><article class=\"eael-grid-post  eael-post-grid-column eael-pg-post-7813 category-senza-categoria\" data-id=\"7813\">\n    <div class=\"eael-grid-post-holder\">\n        <div class=\"eael-grid-post-holder-inner\"><div class=\"eael-entry-media\"><div class=\"eael-entry-overlay fade-in\"><i class=\"fas fa-long-arrow-alt-right\" aria-hidden=\"true\"><\/i><a href=\"https:\/\/lalibertaria.org\/e-arrivato-il-caffe-dal-cauca-dal-chiapas-e-lo-zucchero-integrale-di-canna\/\"><\/a><\/div><div class=\"eael-entry-thumbnail \">\n                            <img decoding=\"async\" width=\"150\" height=\"150\" src=\"data:image\/gif;base64,R0lGODlhAQABAIAAAAAAAP\/\/\/yH5BAEAAAAALAAAAAABAAEAAAIBRAA7\" data-src=\"https:\/\/lalibertaria.org\/wp-content\/uploads\/2023\/10\/arrivo-caffe-150x150.png\" class=\"attachment-thumbnail size-thumbnail wp-image-7814 lazyload\" alt=\"\" style=\"width:100%;height:56.25%;max-width:1920px\" \/><noscript><img decoding=\"async\" width=\"150\" height=\"150\" src=\"https:\/\/lalibertaria.org\/wp-content\/uploads\/2023\/10\/arrivo-caffe-150x150.png\" class=\"attachment-thumbnail size-thumbnail wp-image-7814 lazyload\" alt=\"\" style=\"width:100%;height:56.25%;max-width:1920px\" srcset=\"https:\/\/lalibertaria.org\/wp-content\/uploads\/2023\/10\/arrivo-caffe-150x150.png 150w, https:\/\/lalibertaria.org\/wp-content\/uploads\/2023\/10\/arrivo-caffe-400x400.png 400w, https:\/\/lalibertaria.org\/wp-content\/uploads\/2023\/10\/arrivo-caffe-450x450.png 450w, https:\/\/lalibertaria.org\/wp-content\/uploads\/2023\/10\/arrivo-caffe-100x100.png 100w\" sizes=\"(max-width: 150px) 100vw, 150px\" \/><\/noscript>\n                            <\/div>\n                    <\/div><div class=\"eael-entry-wrapper\"><header class=\"eael-entry-header\"><h2 class=\"eael-entry-title\"><a class=\"eael-grid-post-link\" href=\"https:\/\/lalibertaria.org\/e-arrivato-il-caffe-dal-cauca-dal-chiapas-e-lo-zucchero-integrale-di-canna\/\" title=\"\u00c8 arrivato il caff\u00e8 dal Cauca, dal Chiapas e&#8230;. lo zucchero integrale di canna!\">\u00c8 arrivato il caff\u00e8 dal Cauca, dal Chiapas e&#8230;. lo zucchero integrale di canna!<\/a><\/h2><\/header><div class=\"eael-entry-content\">\n                                <div class=\"eael-grid-post-excerpt\"><p>\u00c8 arrivato il caff\u00e8 dal Cauca, dal Chiapas e&#8230;. lo zucchero integrale di canna! Finalmente \u00e8 arrivato! Il nuovo raccolto di caff\u00e8 dai nostri produttori campesinos colombiani e zapatisti del Messico ha varcato le porte della torrefazione. Questo arrivo rappresenta anche la conclusione, dopo un anno di lungo e articolato lavoro e confronto, della nostra&hellip; Continua a leggere \u00c8 arrivato il caff\u00e8 dal Cauca, dal Chiapas e&#8230;. lo zucchero integrale di canna!<\/p><a href=\"https:\/\/lalibertaria.org\/e-arrivato-il-caffe-dal-cauca-dal-chiapas-e-lo-zucchero-integrale-di-canna\/\" class=\"eael-post-elements-readmore-btn\">Leggi di pi\u00f9<\/a><\/div>\n                            <\/div><\/div><\/div>\n    <\/div>\n<\/article><article class=\"eael-grid-post  eael-post-grid-column eael-pg-post-7700 category-senza-categoria\" data-id=\"7700\">\n    <div class=\"eael-grid-post-holder\">\n        <div class=\"eael-grid-post-holder-inner\"><div class=\"eael-entry-media\"><div class=\"eael-entry-overlay fade-in\"><i class=\"fas fa-long-arrow-alt-right\" aria-hidden=\"true\"><\/i><a href=\"https:\/\/lalibertaria.org\/redprozapa-meeting-ottobre-2023\/\"><\/a><\/div><div class=\"eael-entry-thumbnail \">\n                            <img decoding=\"async\" width=\"150\" height=\"150\" src=\"data:image\/gif;base64,R0lGODlhAQABAIAAAAAAAP\/\/\/yH5BAEAAAAALAAAAAABAAEAAAIBRAA7\" data-src=\"https:\/\/lalibertaria.org\/wp-content\/uploads\/2023\/10\/rpz_m_n-150x150.jpg\" class=\"attachment-thumbnail size-thumbnail wp-image-7702 lazyload\" alt=\"\" style=\"width:100%;height:75%;max-width:1024px\" \/><noscript><img loading=\"lazy\" decoding=\"async\" width=\"150\" height=\"150\" src=\"https:\/\/lalibertaria.org\/wp-content\/uploads\/2023\/10\/rpz_m_n-150x150.jpg\" class=\"attachment-thumbnail size-thumbnail wp-image-7702 lazyload\" alt=\"\" style=\"width:100%;height:75%;max-width:1024px\" srcset=\"https:\/\/lalibertaria.org\/wp-content\/uploads\/2023\/10\/rpz_m_n-150x150.jpg 150w, https:\/\/lalibertaria.org\/wp-content\/uploads\/2023\/10\/rpz_m_n-400x400.jpg 400w, https:\/\/lalibertaria.org\/wp-content\/uploads\/2023\/10\/rpz_m_n-450x450.jpg 450w, https:\/\/lalibertaria.org\/wp-content\/uploads\/2023\/10\/rpz_m_n-100x100.jpg 100w\" sizes=\"(max-width: 150px) 100vw, 150px\" \/><\/noscript>\n                            <\/div>\n                    <\/div><div class=\"eael-entry-wrapper\"><header class=\"eael-entry-header\"><h2 class=\"eael-entry-title\"><a class=\"eael-grid-post-link\" href=\"https:\/\/lalibertaria.org\/redprozapa-meeting-ottobre-2023\/\" title=\"RedProZapa meeting &#8211; ottobre 2023\">RedProZapa meeting &#8211; ottobre 2023<\/a><\/h2><\/header><div class=\"eael-entry-content\">\n                                <div class=\"eael-grid-post-excerpt\"><p>RedProZapa metting &#8211; ottobre 2023 Questo fine settimana abbiamo avuto il piacere di ospitare il meeting annuale della RedProZapa &#8211; Solidarity Network. La rete \u00e8 composta da un insieme informale di collettivi, associazioni e realt\u00e0 che, attraverso l\u2019importazione e la distribuzione del caff\u00e8 prodotto nei territori zapatisti, contribuiscono al sostegno della causa rivoluzionaria zapatista nello&hellip; Continua a leggere RedProZapa meeting &#8211; ottobre 2023<\/p><a href=\"https:\/\/lalibertaria.org\/redprozapa-meeting-ottobre-2023\/\" class=\"eael-post-elements-readmore-btn\">Leggi di pi\u00f9<\/a><\/div>\n                            <\/div><\/div><\/div>\n    <\/div>\n<\/article><article class=\"eael-grid-post  eael-post-grid-column eael-pg-post-6201 category-senza-categoria\" data-id=\"6201\">\n    <div class=\"eael-grid-post-holder\">\n        <div class=\"eael-grid-post-holder-inner\"><div class=\"eael-entry-media\"><div class=\"eael-entry-overlay fade-in\"><i class=\"fas fa-long-arrow-alt-right\" aria-hidden=\"true\"><\/i><a href=\"https:\/\/lalibertaria.org\/il-caffe-etico-e-libertario-dal-contadino-al-consumatore\/\"><\/a><\/div><div class=\"eael-entry-thumbnail \">\n                            <img loading=\"lazy\" decoding=\"async\" width=\"150\" height=\"150\" src=\"data:image\/gif;base64,R0lGODlhAQABAIAAAAAAAP\/\/\/yH5BAEAAAAALAAAAAABAAEAAAIBRAA7\" data-src=\"https:\/\/lalibertaria.org\/wp-content\/uploads\/2023\/01\/immaginec-150x150.jpeg\" class=\"attachment-thumbnail size-thumbnail wp-image-6288 lazyload\" alt=\"\" style=\"width:100%;height:94.46%;max-width:1355px\" \/><noscript><img loading=\"lazy\" decoding=\"async\" width=\"150\" height=\"150\" src=\"https:\/\/lalibertaria.org\/wp-content\/uploads\/2023\/01\/immaginec-150x150.jpeg\" class=\"attachment-thumbnail size-thumbnail wp-image-6288 lazyload\" alt=\"\" style=\"width:100%;height:94.46%;max-width:1355px\" srcset=\"https:\/\/lalibertaria.org\/wp-content\/uploads\/2023\/01\/immaginec-150x150.jpeg 150w, https:\/\/lalibertaria.org\/wp-content\/uploads\/2023\/01\/immaginec-400x400.jpeg 400w, https:\/\/lalibertaria.org\/wp-content\/uploads\/2023\/01\/immaginec-450x450.jpeg 450w, https:\/\/lalibertaria.org\/wp-content\/uploads\/2023\/01\/immaginec-100x100.jpeg 100w\" sizes=\"(max-width: 150px) 100vw, 150px\" \/><\/noscript>\n                            <\/div>\n                    <\/div><div class=\"eael-entry-wrapper\"><header class=\"eael-entry-header\"><h2 class=\"eael-entry-title\"><a class=\"eael-grid-post-link\" href=\"https:\/\/lalibertaria.org\/il-caffe-etico-e-libertario-dal-contadino-al-consumatore\/\" title=\"Il caff\u00e8 \u201cetico e libertario, dal contadino al consumatore\u201d\">Il caff\u00e8 \u201cetico e libertario, dal contadino al consumatore\u201d<\/a><\/h2><\/header><div class=\"eael-entry-content\">\n                                <div class=\"eael-grid-post-excerpt\"><p>Cooperativa La Libertaria \u2013 Torrefazione Autogestita &#8211; Lecco &#8211; Il caff\u00e8 \u201cetico e libertario, dal contadino al consumatore\u201d By Antonella Pianca &#8211; Categoria: Storie contadine Il progetto della torrefazione artigiana \u201cCooperativa La Libertaria\u201d \u00e8 nato a Lecco nell\u2019estate dell\u2019anno 2020, con l\u2019obiettivo di costruire una realt\u00e0 lavorativa senza gerarchie, che ponga al centro i valori&hellip; Continua a leggere Il caff\u00e8 \u201cetico e libertario, dal contadino al consumatore\u201d<\/p><a href=\"https:\/\/lalibertaria.org\/il-caffe-etico-e-libertario-dal-contadino-al-consumatore\/\" class=\"eael-post-elements-readmore-btn\">Leggi di pi\u00f9<\/a><\/div>\n                            <\/div><\/div><\/div>\n    <\/div>\n<\/article><article class=\"eael-grid-post  eael-post-grid-column eael-pg-post-6021 category-senza-categoria\" data-id=\"6021\">\n    <div class=\"eael-grid-post-holder\">\n        <div class=\"eael-grid-post-holder-inner\"><div class=\"eael-entry-media\"><div class=\"eael-entry-overlay fade-in\"><i class=\"fas fa-long-arrow-alt-right\" aria-hidden=\"true\"><\/i><a href=\"https:\/\/lalibertaria.org\/torrefazione-aperta-4-dicembre-2022\/\"><\/a><\/div><div class=\"eael-entry-thumbnail \">\n                            <img loading=\"lazy\" decoding=\"async\" width=\"150\" height=\"150\" src=\"data:image\/gif;base64,R0lGODlhAQABAIAAAAAAAP\/\/\/yH5BAEAAAAALAAAAAABAAEAAAIBRAA7\" data-src=\"https:\/\/lalibertaria.org\/wp-content\/uploads\/2022\/11\/4dic-150x150.jpg\" class=\"attachment-thumbnail size-thumbnail wp-image-5996 lazyload\" alt=\"\" style=\"width:100%;height:141.44%;max-width:1810px\" \/><noscript><img loading=\"lazy\" decoding=\"async\" width=\"150\" height=\"150\" src=\"https:\/\/lalibertaria.org\/wp-content\/uploads\/2022\/11\/4dic-150x150.jpg\" class=\"attachment-thumbnail size-thumbnail wp-image-5996 lazyload\" alt=\"\" style=\"width:100%;height:141.44%;max-width:1810px\" srcset=\"https:\/\/lalibertaria.org\/wp-content\/uploads\/2022\/11\/4dic-150x150.jpg 150w, https:\/\/lalibertaria.org\/wp-content\/uploads\/2022\/11\/4dic-400x400.jpg 400w, https:\/\/lalibertaria.org\/wp-content\/uploads\/2022\/11\/4dic-450x450.jpg 450w, https:\/\/lalibertaria.org\/wp-content\/uploads\/2022\/11\/4dic-100x100.jpg 100w\" sizes=\"(max-width: 150px) 100vw, 150px\" \/><\/noscript>\n                            <\/div>\n                    <\/div><div class=\"eael-entry-wrapper\"><header class=\"eael-entry-header\"><h2 class=\"eael-entry-title\"><a class=\"eael-grid-post-link\" href=\"https:\/\/lalibertaria.org\/torrefazione-aperta-4-dicembre-2022\/\" title=\"Torrefazione aperta! 4 dicembre 2022\">Torrefazione aperta! 4 dicembre 2022<\/a><\/h2><\/header><div class=\"eael-entry-content\">\n                                <div class=\"eael-grid-post-excerpt\"><p>TORREFAZIONE APERTA! 4 DICEMBRE Giornata di Raccolta Fondi per i lavori in corso Il 4 dicembre si sono aperte le porte de La Libertaria &#8211; Torrefazione Autogestita nel nuovo spazio di via Ettore Monti 23 (comune di Galbiate) a un passo dal ponte Azzone Visconti di Lecco. Questo primo incontro \u00e8 stato dedicato alla Raccolta&hellip; Continua a leggere Torrefazione aperta! 4 dicembre 2022<\/p><a href=\"https:\/\/lalibertaria.org\/torrefazione-aperta-4-dicembre-2022\/\" class=\"eael-post-elements-readmore-btn\">Leggi di pi\u00f9<\/a><\/div>\n                            <\/div><\/div><\/div>\n    <\/div>\n<\/article><article class=\"eael-grid-post  eael-post-grid-column eael-pg-post-4404 category-senza-categoria\" data-id=\"4404\">\n    <div class=\"eael-grid-post-holder\">\n        <div class=\"eael-grid-post-holder-inner\"><div class=\"eael-entry-media\"><div class=\"eael-entry-overlay fade-in\"><i class=\"fas fa-long-arrow-alt-right\" aria-hidden=\"true\"><\/i><a href=\"https:\/\/lalibertaria.org\/assemblee-e-confronti-con-i-produttori-del-cauca\/\"><\/a><\/div><div class=\"eael-entry-thumbnail \">\n                            <img loading=\"lazy\" decoding=\"async\" width=\"150\" height=\"150\" src=\"data:image\/gif;base64,R0lGODlhAQABAIAAAAAAAP\/\/\/yH5BAEAAAAALAAAAAABAAEAAAIBRAA7\" data-src=\"https:\/\/lalibertaria.org\/wp-content\/uploads\/2022\/03\/articolo_cauca-150x150.jpg\" class=\"attachment-thumbnail size-thumbnail wp-image-4409 lazyload\" alt=\"\" style=\"width:100%;height:133.33%;max-width:960px\" \/><noscript><img loading=\"lazy\" decoding=\"async\" width=\"150\" height=\"150\" src=\"https:\/\/lalibertaria.org\/wp-content\/uploads\/2022\/03\/articolo_cauca-150x150.jpg\" class=\"attachment-thumbnail size-thumbnail wp-image-4409 lazyload\" alt=\"\" style=\"width:100%;height:133.33%;max-width:960px\" srcset=\"https:\/\/lalibertaria.org\/wp-content\/uploads\/2022\/03\/articolo_cauca-150x150.jpg 150w, https:\/\/lalibertaria.org\/wp-content\/uploads\/2022\/03\/articolo_cauca-400x400.jpg 400w, https:\/\/lalibertaria.org\/wp-content\/uploads\/2022\/03\/articolo_cauca-450x450.jpg 450w, https:\/\/lalibertaria.org\/wp-content\/uploads\/2022\/03\/articolo_cauca-100x100.jpg 100w\" sizes=\"(max-width: 150px) 100vw, 150px\" \/><\/noscript>\n                            <\/div>\n                    <\/div><div class=\"eael-entry-wrapper\"><header class=\"eael-entry-header\"><h2 class=\"eael-entry-title\"><a class=\"eael-grid-post-link\" href=\"https:\/\/lalibertaria.org\/assemblee-e-confronti-con-i-produttori-del-cauca\/\" title=\"Assemblee e confronti con i produttori del Cauca\">Assemblee e confronti con i produttori del Cauca<\/a><\/h2><\/header><div class=\"eael-entry-content\">\n                                <div class=\"eael-grid-post-excerpt\"><p>In queste settimane stiamo partecipando ad assemblee (online) e confronti con la rete di produttori del nostro caff\u00e8 Arabica proveniente dal massiccio del Cauca in Colombia. Asprovega e Asocal sono le organizzazioni che riuniscono i produttori del caff\u00e8 che importiamo da questa regione. Si tratta di realt\u00e0 coinvolte in prima persona nei movimenti di resistenza&hellip; Continua a leggere Assemblee e confronti con i produttori del Cauca<\/p><a href=\"https:\/\/lalibertaria.org\/assemblee-e-confronti-con-i-produttori-del-cauca\/\" class=\"eael-post-elements-readmore-btn\">Leggi di pi\u00f9<\/a><\/div>\n                            <\/div><\/div><\/div>\n    <\/div>\n<\/article><article class=\"eael-grid-post  eael-post-grid-column eael-pg-post-4203 category-senza-categoria\" data-id=\"4203\">\n    <div class=\"eael-grid-post-holder\">\n        <div class=\"eael-grid-post-holder-inner\"><div class=\"eael-entry-media\"><div class=\"eael-entry-overlay fade-in\"><i class=\"fas fa-long-arrow-alt-right\" aria-hidden=\"true\"><\/i><a href=\"https:\/\/lalibertaria.org\/la-gira-zapatista\/\"><\/a><\/div><div class=\"eael-entry-thumbnail \">\n                            <img loading=\"lazy\" decoding=\"async\" width=\"150\" height=\"150\" src=\"data:image\/gif;base64,R0lGODlhAQABAIAAAAAAAP\/\/\/yH5BAEAAAAALAAAAAABAAEAAAIBRAA7\" data-src=\"https:\/\/lalibertaria.org\/wp-content\/uploads\/2021\/12\/gira-150x150.jpeg\" class=\"attachment-thumbnail size-thumbnail wp-image-4209 lazyload\" alt=\"\" style=\"width:100%;height:150.38%;max-width:526px\" \/><noscript><img loading=\"lazy\" decoding=\"async\" width=\"150\" height=\"150\" src=\"https:\/\/lalibertaria.org\/wp-content\/uploads\/2021\/12\/gira-150x150.jpeg\" class=\"attachment-thumbnail size-thumbnail wp-image-4209 lazyload\" alt=\"\" style=\"width:100%;height:150.38%;max-width:526px\" srcset=\"https:\/\/lalibertaria.org\/wp-content\/uploads\/2021\/12\/gira-150x150.jpeg 150w, https:\/\/lalibertaria.org\/wp-content\/uploads\/2021\/12\/gira-400x400.jpeg 400w, https:\/\/lalibertaria.org\/wp-content\/uploads\/2021\/12\/gira-450x450.jpeg 450w, https:\/\/lalibertaria.org\/wp-content\/uploads\/2021\/12\/gira-100x100.jpeg 100w\" sizes=\"(max-width: 150px) 100vw, 150px\" \/><\/noscript>\n                            <\/div>\n                    <\/div><div class=\"eael-entry-wrapper\"><header class=\"eael-entry-header\"><h2 class=\"eael-entry-title\"><a class=\"eael-grid-post-link\" href=\"https:\/\/lalibertaria.org\/la-gira-zapatista\/\" title=\"La Gira Zapatista\">La Gira Zapatista<\/a><\/h2><\/header><div class=\"eael-entry-content\">\n                                <div class=\"eael-grid-post-excerpt\"><p>E\u2019 di questi giorni la notizia del ritorno a casa dei membri della delegazione della Gira Zapatista por la Vida. Oltre 170 persone, di varie et\u00e0 e identit\u00e0 sessuale, partite fin dalle profondit\u00e0 della selva del Chiapas nel Messico del Sud, hanno raggiunto l\u2019Europa, rinominata dagli stessi Slumil K\u2019ajxemk\u2019op ovvero Terra Indomita. Dopo 27 anni&hellip; Continua a leggere La Gira Zapatista<\/p><a href=\"https:\/\/lalibertaria.org\/la-gira-zapatista\/\" class=\"eael-post-elements-readmore-btn\">Leggi di pi\u00f9<\/a><\/div>\n                            <\/div><\/div><\/div>\n    <\/div>\n<\/article><\/div>\n            <div class=\"clearfix\"><\/div>\n        <\/div>\t\t\t\t<\/div>\n\t\t\t\t<\/div>\n\t\t\t\t\t<\/div>\n\t\t<\/div>\n\t\t\t\t\t<\/div>\n\t\t<\/section>\n\t\t\t\t<section class=\"elementor-section elementor-top-section elementor-element elementor-element-3821d3e elementor-hidden-tablet elementor-section-boxed elementor-section-height-default elementor-section-height-default\" data-id=\"3821d3e\" data-element_type=\"section\" data-e-type=\"section\" data-settings=\"{&quot;background_background&quot;:&quot;classic&quot;}\">\n\t\t\t\t\t\t<div class=\"elementor-container elementor-column-gap-default\">\n\t\t\t\t\t<div class=\"elementor-column elementor-col-33 elementor-top-column elementor-element elementor-element-78940a2\" data-id=\"78940a2\" data-element_type=\"column\" data-e-type=\"column\">\n\t\t\t<div class=\"elementor-widget-wrap elementor-element-populated\">\n\t\t\t\t\t\t<div class=\"elementor-element elementor-element-d60057e elementor-grid-eael-col-1 elementor-grid-tablet-eael-col-2 elementor-grid-mobile-eael-col-1 elementor-widget elementor-widget-eael-post-grid\" data-id=\"d60057e\" data-element_type=\"widget\" data-e-type=\"widget\" data-settings=\"{&quot;eael_post_grid_columns&quot;:&quot;eael-col-1&quot;,&quot;eael_post_grid_columns_tablet&quot;:&quot;eael-col-2&quot;,&quot;eael_post_grid_columns_mobile&quot;:&quot;eael-col-1&quot;}\" data-widget_type=\"eael-post-grid.default\">\n\t\t\t\t<div class=\"elementor-widget-container\">\n\t\t\t\t\t<div id=\"eael-post-grid-d60057e\" class=\"eael-post-grid-container\">\n            <div class=\"eael-post-grid eael-post-appender eael-post-appender-d60057e eael-post-grid-style-two\" data-layout-mode=\"grid\"><article class=\"eael-grid-post  eael-post-grid-column eael-pg-post-7813 category-senza-categoria\" data-id=\"7813\">\n    <div class=\"eael-grid-post-holder\">\n        <div class=\"eael-grid-post-holder-inner\"><div class=\"eael-entry-media\"><div class=\"eael-entry-overlay fade-in\"><i class=\"fas fa-long-arrow-alt-right\" aria-hidden=\"true\"><\/i><a href=\"https:\/\/lalibertaria.org\/e-arrivato-il-caffe-dal-cauca-dal-chiapas-e-lo-zucchero-integrale-di-canna\/\"><\/a><\/div><div class=\"eael-entry-thumbnail \">\n                            <img decoding=\"async\" width=\"150\" height=\"150\" src=\"data:image\/gif;base64,R0lGODlhAQABAIAAAAAAAP\/\/\/yH5BAEAAAAALAAAAAABAAEAAAIBRAA7\" data-src=\"https:\/\/lalibertaria.org\/wp-content\/uploads\/2023\/10\/arrivo-caffe-150x150.png\" class=\"attachment-thumbnail size-thumbnail wp-image-7814 lazyload\" alt=\"\" style=\"width:100%;height:56.25%;max-width:1920px\" \/><noscript><img decoding=\"async\" width=\"150\" height=\"150\" src=\"https:\/\/lalibertaria.org\/wp-content\/uploads\/2023\/10\/arrivo-caffe-150x150.png\" class=\"attachment-thumbnail size-thumbnail wp-image-7814 lazyload\" alt=\"\" style=\"width:100%;height:56.25%;max-width:1920px\" srcset=\"https:\/\/lalibertaria.org\/wp-content\/uploads\/2023\/10\/arrivo-caffe-150x150.png 150w, https:\/\/lalibertaria.org\/wp-content\/uploads\/2023\/10\/arrivo-caffe-400x400.png 400w, https:\/\/lalibertaria.org\/wp-content\/uploads\/2023\/10\/arrivo-caffe-450x450.png 450w, https:\/\/lalibertaria.org\/wp-content\/uploads\/2023\/10\/arrivo-caffe-100x100.png 100w\" sizes=\"(max-width: 150px) 100vw, 150px\" \/><\/noscript>\n                            <\/div>\n                    <\/div><div class=\"eael-entry-wrapper\"><header class=\"eael-entry-header\"><h2 class=\"eael-entry-title\"><a class=\"eael-grid-post-link\" href=\"https:\/\/lalibertaria.org\/e-arrivato-il-caffe-dal-cauca-dal-chiapas-e-lo-zucchero-integrale-di-canna\/\" title=\"\u00c8 arrivato il caff\u00e8 dal Cauca, dal Chiapas e&#8230;. lo zucchero integrale di canna!\">\u00c8 arrivato il caff\u00e8 dal Cauca, dal Chiapas e&#8230;. lo zucchero integrale di canna!<\/a><\/h2><\/header><div class=\"eael-entry-content\">\n                                <div class=\"eael-grid-post-excerpt\"><p>\u00c8 arrivato il caff\u00e8 dal Cauca, dal Chiapas e&#8230;. lo zucchero integrale di canna! Finalmente \u00e8 arrivato! Il nuovo raccolto di caff\u00e8 dai nostri produttori campesinos colombiani e zapatisti del Messico ha varcato le porte della torrefazione. Questo arrivo rappresenta anche la conclusione, dopo un anno di lungo e articolato lavoro e confronto, della nostra&hellip; Continua a leggere \u00c8 arrivato il caff\u00e8 dal Cauca, dal Chiapas e&#8230;. lo zucchero integrale di canna!<\/p><a href=\"https:\/\/lalibertaria.org\/e-arrivato-il-caffe-dal-cauca-dal-chiapas-e-lo-zucchero-integrale-di-canna\/\" class=\"eael-post-elements-readmore-btn\">Leggi di pi\u00f9<\/a><\/div>\n                            <\/div><\/div><\/div>\n    <\/div>\n<\/article><\/div>\n            <div class=\"clearfix\"><\/div>\n        <\/div>            <div class=\"eael-load-more-button-wrap eael-force-hide\">\n                <button class=\"eael-load-more-button\" id=\"eael-load-more-btn-d60057e\" data-widget-id=\"d60057e\" data-widget=\"d60057e\" data-page-id=\"4182\" data-template=\"{&quot;dir&quot;:&quot;lite&quot;,&quot;file_name&quot;:&quot;two.php&quot;,&quot;name&quot;:&quot;Post-Grid&quot;}\" data-class=\"Essential_Addons_Elementor\\Elements\\Post_Grid\" data-layout=\"grid\" data-page=\"1\" data-args=\"orderby=date&amp;order=desc&amp;ignore_sticky_posts=1&amp;post_status=publish&amp;posts_per_page=1&amp;offset=0&amp;post_type=post&amp;author__in%5B0%5D=1&amp;author__in%5B1%5D=2\" data-max-page=\"6\">\n                    <span class=\"eael-btn-loader button__loader\"><\/span>\n                    <span class=\"eael_load_more_text\">Load More<\/span>\n                <\/button>\n            <\/div>\n            \t\t\t\t<\/div>\n\t\t\t\t<\/div>\n\t\t\t\t\t<\/div>\n\t\t<\/div>\n\t\t\t\t<div class=\"elementor-column elementor-col-33 elementor-top-column elementor-element elementor-element-487aae7\" data-id=\"487aae7\" data-element_type=\"column\" data-e-type=\"column\">\n\t\t\t<div class=\"elementor-widget-wrap elementor-element-populated\">\n\t\t\t\t\t\t<div class=\"elementor-element elementor-element-6c9df8d elementor-grid-eael-col-1 elementor-grid-tablet-eael-col-2 elementor-grid-mobile-eael-col-1 elementor-widget elementor-widget-eael-post-grid\" data-id=\"6c9df8d\" data-element_type=\"widget\" data-e-type=\"widget\" data-settings=\"{&quot;eael_post_grid_columns&quot;:&quot;eael-col-1&quot;,&quot;eael_post_grid_columns_tablet&quot;:&quot;eael-col-2&quot;,&quot;eael_post_grid_columns_mobile&quot;:&quot;eael-col-1&quot;}\" data-widget_type=\"eael-post-grid.default\">\n\t\t\t\t<div class=\"elementor-widget-container\">\n\t\t\t\t\t<div id=\"eael-post-grid-6c9df8d\" class=\"eael-post-grid-container\">\n            <div class=\"eael-post-grid eael-post-appender eael-post-appender-6c9df8d eael-post-grid-style-two\" data-layout-mode=\"grid\"><article class=\"eael-grid-post  eael-post-grid-column eael-pg-post-7700 category-senza-categoria\" data-id=\"7700\">\n    <div class=\"eael-grid-post-holder\">\n        <div class=\"eael-grid-post-holder-inner\"><div class=\"eael-entry-media\"><div class=\"eael-entry-overlay fade-in\"><i class=\"fas fa-long-arrow-alt-right\" aria-hidden=\"true\"><\/i><a href=\"https:\/\/lalibertaria.org\/redprozapa-meeting-ottobre-2023\/\"><\/a><\/div><div class=\"eael-entry-thumbnail \">\n                            <img decoding=\"async\" width=\"150\" height=\"150\" src=\"data:image\/gif;base64,R0lGODlhAQABAIAAAAAAAP\/\/\/yH5BAEAAAAALAAAAAABAAEAAAIBRAA7\" data-src=\"https:\/\/lalibertaria.org\/wp-content\/uploads\/2023\/10\/rpz_m_n-150x150.jpg\" class=\"attachment-thumbnail size-thumbnail wp-image-7702 lazyload\" alt=\"\" style=\"width:100%;height:75%;max-width:1024px\" \/><noscript><img loading=\"lazy\" decoding=\"async\" width=\"150\" height=\"150\" src=\"https:\/\/lalibertaria.org\/wp-content\/uploads\/2023\/10\/rpz_m_n-150x150.jpg\" class=\"attachment-thumbnail size-thumbnail wp-image-7702 lazyload\" alt=\"\" style=\"width:100%;height:75%;max-width:1024px\" srcset=\"https:\/\/lalibertaria.org\/wp-content\/uploads\/2023\/10\/rpz_m_n-150x150.jpg 150w, https:\/\/lalibertaria.org\/wp-content\/uploads\/2023\/10\/rpz_m_n-400x400.jpg 400w, https:\/\/lalibertaria.org\/wp-content\/uploads\/2023\/10\/rpz_m_n-450x450.jpg 450w, https:\/\/lalibertaria.org\/wp-content\/uploads\/2023\/10\/rpz_m_n-100x100.jpg 100w\" sizes=\"(max-width: 150px) 100vw, 150px\" \/><\/noscript>\n                            <\/div>\n                    <\/div><div class=\"eael-entry-wrapper\"><header class=\"eael-entry-header\"><h2 class=\"eael-entry-title\"><a class=\"eael-grid-post-link\" href=\"https:\/\/lalibertaria.org\/redprozapa-meeting-ottobre-2023\/\" title=\"RedProZapa meeting &#8211; ottobre 2023\">RedProZapa meeting &#8211; ottobre 2023<\/a><\/h2><\/header><div class=\"eael-entry-content\">\n                                <div class=\"eael-grid-post-excerpt\"><p>RedProZapa metting &#8211; ottobre 2023 Questo fine settimana abbiamo avuto il piacere di ospitare il meeting annuale della RedProZapa &#8211; Solidarity Network. La rete \u00e8 composta da un insieme informale di collettivi, associazioni e realt\u00e0 che, attraverso l\u2019importazione e la distribuzione del caff\u00e8 prodotto nei territori zapatisti, contribuiscono al sostegno della causa rivoluzionaria zapatista nello&hellip; Continua a leggere RedProZapa meeting &#8211; ottobre 2023<\/p><a href=\"https:\/\/lalibertaria.org\/redprozapa-meeting-ottobre-2023\/\" class=\"eael-post-elements-readmore-btn\">Leggi di pi\u00f9<\/a><\/div>\n                            <\/div><\/div><\/div>\n    <\/div>\n<\/article><\/div>\n            <div class=\"clearfix\"><\/div>\n        <\/div>            <div class=\"eael-load-more-button-wrap eael-force-hide\">\n                <button class=\"eael-load-more-button\" id=\"eael-load-more-btn-6c9df8d\" data-widget-id=\"6c9df8d\" data-widget=\"6c9df8d\" data-page-id=\"4182\" data-template=\"{&quot;dir&quot;:&quot;lite&quot;,&quot;file_name&quot;:&quot;two.php&quot;,&quot;name&quot;:&quot;Post-Grid&quot;}\" data-class=\"Essential_Addons_Elementor\\Elements\\Post_Grid\" data-layout=\"grid\" data-page=\"1\" data-args=\"orderby=date&amp;order=desc&amp;ignore_sticky_posts=1&amp;post_status=publish&amp;posts_per_page=1&amp;offset=1&amp;post_type=post&amp;author__in%5B0%5D=1&amp;author__in%5B1%5D=2\" data-max-page=\"5\">\n                    <span class=\"eael-btn-loader button__loader\"><\/span>\n                    <span class=\"eael_load_more_text\">Load More<\/span>\n                <\/button>\n            <\/div>\n            \t\t\t\t<\/div>\n\t\t\t\t<\/div>\n\t\t\t\t\t<\/div>\n\t\t<\/div>\n\t\t\t\t<div class=\"elementor-column elementor-col-33 elementor-top-column elementor-element elementor-element-47ed9cc\" data-id=\"47ed9cc\" data-element_type=\"column\" data-e-type=\"column\">\n\t\t\t<div class=\"elementor-widget-wrap elementor-element-populated\">\n\t\t\t\t\t\t<div class=\"elementor-element elementor-element-910a916 elementor-grid-eael-col-1 elementor-grid-tablet-eael-col-2 elementor-grid-mobile-eael-col-1 elementor-widget elementor-widget-eael-post-grid\" data-id=\"910a916\" data-element_type=\"widget\" data-e-type=\"widget\" data-settings=\"{&quot;eael_post_grid_columns&quot;:&quot;eael-col-1&quot;,&quot;eael_post_grid_columns_tablet&quot;:&quot;eael-col-2&quot;,&quot;eael_post_grid_columns_mobile&quot;:&quot;eael-col-1&quot;}\" data-widget_type=\"eael-post-grid.default\">\n\t\t\t\t<div class=\"elementor-widget-container\">\n\t\t\t\t\t<div id=\"eael-post-grid-910a916\" class=\"eael-post-grid-container\">\n            <div class=\"eael-post-grid eael-post-appender eael-post-appender-910a916 eael-post-grid-style-two\" data-layout-mode=\"grid\"><article class=\"eael-grid-post  eael-post-grid-column eael-pg-post-6201 category-senza-categoria\" data-id=\"6201\">\n    <div class=\"eael-grid-post-holder\">\n        <div class=\"eael-grid-post-holder-inner\"><div class=\"eael-entry-media\"><div class=\"eael-entry-overlay fade-in\"><i class=\"fas fa-long-arrow-alt-right\" aria-hidden=\"true\"><\/i><a href=\"https:\/\/lalibertaria.org\/il-caffe-etico-e-libertario-dal-contadino-al-consumatore\/\"><\/a><\/div><div class=\"eael-entry-thumbnail \">\n                            <img loading=\"lazy\" decoding=\"async\" width=\"150\" height=\"150\" src=\"data:image\/gif;base64,R0lGODlhAQABAIAAAAAAAP\/\/\/yH5BAEAAAAALAAAAAABAAEAAAIBRAA7\" data-src=\"https:\/\/lalibertaria.org\/wp-content\/uploads\/2023\/01\/immaginec-150x150.jpeg\" class=\"attachment-thumbnail size-thumbnail wp-image-6288 lazyload\" alt=\"\" style=\"width:100%;height:94.46%;max-width:1355px\" \/><noscript><img loading=\"lazy\" decoding=\"async\" width=\"150\" height=\"150\" src=\"https:\/\/lalibertaria.org\/wp-content\/uploads\/2023\/01\/immaginec-150x150.jpeg\" class=\"attachment-thumbnail size-thumbnail wp-image-6288 lazyload\" alt=\"\" style=\"width:100%;height:94.46%;max-width:1355px\" srcset=\"https:\/\/lalibertaria.org\/wp-content\/uploads\/2023\/01\/immaginec-150x150.jpeg 150w, https:\/\/lalibertaria.org\/wp-content\/uploads\/2023\/01\/immaginec-400x400.jpeg 400w, https:\/\/lalibertaria.org\/wp-content\/uploads\/2023\/01\/immaginec-450x450.jpeg 450w, https:\/\/lalibertaria.org\/wp-content\/uploads\/2023\/01\/immaginec-100x100.jpeg 100w\" sizes=\"(max-width: 150px) 100vw, 150px\" \/><\/noscript>\n                            <\/div>\n                    <\/div><div class=\"eael-entry-wrapper\"><header class=\"eael-entry-header\"><h2 class=\"eael-entry-title\"><a class=\"eael-grid-post-link\" href=\"https:\/\/lalibertaria.org\/il-caffe-etico-e-libertario-dal-contadino-al-consumatore\/\" title=\"Il caff\u00e8 \u201cetico e libertario, dal contadino al consumatore\u201d\">Il caff\u00e8 \u201cetico e libertario, dal contadino al consumatore\u201d<\/a><\/h2><\/header><div class=\"eael-entry-content\">\n                                <div class=\"eael-grid-post-excerpt\"><p>Cooperativa La Libertaria \u2013 Torrefazione Autogestita &#8211; Lecco &#8211; Il caff\u00e8 \u201cetico e libertario, dal contadino al consumatore\u201d By Antonella Pianca &#8211; Categoria: Storie contadine Il progetto della torrefazione artigiana \u201cCooperativa La Libertaria\u201d \u00e8 nato a Lecco nell\u2019estate dell\u2019anno 2020, con l\u2019obiettivo di costruire una realt\u00e0 lavorativa senza gerarchie, che ponga al centro i valori&hellip; Continua a leggere Il caff\u00e8 \u201cetico e libertario, dal contadino al consumatore\u201d<\/p><a href=\"https:\/\/lalibertaria.org\/il-caffe-etico-e-libertario-dal-contadino-al-consumatore\/\" class=\"eael-post-elements-readmore-btn\">Leggi di pi\u00f9<\/a><\/div>\n                            <\/div><\/div><\/div>\n    <\/div>\n<\/article><\/div>\n            <div class=\"clearfix\"><\/div>\n        <\/div>            <div class=\"eael-load-more-button-wrap eael-force-hide\">\n                <button class=\"eael-load-more-button\" id=\"eael-load-more-btn-910a916\" data-widget-id=\"910a916\" data-widget=\"910a916\" data-page-id=\"4182\" data-template=\"{&quot;dir&quot;:&quot;lite&quot;,&quot;file_name&quot;:&quot;two.php&quot;,&quot;name&quot;:&quot;Post-Grid&quot;}\" data-class=\"Essential_Addons_Elementor\\Elements\\Post_Grid\" data-layout=\"grid\" data-page=\"1\" data-args=\"orderby=date&amp;order=desc&amp;ignore_sticky_posts=1&amp;post_status=publish&amp;posts_per_page=1&amp;offset=2&amp;post_type=post&amp;author__in%5B0%5D=1&amp;author__in%5B1%5D=2\" data-max-page=\"4\">\n                    <span class=\"eael-btn-loader button__loader\"><\/span>\n                    <span class=\"eael_load_more_text\">Load More<\/span>\n                <\/button>\n            <\/div>\n            \t\t\t\t<\/div>\n\t\t\t\t<\/div>\n\t\t\t\t\t<\/div>\n\t\t<\/div>\n\t\t\t\t\t<\/div>\n\t\t<\/section>\n\t\t\t\t<section class=\"elementor-section elementor-top-section elementor-element elementor-element-a4c94a3 elementor-hidden-tablet elementor-section-boxed elementor-section-height-default elementor-section-height-default\" data-id=\"a4c94a3\" data-element_type=\"section\" data-e-type=\"section\" data-settings=\"{&quot;background_background&quot;:&quot;classic&quot;}\">\n\t\t\t\t\t\t<div class=\"elementor-container elementor-column-gap-default\">\n\t\t\t\t\t<div class=\"elementor-column elementor-col-33 elementor-top-column elementor-element elementor-element-da1a2f0\" data-id=\"da1a2f0\" data-element_type=\"column\" data-e-type=\"column\">\n\t\t\t<div class=\"elementor-widget-wrap elementor-element-populated\">\n\t\t\t\t\t\t<div class=\"elementor-element elementor-element-74b3867 elementor-grid-eael-col-1 elementor-grid-tablet-eael-col-2 elementor-grid-mobile-eael-col-1 elementor-widget elementor-widget-eael-post-grid\" data-id=\"74b3867\" data-element_type=\"widget\" data-e-type=\"widget\" data-settings=\"{&quot;eael_post_grid_columns&quot;:&quot;eael-col-1&quot;,&quot;eael_post_grid_columns_tablet&quot;:&quot;eael-col-2&quot;,&quot;eael_post_grid_columns_mobile&quot;:&quot;eael-col-1&quot;}\" data-widget_type=\"eael-post-grid.default\">\n\t\t\t\t<div class=\"elementor-widget-container\">\n\t\t\t\t\t<div id=\"eael-post-grid-74b3867\" class=\"eael-post-grid-container\">\n            <div class=\"eael-post-grid eael-post-appender eael-post-appender-74b3867 eael-post-grid-style-two\" data-layout-mode=\"grid\"><article class=\"eael-grid-post  eael-post-grid-column eael-pg-post-6021 category-senza-categoria\" data-id=\"6021\">\n    <div class=\"eael-grid-post-holder\">\n        <div class=\"eael-grid-post-holder-inner\"><div class=\"eael-entry-media\"><div class=\"eael-entry-overlay fade-in\"><i class=\"fas fa-long-arrow-alt-right\" aria-hidden=\"true\"><\/i><a href=\"https:\/\/lalibertaria.org\/torrefazione-aperta-4-dicembre-2022\/\"><\/a><\/div><div class=\"eael-entry-thumbnail \">\n                            <img loading=\"lazy\" decoding=\"async\" width=\"150\" height=\"150\" src=\"data:image\/gif;base64,R0lGODlhAQABAIAAAAAAAP\/\/\/yH5BAEAAAAALAAAAAABAAEAAAIBRAA7\" data-src=\"https:\/\/lalibertaria.org\/wp-content\/uploads\/2022\/11\/4dic-150x150.jpg\" class=\"attachment-thumbnail size-thumbnail wp-image-5996 lazyload\" alt=\"\" style=\"width:100%;height:141.44%;max-width:1810px\" \/><noscript><img loading=\"lazy\" decoding=\"async\" width=\"150\" height=\"150\" src=\"https:\/\/lalibertaria.org\/wp-content\/uploads\/2022\/11\/4dic-150x150.jpg\" class=\"attachment-thumbnail size-thumbnail wp-image-5996 lazyload\" alt=\"\" style=\"width:100%;height:141.44%;max-width:1810px\" srcset=\"https:\/\/lalibertaria.org\/wp-content\/uploads\/2022\/11\/4dic-150x150.jpg 150w, https:\/\/lalibertaria.org\/wp-content\/uploads\/2022\/11\/4dic-400x400.jpg 400w, https:\/\/lalibertaria.org\/wp-content\/uploads\/2022\/11\/4dic-450x450.jpg 450w, https:\/\/lalibertaria.org\/wp-content\/uploads\/2022\/11\/4dic-100x100.jpg 100w\" sizes=\"(max-width: 150px) 100vw, 150px\" \/><\/noscript>\n                            <\/div>\n                    <\/div><div class=\"eael-entry-wrapper\"><header class=\"eael-entry-header\"><h2 class=\"eael-entry-title\"><a class=\"eael-grid-post-link\" href=\"https:\/\/lalibertaria.org\/torrefazione-aperta-4-dicembre-2022\/\" title=\"Torrefazione aperta! 4 dicembre 2022\">Torrefazione aperta! 4 dicembre 2022<\/a><\/h2><\/header><div class=\"eael-entry-content\">\n                                <div class=\"eael-grid-post-excerpt\"><p>TORREFAZIONE APERTA! 4 DICEMBRE Giornata di Raccolta Fondi per i lavori in corso Il 4 dicembre si sono aperte le porte de La Libertaria &#8211; Torrefazione Autogestita nel nuovo spazio di via Ettore Monti 23 (comune di Galbiate) a un passo dal ponte Azzone Visconti di Lecco. Questo primo incontro \u00e8 stato dedicato alla Raccolta&hellip; Continua a leggere Torrefazione aperta! 4 dicembre 2022<\/p><a href=\"https:\/\/lalibertaria.org\/torrefazione-aperta-4-dicembre-2022\/\" class=\"eael-post-elements-readmore-btn\">Leggi di pi\u00f9<\/a><\/div>\n                            <\/div><\/div><\/div>\n    <\/div>\n<\/article><\/div>\n            <div class=\"clearfix\"><\/div>\n        <\/div>            <div class=\"eael-load-more-button-wrap eael-force-hide\">\n                <button class=\"eael-load-more-button\" id=\"eael-load-more-btn-74b3867\" data-widget-id=\"74b3867\" data-widget=\"74b3867\" data-page-id=\"4182\" data-template=\"{&quot;dir&quot;:&quot;lite&quot;,&quot;file_name&quot;:&quot;two.php&quot;,&quot;name&quot;:&quot;Post-Grid&quot;}\" data-class=\"Essential_Addons_Elementor\\Elements\\Post_Grid\" data-layout=\"grid\" data-page=\"1\" data-args=\"orderby=date&amp;order=desc&amp;ignore_sticky_posts=1&amp;post_status=publish&amp;posts_per_page=1&amp;offset=3&amp;post_type=post&amp;author__in%5B0%5D=1&amp;author__in%5B1%5D=2\" data-max-page=\"3\">\n                    <span class=\"eael-btn-loader button__loader\"><\/span>\n                    <span class=\"eael_load_more_text\">Load More<\/span>\n                <\/button>\n            <\/div>\n            \t\t\t\t<\/div>\n\t\t\t\t<\/div>\n\t\t\t\t\t<\/div>\n\t\t<\/div>\n\t\t\t\t<div class=\"elementor-column elementor-col-33 elementor-top-column elementor-element elementor-element-fbb78c1\" data-id=\"fbb78c1\" data-element_type=\"column\" data-e-type=\"column\">\n\t\t\t<div class=\"elementor-widget-wrap elementor-element-populated\">\n\t\t\t\t\t\t<div class=\"elementor-element elementor-element-fe86095 elementor-grid-eael-col-1 elementor-grid-tablet-eael-col-2 elementor-grid-mobile-eael-col-1 elementor-widget elementor-widget-eael-post-grid\" data-id=\"fe86095\" data-element_type=\"widget\" data-e-type=\"widget\" data-settings=\"{&quot;eael_post_grid_columns&quot;:&quot;eael-col-1&quot;,&quot;eael_post_grid_columns_tablet&quot;:&quot;eael-col-2&quot;,&quot;eael_post_grid_columns_mobile&quot;:&quot;eael-col-1&quot;}\" data-widget_type=\"eael-post-grid.default\">\n\t\t\t\t<div class=\"elementor-widget-container\">\n\t\t\t\t\t<div id=\"eael-post-grid-fe86095\" class=\"eael-post-grid-container\">\n            <div class=\"eael-post-grid eael-post-appender eael-post-appender-fe86095 eael-post-grid-style-two\" data-layout-mode=\"grid\"><article class=\"eael-grid-post  eael-post-grid-column eael-pg-post-4404 category-senza-categoria\" data-id=\"4404\">\n    <div class=\"eael-grid-post-holder\">\n        <div class=\"eael-grid-post-holder-inner\"><div class=\"eael-entry-media\"><div class=\"eael-entry-overlay fade-in\"><i class=\"fas fa-long-arrow-alt-right\" aria-hidden=\"true\"><\/i><a href=\"https:\/\/lalibertaria.org\/assemblee-e-confronti-con-i-produttori-del-cauca\/\"><\/a><\/div><div class=\"eael-entry-thumbnail \">\n                            <img loading=\"lazy\" decoding=\"async\" width=\"150\" height=\"150\" src=\"data:image\/gif;base64,R0lGODlhAQABAIAAAAAAAP\/\/\/yH5BAEAAAAALAAAAAABAAEAAAIBRAA7\" data-src=\"https:\/\/lalibertaria.org\/wp-content\/uploads\/2022\/03\/articolo_cauca-150x150.jpg\" class=\"attachment-thumbnail size-thumbnail wp-image-4409 lazyload\" alt=\"\" style=\"width:100%;height:133.33%;max-width:960px\" \/><noscript><img loading=\"lazy\" decoding=\"async\" width=\"150\" height=\"150\" src=\"https:\/\/lalibertaria.org\/wp-content\/uploads\/2022\/03\/articolo_cauca-150x150.jpg\" class=\"attachment-thumbnail size-thumbnail wp-image-4409 lazyload\" alt=\"\" style=\"width:100%;height:133.33%;max-width:960px\" srcset=\"https:\/\/lalibertaria.org\/wp-content\/uploads\/2022\/03\/articolo_cauca-150x150.jpg 150w, https:\/\/lalibertaria.org\/wp-content\/uploads\/2022\/03\/articolo_cauca-400x400.jpg 400w, https:\/\/lalibertaria.org\/wp-content\/uploads\/2022\/03\/articolo_cauca-450x450.jpg 450w, https:\/\/lalibertaria.org\/wp-content\/uploads\/2022\/03\/articolo_cauca-100x100.jpg 100w\" sizes=\"(max-width: 150px) 100vw, 150px\" \/><\/noscript>\n                            <\/div>\n                    <\/div><div class=\"eael-entry-wrapper\"><header class=\"eael-entry-header\"><h2 class=\"eael-entry-title\"><a class=\"eael-grid-post-link\" href=\"https:\/\/lalibertaria.org\/assemblee-e-confronti-con-i-produttori-del-cauca\/\" title=\"Assemblee e confronti con i produttori del Cauca\">Assemblee e confronti con i produttori del Cauca<\/a><\/h2><\/header><div class=\"eael-entry-content\">\n                                <div class=\"eael-grid-post-excerpt\"><p>In queste settimane stiamo partecipando ad assemblee (online) e confronti con la rete di produttori del nostro caff\u00e8 Arabica proveniente dal massiccio del Cauca in Colombia. Asprovega e Asocal sono le organizzazioni che riuniscono i produttori del caff\u00e8 che importiamo da questa regione. Si tratta di realt\u00e0 coinvolte in prima persona nei movimenti di resistenza&hellip; Continua a leggere Assemblee e confronti con i produttori del Cauca<\/p><a href=\"https:\/\/lalibertaria.org\/assemblee-e-confronti-con-i-produttori-del-cauca\/\" class=\"eael-post-elements-readmore-btn\">Leggi di pi\u00f9<\/a><\/div>\n                            <\/div><\/div><\/div>\n    <\/div>\n<\/article><\/div>\n            <div class=\"clearfix\"><\/div>\n        <\/div>            <div class=\"eael-load-more-button-wrap eael-force-hide\">\n                <button class=\"eael-load-more-button\" id=\"eael-load-more-btn-fe86095\" data-widget-id=\"fe86095\" data-widget=\"fe86095\" data-page-id=\"4182\" data-template=\"{&quot;dir&quot;:&quot;lite&quot;,&quot;file_name&quot;:&quot;two.php&quot;,&quot;name&quot;:&quot;Post-Grid&quot;}\" data-class=\"Essential_Addons_Elementor\\Elements\\Post_Grid\" data-layout=\"grid\" data-page=\"1\" data-args=\"orderby=date&amp;order=desc&amp;ignore_sticky_posts=1&amp;post_status=publish&amp;posts_per_page=1&amp;offset=4&amp;post_type=post&amp;author__in%5B0%5D=1&amp;author__in%5B1%5D=2\" data-max-page=\"2\">\n                    <span class=\"eael-btn-loader button__loader\"><\/span>\n                    <span class=\"eael_load_more_text\">Load More<\/span>\n                <\/button>\n            <\/div>\n            \t\t\t\t<\/div>\n\t\t\t\t<\/div>\n\t\t\t\t\t<\/div>\n\t\t<\/div>\n\t\t\t\t<div class=\"elementor-column elementor-col-33 elementor-top-column elementor-element elementor-element-ebcc77a\" data-id=\"ebcc77a\" data-element_type=\"column\" data-e-type=\"column\">\n\t\t\t<div class=\"elementor-widget-wrap elementor-element-populated\">\n\t\t\t\t\t\t<div class=\"elementor-element elementor-element-a78d7bd elementor-grid-eael-col-1 elementor-grid-tablet-eael-col-2 elementor-grid-mobile-eael-col-1 elementor-widget elementor-widget-eael-post-grid\" data-id=\"a78d7bd\" data-element_type=\"widget\" data-e-type=\"widget\" data-settings=\"{&quot;eael_post_grid_columns&quot;:&quot;eael-col-1&quot;,&quot;eael_post_grid_columns_tablet&quot;:&quot;eael-col-2&quot;,&quot;eael_post_grid_columns_mobile&quot;:&quot;eael-col-1&quot;}\" data-widget_type=\"eael-post-grid.default\">\n\t\t\t\t<div class=\"elementor-widget-container\">\n\t\t\t\t\t<div id=\"eael-post-grid-a78d7bd\" class=\"eael-post-grid-container\">\n            <div class=\"eael-post-grid eael-post-appender eael-post-appender-a78d7bd eael-post-grid-style-two\" data-layout-mode=\"grid\"><article class=\"eael-grid-post  eael-post-grid-column eael-pg-post-4203 category-senza-categoria\" data-id=\"4203\">\n    <div class=\"eael-grid-post-holder\">\n        <div class=\"eael-grid-post-holder-inner\"><div class=\"eael-entry-media\"><div class=\"eael-entry-overlay fade-in\"><i class=\"fas fa-long-arrow-alt-right\" aria-hidden=\"true\"><\/i><a href=\"https:\/\/lalibertaria.org\/la-gira-zapatista\/\"><\/a><\/div><div class=\"eael-entry-thumbnail \">\n                            <img loading=\"lazy\" decoding=\"async\" width=\"150\" height=\"150\" src=\"data:image\/gif;base64,R0lGODlhAQABAIAAAAAAAP\/\/\/yH5BAEAAAAALAAAAAABAAEAAAIBRAA7\" data-src=\"https:\/\/lalibertaria.org\/wp-content\/uploads\/2021\/12\/gira-150x150.jpeg\" class=\"attachment-thumbnail size-thumbnail wp-image-4209 lazyload\" alt=\"\" style=\"width:100%;height:150.38%;max-width:526px\" \/><noscript><img loading=\"lazy\" decoding=\"async\" width=\"150\" height=\"150\" src=\"https:\/\/lalibertaria.org\/wp-content\/uploads\/2021\/12\/gira-150x150.jpeg\" class=\"attachment-thumbnail size-thumbnail wp-image-4209 lazyload\" alt=\"\" style=\"width:100%;height:150.38%;max-width:526px\" srcset=\"https:\/\/lalibertaria.org\/wp-content\/uploads\/2021\/12\/gira-150x150.jpeg 150w, https:\/\/lalibertaria.org\/wp-content\/uploads\/2021\/12\/gira-400x400.jpeg 400w, https:\/\/lalibertaria.org\/wp-content\/uploads\/2021\/12\/gira-450x450.jpeg 450w, https:\/\/lalibertaria.org\/wp-content\/uploads\/2021\/12\/gira-100x100.jpeg 100w\" sizes=\"(max-width: 150px) 100vw, 150px\" \/><\/noscript>\n                            <\/div>\n                    <\/div><div class=\"eael-entry-wrapper\"><header class=\"eael-entry-header\"><h2 class=\"eael-entry-title\"><a class=\"eael-grid-post-link\" href=\"https:\/\/lalibertaria.org\/la-gira-zapatista\/\" title=\"La Gira Zapatista\">La Gira Zapatista<\/a><\/h2><\/header><div class=\"eael-entry-content\">\n                                <div class=\"eael-grid-post-excerpt\"><p>E\u2019 di questi giorni la notizia del ritorno a casa dei membri della delegazione della Gira Zapatista por la Vida. Oltre 170 persone, di varie et\u00e0 e identit\u00e0 sessuale, partite fin dalle profondit\u00e0 della selva del Chiapas nel Messico del Sud, hanno raggiunto l\u2019Europa, rinominata dagli stessi Slumil K\u2019ajxemk\u2019op ovvero Terra Indomita. Dopo 27 anni&hellip; Continua a leggere La Gira Zapatista<\/p><a href=\"https:\/\/lalibertaria.org\/la-gira-zapatista\/\" class=\"eael-post-elements-readmore-btn\">Leggi di pi\u00f9<\/a><\/div>\n                            <\/div><\/div><\/div>\n    <\/div>\n<\/article><\/div>\n            <div class=\"clearfix\"><\/div>\n        <\/div>\t\t\t\t<\/div>\n\t\t\t\t<\/div>\n\t\t\t\t\t<\/div>\n\t\t<\/div>\n\t\t\t\t\t<\/div>\n\t\t<\/section>\n\t\t\t\t<\/div>\n\t\t","protected":false},"excerpt":{"rendered":"<p>Notizie \u00c8 arrivato il caff\u00e8 dal Cauca, dal Chiapas e&#8230;. lo zucchero integrale di canna! \u00c8 arrivato il caff\u00e8 dal Cauca, dal Chiapas e&#8230;. lo zucchero integrale di canna! Finalmente \u00e8 arrivato! Il nuovo raccolto di caff\u00e8 dai nostri produttori campesinos colombiani e zapatisti del Messico ha varcato le porte della torrefazione. Questo arrivo rappresenta&hellip; <a class=\"more-link\" href=\"https:\/\/lalibertaria.org\/la-gira-zapatista\/\">Continua a leggere <span class=\"screen-reader-text\">La Gira Zapatista<\/span><\/a><\/p>\n","protected":false},"author":1,"featured_media":0,"parent":0,"menu_order":0,"comment_status":"closed","ping_status":"closed","template":"elementor_canvas","meta":{"footnotes":""},"class_list":["post-4182","page","type-page","status-publish","hentry","entry"],"yoast_head":"<!-- This site is optimized with the Yoast SEO plugin v27.1.1 - https:\/\/yoast.com\/product\/yoast-seo-wordpress\/ -->\n<title>Notizie - La Libertaria<\/title>\n<meta name=\"description\" content=\"Sezione dedicata ad aggiornamenti, viaggi e notizie.\" \/>\n<meta name=\"robots\" content=\"index, follow, max-snippet:-1, max-image-preview:large, max-video-preview:-1\" \/>\n<link rel=\"canonical\" href=\"https:\/\/lalibertaria.org\/notizie\/\" \/>\n<meta property=\"og:locale\" content=\"it_IT\" \/>\n<meta property=\"og:type\" content=\"article\" \/>\n<meta property=\"og:title\" content=\"Notizie - La Libertaria\" \/>\n<meta property=\"og:description\" content=\"Sezione dedicata ad aggiornamenti, viaggi e notizie.\" \/>\n<meta property=\"og:url\" content=\"https:\/\/lalibertaria.org\/notizie\/\" \/>\n<meta property=\"og:site_name\" content=\"La Libertaria\" \/>\n<meta property=\"article:modified_time\" content=\"2023-10-29T10:56:44+00:00\" \/>\n<meta property=\"og:image\" content=\"http:\/\/lalibertaria.org\/wp-content\/uploads\/2023\/10\/arrivo-caffe-150x150.png\" \/>\n<meta name=\"twitter:card\" content=\"summary_large_image\" \/>\n<meta name=\"twitter:label1\" content=\"Tempo di lettura stimato\" \/>\n\t<meta name=\"twitter:data1\" content=\"10 minuti\" \/>\n<script type=\"application\/ld+json\" class=\"yoast-schema-graph\">{\"@context\":\"https:\/\/schema.org\",\"@graph\":[{\"@type\":\"WebPage\",\"@id\":\"https:\/\/lalibertaria.org\/notizie\/\",\"url\":\"https:\/\/lalibertaria.org\/notizie\/\",\"name\":\"Notizie - La Libertaria\",\"isPartOf\":{\"@id\":\"https:\/\/lalibertaria.org\/#website\"},\"primaryImageOfPage\":{\"@id\":\"https:\/\/lalibertaria.org\/notizie\/#primaryimage\"},\"image\":{\"@id\":\"https:\/\/lalibertaria.org\/notizie\/#primaryimage\"},\"thumbnailUrl\":\"http:\/\/lalibertaria.org\/wp-content\/uploads\/2023\/10\/arrivo-caffe-150x150.png\",\"datePublished\":\"2021-12-18T10:49:07+00:00\",\"dateModified\":\"2023-10-29T10:56:44+00:00\",\"description\":\"Sezione dedicata ad aggiornamenti, viaggi e notizie.\",\"breadcrumb\":{\"@id\":\"https:\/\/lalibertaria.org\/notizie\/#breadcrumb\"},\"inLanguage\":\"it-IT\",\"potentialAction\":[{\"@type\":\"ReadAction\",\"target\":[\"https:\/\/lalibertaria.org\/notizie\/\"]}]},{\"@type\":\"ImageObject\",\"inLanguage\":\"it-IT\",\"@id\":\"https:\/\/lalibertaria.org\/notizie\/#primaryimage\",\"url\":\"http:\/\/lalibertaria.org\/wp-content\/uploads\/2023\/10\/arrivo-caffe-150x150.png\",\"contentUrl\":\"http:\/\/lalibertaria.org\/wp-content\/uploads\/2023\/10\/arrivo-caffe-150x150.png\"},{\"@type\":\"BreadcrumbList\",\"@id\":\"https:\/\/lalibertaria.org\/notizie\/#breadcrumb\",\"itemListElement\":[{\"@type\":\"ListItem\",\"position\":1,\"name\":\"Home\",\"item\":\"https:\/\/lalibertaria.org\/\"},{\"@type\":\"ListItem\",\"position\":2,\"name\":\"Notizie\"}]},{\"@type\":\"WebSite\",\"@id\":\"https:\/\/lalibertaria.org\/#website\",\"url\":\"https:\/\/lalibertaria.org\/\",\"name\":\"La Libertaria\",\"description\":\"ETS\",\"publisher\":{\"@id\":\"https:\/\/lalibertaria.org\/#organization\"},\"potentialAction\":[{\"@type\":\"SearchAction\",\"target\":{\"@type\":\"EntryPoint\",\"urlTemplate\":\"https:\/\/lalibertaria.org\/?s={search_term_string}\"},\"query-input\":{\"@type\":\"PropertyValueSpecification\",\"valueRequired\":true,\"valueName\":\"search_term_string\"}}],\"inLanguage\":\"it-IT\"},{\"@type\":\"Organization\",\"@id\":\"https:\/\/lalibertaria.org\/#organization\",\"name\":\"La Libertaria\",\"url\":\"https:\/\/lalibertaria.org\/\",\"logo\":{\"@type\":\"ImageObject\",\"inLanguage\":\"it-IT\",\"@id\":\"https:\/\/lalibertaria.org\/#\/schema\/logo\/image\/\",\"url\":\"https:\/\/lalibertaria.org\/wp-content\/uploads\/2021\/05\/FAVICON.jpg\",\"contentUrl\":\"https:\/\/lalibertaria.org\/wp-content\/uploads\/2021\/05\/FAVICON.jpg\",\"width\":515,\"height\":491,\"caption\":\"La Libertaria\"},\"image\":{\"@id\":\"https:\/\/lalibertaria.org\/#\/schema\/logo\/image\/\"}}]}<\/script>\n<!-- \/ Yoast SEO plugin. -->","yoast_head_json":{"title":"Notizie - La Libertaria","description":"Sezione dedicata ad aggiornamenti, viaggi e notizie.","robots":{"index":"index","follow":"follow","max-snippet":"max-snippet:-1","max-image-preview":"max-image-preview:large","max-video-preview":"max-video-preview:-1"},"canonical":"https:\/\/lalibertaria.org\/notizie\/","og_locale":"it_IT","og_type":"article","og_title":"Notizie - La Libertaria","og_description":"Sezione dedicata ad aggiornamenti, viaggi e notizie.","og_url":"https:\/\/lalibertaria.org\/notizie\/","og_site_name":"La Libertaria","article_modified_time":"2023-10-29T10:56:44+00:00","og_image":[{"url":"http:\/\/lalibertaria.org\/wp-content\/uploads\/2023\/10\/arrivo-caffe-150x150.png","type":"","width":"","height":""}],"twitter_card":"summary_large_image","twitter_misc":{"Tempo di lettura stimato":"10 minuti"},"schema":{"@context":"https:\/\/schema.org","@graph":[{"@type":"WebPage","@id":"https:\/\/lalibertaria.org\/notizie\/","url":"https:\/\/lalibertaria.org\/notizie\/","name":"Notizie - La Libertaria","isPartOf":{"@id":"https:\/\/lalibertaria.org\/#website"},"primaryImageOfPage":{"@id":"https:\/\/lalibertaria.org\/notizie\/#primaryimage"},"image":{"@id":"https:\/\/lalibertaria.org\/notizie\/#primaryimage"},"thumbnailUrl":"http:\/\/lalibertaria.org\/wp-content\/uploads\/2023\/10\/arrivo-caffe-150x150.png","datePublished":"2021-12-18T10:49:07+00:00","dateModified":"2023-10-29T10:56:44+00:00","description":"Sezione dedicata ad aggiornamenti, viaggi e notizie.","breadcrumb":{"@id":"https:\/\/lalibertaria.org\/notizie\/#breadcrumb"},"inLanguage":"it-IT","potentialAction":[{"@type":"ReadAction","target":["https:\/\/lalibertaria.org\/notizie\/"]}]},{"@type":"ImageObject","inLanguage":"it-IT","@id":"https:\/\/lalibertaria.org\/notizie\/#primaryimage","url":"http:\/\/lalibertaria.org\/wp-content\/uploads\/2023\/10\/arrivo-caffe-150x150.png","contentUrl":"http:\/\/lalibertaria.org\/wp-content\/uploads\/2023\/10\/arrivo-caffe-150x150.png"},{"@type":"BreadcrumbList","@id":"https:\/\/lalibertaria.org\/notizie\/#breadcrumb","itemListElement":[{"@type":"ListItem","position":1,"name":"Home","item":"https:\/\/lalibertaria.org\/"},{"@type":"ListItem","position":2,"name":"Notizie"}]},{"@type":"WebSite","@id":"https:\/\/lalibertaria.org\/#website","url":"https:\/\/lalibertaria.org\/","name":"La Libertaria","description":"ETS","publisher":{"@id":"https:\/\/lalibertaria.org\/#organization"},"potentialAction":[{"@type":"SearchAction","target":{"@type":"EntryPoint","urlTemplate":"https:\/\/lalibertaria.org\/?s={search_term_string}"},"query-input":{"@type":"PropertyValueSpecification","valueRequired":true,"valueName":"search_term_string"}}],"inLanguage":"it-IT"},{"@type":"Organization","@id":"https:\/\/lalibertaria.org\/#organization","name":"La Libertaria","url":"https:\/\/lalibertaria.org\/","logo":{"@type":"ImageObject","inLanguage":"it-IT","@id":"https:\/\/lalibertaria.org\/#\/schema\/logo\/image\/","url":"https:\/\/lalibertaria.org\/wp-content\/uploads\/2021\/05\/FAVICON.jpg","contentUrl":"https:\/\/lalibertaria.org\/wp-content\/uploads\/2021\/05\/FAVICON.jpg","width":515,"height":491,"caption":"La Libertaria"},"image":{"@id":"https:\/\/lalibertaria.org\/#\/schema\/logo\/image\/"}}]}},"_links":{"self":[{"href":"https:\/\/lalibertaria.org\/wp-json\/wp\/v2\/pages\/4182","targetHints":{"allow":["GET"]}}],"collection":[{"href":"https:\/\/lalibertaria.org\/wp-json\/wp\/v2\/pages"}],"about":[{"href":"https:\/\/lalibertaria.org\/wp-json\/wp\/v2\/types\/page"}],"author":[{"embeddable":true,"href":"https:\/\/lalibertaria.org\/wp-json\/wp\/v2\/users\/1"}],"replies":[{"embeddable":true,"href":"https:\/\/lalibertaria.org\/wp-json\/wp\/v2\/comments?post=4182"}],"version-history":[{"count":107,"href":"https:\/\/lalibertaria.org\/wp-json\/wp\/v2\/pages\/4182\/revisions"}],"predecessor-version":[{"id":7830,"href":"https:\/\/lalibertaria.org\/wp-json\/wp\/v2\/pages\/4182\/revisions\/7830"}],"wp:attachment":[{"href":"https:\/\/lalibertaria.org\/wp-json\/wp\/v2\/media?parent=4182"}],"curies":[{"name":"wp","href":"https:\/\/api.w.org\/{rel}","templated":true}]}}