{"id":2115,"date":"2021-03-19T21:19:05","date_gmt":"2021-03-19T21:19:05","guid":{"rendered":"http:\/\/lalibertaria.org\/?page_id=2115"},"modified":"2026-02-23T09:16:38","modified_gmt":"2026-02-23T09:16:38","slug":"torrefazione-autogestita","status":"publish","type":"page","link":"https:\/\/lalibertaria.org\/","title":{"rendered":"La Libertaria"},"content":{"rendered":"\t\t<div data-elementor-type=\"wp-page\" data-elementor-id=\"2115\" class=\"elementor elementor-2115\" data-elementor-post-type=\"page\">\n\t\t\t\t\t\t<section class=\"elementor-section elementor-top-section elementor-element elementor-element-c51a061 elementor-section-height-min-height elementor-section-items-top elementor-section-boxed elementor-section-height-default\" data-id=\"c51a061\" data-element_type=\"section\" data-e-type=\"section\" data-settings=\"{&quot;background_background&quot;:&quot;classic&quot;,&quot;shape_divider_bottom&quot;:&quot;arrow&quot;}\">\n\t\t\t\t\t<div class=\"elementor-shape elementor-shape-bottom\" aria-hidden=\"true\" data-negative=\"false\">\n\t\t\t<svg xmlns=\"http:\/\/www.w3.org\/2000\/svg\" viewBox=\"0 0 700 10\" preserveAspectRatio=\"none\">\n\t<path class=\"elementor-shape-fill\" d=\"M350,10L340,0h20L350,10z\"\/>\n<\/svg>\t\t<\/div>\n\t\t\t\t\t<div class=\"elementor-container elementor-column-gap-default\">\n\t\t\t\t\t<div class=\"elementor-column elementor-col-33 elementor-top-column elementor-element elementor-element-ce4cacc\" data-id=\"ce4cacc\" data-element_type=\"column\" data-e-type=\"column\">\n\t\t\t<div class=\"elementor-widget-wrap elementor-element-populated\">\n\t\t\t\t\t\t<div class=\"elementor-element elementor-element-2bce184 elementor-widget elementor-widget-image\" data-id=\"2bce184\" data-element_type=\"widget\" data-e-type=\"widget\" data-widget_type=\"image.default\">\n\t\t\t\t<div class=\"elementor-widget-container\">\n\t\t\t\t\t\t\t\t\t\t\t\t\t\t\t<img fetchpriority=\"high\" decoding=\"async\" width=\"462\" height=\"458\" src=\"data:image\/gif;base64,R0lGODlhAQABAIAAAAAAAP\/\/\/yH5BAEAAAAALAAAAAABAAEAAAIBRAA7\" data-src=\"https:\/\/lalibertaria.org\/wp-content\/uploads\/2021\/05\/LOGO-timbro-web.png\" class=\"attachment-large size-large wp-image-3348 lazyload\" alt=\"\" data-srcset=\"https:\/\/lalibertaria.org\/wp-content\/uploads\/2021\/05\/LOGO-timbro-web.png 462w, https:\/\/lalibertaria.org\/wp-content\/uploads\/2021\/05\/LOGO-timbro-web-300x297.png 300w, https:\/\/lalibertaria.org\/wp-content\/uploads\/2021\/05\/LOGO-timbro-web-150x150.png 150w, https:\/\/lalibertaria.org\/wp-content\/uploads\/2021\/05\/LOGO-timbro-web-100x100.png 100w\" sizes=\"(max-width: 462px) 100vw, 462px\" style=\"width:100%;height:99.13%;max-width:462px\" \/><noscript><img decoding=\"async\" width=\"462\" height=\"458\" src=\"https:\/\/lalibertaria.org\/wp-content\/uploads\/2021\/05\/LOGO-timbro-web.png\" class=\"attachment-large size-large wp-image-3348 lazyload\" alt=\"\" srcset=\"https:\/\/lalibertaria.org\/wp-content\/uploads\/2021\/05\/LOGO-timbro-web.png 462w, https:\/\/lalibertaria.org\/wp-content\/uploads\/2021\/05\/LOGO-timbro-web-300x297.png 300w, https:\/\/lalibertaria.org\/wp-content\/uploads\/2021\/05\/LOGO-timbro-web-150x150.png 150w, https:\/\/lalibertaria.org\/wp-content\/uploads\/2021\/05\/LOGO-timbro-web-100x100.png 100w\" sizes=\"(max-width: 462px) 100vw, 462px\" style=\"width:100%;height:99.13%;max-width:462px\" \/><\/noscript>\t\t\t\t\t\t\t\t\t\t\t\t\t\t\t<\/div>\n\t\t\t\t<\/div>\n\t\t\t\t\t<\/div>\n\t\t<\/div>\n\t\t\t\t<div class=\"elementor-column elementor-col-33 elementor-top-column elementor-element elementor-element-aac9c05\" data-id=\"aac9c05\" data-element_type=\"column\" data-e-type=\"column\">\n\t\t\t<div class=\"elementor-widget-wrap\">\n\t\t\t\t\t\t\t<\/div>\n\t\t<\/div>\n\t\t\t\t<div class=\"elementor-column elementor-col-33 elementor-top-column elementor-element elementor-element-7cb40ee\" data-id=\"7cb40ee\" data-element_type=\"column\" data-e-type=\"column\">\n\t\t\t<div class=\"elementor-widget-wrap\">\n\t\t\t\t\t\t\t<\/div>\n\t\t<\/div>\n\t\t\t\t\t<\/div>\n\t\t<\/section>\n\t\t\t\t<section class=\"elementor-section elementor-top-section elementor-element elementor-element-19ec5ae elementor-section-height-min-height elementor-section-boxed elementor-section-height-default elementor-section-items-middle\" data-id=\"19ec5ae\" data-element_type=\"section\" data-e-type=\"section\" data-settings=\"{&quot;background_background&quot;:&quot;classic&quot;}\">\n\t\t\t\t\t\t<div class=\"elementor-container elementor-column-gap-default\">\n\t\t\t\t\t<div class=\"elementor-column elementor-col-50 elementor-top-column elementor-element elementor-element-152fc33\" data-id=\"152fc33\" data-element_type=\"column\" data-e-type=\"column\">\n\t\t\t<div class=\"elementor-widget-wrap elementor-element-populated\">\n\t\t\t\t\t\t<div class=\"elementor-element elementor-element-9b40552 elementor-widget elementor-widget-image\" data-id=\"9b40552\" data-element_type=\"widget\" data-e-type=\"widget\" data-widget_type=\"image.default\">\n\t\t\t\t<div class=\"elementor-widget-container\">\n\t\t\t\t\t\t\t\t\t\t\t\t\t\t\t<img decoding=\"async\" width=\"655\" height=\"882\" src=\"data:image\/gif;base64,R0lGODlhAQABAIAAAAAAAP\/\/\/yH5BAEAAAAALAAAAAABAAEAAAIBRAA7\" data-src=\"https:\/\/lalibertaria.org\/wp-content\/uploads\/2023\/08\/tostatriceX_sito.png\" class=\"attachment-large size-large wp-image-7292 lazyload\" alt=\"\" data-srcset=\"https:\/\/lalibertaria.org\/wp-content\/uploads\/2023\/08\/tostatriceX_sito.png 655w, https:\/\/lalibertaria.org\/wp-content\/uploads\/2023\/08\/tostatriceX_sito-223x300.png 223w, https:\/\/lalibertaria.org\/wp-content\/uploads\/2023\/08\/tostatriceX_sito-600x808.png 600w\" sizes=\"(max-width: 655px) 100vw, 655px\" style=\"width:100%;height:134.66%;max-width:655px\" \/><noscript><img loading=\"lazy\" decoding=\"async\" width=\"655\" height=\"882\" src=\"https:\/\/lalibertaria.org\/wp-content\/uploads\/2023\/08\/tostatriceX_sito.png\" class=\"attachment-large size-large wp-image-7292 lazyload\" alt=\"\" srcset=\"https:\/\/lalibertaria.org\/wp-content\/uploads\/2023\/08\/tostatriceX_sito.png 655w, https:\/\/lalibertaria.org\/wp-content\/uploads\/2023\/08\/tostatriceX_sito-223x300.png 223w, https:\/\/lalibertaria.org\/wp-content\/uploads\/2023\/08\/tostatriceX_sito-600x808.png 600w\" sizes=\"(max-width: 655px) 100vw, 655px\" style=\"width:100%;height:134.66%;max-width:655px\" \/><\/noscript>\t\t\t\t\t\t\t\t\t\t\t\t\t\t\t<\/div>\n\t\t\t\t<\/div>\n\t\t\t\t\t<\/div>\n\t\t<\/div>\n\t\t\t\t<div class=\"elementor-column elementor-col-50 elementor-top-column elementor-element elementor-element-faf666e\" data-id=\"faf666e\" data-element_type=\"column\" data-e-type=\"column\">\n\t\t\t<div class=\"elementor-widget-wrap elementor-element-populated\">\n\t\t\t\t\t\t<div class=\"elementor-element elementor-element-50193a6 elementor-widget elementor-widget-heading\" data-id=\"50193a6\" data-element_type=\"widget\" data-e-type=\"widget\" data-widget_type=\"heading.default\">\n\t\t\t\t<div class=\"elementor-widget-container\">\n\t\t\t\t\t<h1 class=\"elementor-heading-title elementor-size-default\">La Libertaria - Torrefazione Autogestita<\/h1>\t\t\t\t<\/div>\n\t\t\t\t<\/div>\n\t\t\t\t<div class=\"elementor-element elementor-element-91059a7 elementor-widget-divider--view-line elementor-widget elementor-widget-divider\" data-id=\"91059a7\" data-element_type=\"widget\" data-e-type=\"widget\" data-widget_type=\"divider.default\">\n\t\t\t\t<div class=\"elementor-widget-container\">\n\t\t\t\t\t\t\t<div class=\"elementor-divider\">\n\t\t\t<span class=\"elementor-divider-separator\">\n\t\t\t\t\t\t<\/span>\n\t\t<\/div>\n\t\t\t\t\t\t<\/div>\n\t\t\t\t<\/div>\n\t\t\t\t<div class=\"elementor-element elementor-element-830f368 elementor-widget elementor-widget-text-editor\" data-id=\"830f368\" data-element_type=\"widget\" data-e-type=\"widget\" data-widget_type=\"text-editor.default\">\n\t\t\t\t<div class=\"elementor-widget-container\">\n\t\t\t\t\t\t\t\t\t<p>Siamo una realt\u00e0 cooperativa basata sulla <strong>propriet\u00e0 collettiva<\/strong> dei mezzi di produzione e sull&#8217;<strong>organizzazione orizzontale e condivisa<\/strong> del lavoro.<\/p>\t\t\t\t\t\t\t\t<\/div>\n\t\t\t\t<\/div>\n\t\t\t\t<div class=\"elementor-element elementor-element-8f5f133 elementor-widget elementor-widget-text-editor\" data-id=\"8f5f133\" data-element_type=\"widget\" data-e-type=\"widget\" data-widget_type=\"text-editor.default\">\n\t\t\t\t<div class=\"elementor-widget-container\">\n\t\t\t\t\t\t\t\t\t<p>Tostiamo artigianalmente caff\u00e8 coltivati da <strong>piccoli produttori<\/strong> e importati attraverso <strong>filiere trasparenti e solidali<\/strong>.<\/p>\t\t\t\t\t\t\t\t<\/div>\n\t\t\t\t<\/div>\n\t\t\t\t<div class=\"elementor-element elementor-element-272eac5 elementor-widget elementor-widget-text-editor\" data-id=\"272eac5\" data-element_type=\"widget\" data-e-type=\"widget\" data-widget_type=\"text-editor.default\">\n\t\t\t\t<div class=\"elementor-widget-container\">\n\t\t\t\t\t\t\t\t\t<p>Contro la mercificazione dell\u2019essere umano e lo sfruttamento intensivo delle risorse naturali, sperimentiamo l\u2019<strong>autogestione<\/strong>, il <strong>mutualismo<\/strong> e la <strong>solidariet\u00e0<\/strong>!<\/p>\t\t\t\t\t\t\t\t<\/div>\n\t\t\t\t<\/div>\n\t\t\t\t<div class=\"elementor-element elementor-element-e91b508 elementor-align-start elementor-icon-list--layout-traditional elementor-list-item-link-full_width elementor-widget elementor-widget-icon-list\" data-id=\"e91b508\" data-element_type=\"widget\" data-e-type=\"widget\" data-widget_type=\"icon-list.default\">\n\t\t\t\t<div class=\"elementor-widget-container\">\n\t\t\t\t\t\t\t<ul class=\"elementor-icon-list-items\">\n\t\t\t\t\t\t\t<li class=\"elementor-icon-list-item\">\n\t\t\t\t\t\t\t\t\t\t\t<a href=\"https:\/\/lalibertaria.org\/il-nostro-progetto\/\">\n\n\t\t\t\t\t\t\t\t\t\t\t\t<span class=\"elementor-icon-list-icon\">\n\t\t\t\t\t\t\t<i aria-hidden=\"true\" class=\"fas fa-long-arrow-alt-right\"><\/i>\t\t\t\t\t\t<\/span>\n\t\t\t\t\t\t\t\t\t\t<span class=\"elementor-icon-list-text\">Leggi di pi\u00f9 sul nostro progetto<\/span>\n\t\t\t\t\t\t\t\t\t\t\t<\/a>\n\t\t\t\t\t\t\t\t\t<\/li>\n\t\t\t\t\t\t<\/ul>\n\t\t\t\t\t\t<\/div>\n\t\t\t\t<\/div>\n\t\t\t\t\t<\/div>\n\t\t<\/div>\n\t\t\t\t\t<\/div>\n\t\t<\/section>\n\t\t\t\t<section class=\"elementor-section elementor-top-section elementor-element elementor-element-1edbab9 elementor-section-full_width elementor-section-height-min-height elementor-hidden-mobile elementor-section-height-default elementor-section-items-middle\" data-id=\"1edbab9\" data-element_type=\"section\" data-e-type=\"section\" id=\"origini\">\n\t\t\t\t\t\t<div class=\"elementor-container elementor-column-gap-no\">\n\t\t\t\t\t<div class=\"elementor-column elementor-col-100 elementor-top-column elementor-element elementor-element-077c5e4\" data-id=\"077c5e4\" data-element_type=\"column\" data-e-type=\"column\">\n\t\t\t<div class=\"elementor-widget-wrap elementor-element-populated\">\n\t\t\t\t\t\t<div class=\"elementor-element elementor-element-631c0ae elementor-widget elementor-widget-prime-slider-general\" data-id=\"631c0ae\" data-element_type=\"widget\" data-e-type=\"widget\" data-widget_type=\"prime-slider-general.default\">\n\t\t\t\t<div class=\"elementor-widget-container\">\n\t\t\t\t\t\t\t<div class=\"bdt-prime-slider\">\n\t\t\t<div class=\"bdt-prime-slider-skin-general\">\n\t\t\t\t<div class=\"bdt-position-relative bdt-visible-toggle\" bdt-slideshow=\"{&quot;animation&quot;:&quot;slide&quot;,&quot;ratio&quot;:&quot;16:9&quot;,&quot;min-height&quot;:650,&quot;autoplay&quot;:true,&quot;autoplay-interval&quot;:7000,&quot;pause-on-hover&quot;:false,&quot;draggable&quot;:true,&quot;velocity&quot;:1,&quot;finite&quot;:false}\" data-settings=\"{&quot;id&quot;:&quot;#bdt-631c0ae&quot;,&quot;animation_status&quot;:&quot;no&quot;}\" id=\"bdt-631c0ae\">\n\t\t\t\t\t<ul class=\"bdt-slideshow-items\">\n\t\t\t\t\t\t\n\t\t\t<li\n\t\t\t\tclass=\"bdt-slideshow-item bdt-flex bdt-flex-middle bdt-flex-center elementor-repeater-item-f18646b\">\n\t\t\t\t\n\t\t\t\t\t\t\t\t\t\t\t\n\t\t<div class=\"bdt-ps-slide-img\" style=\"background-image: url('https:\/\/lalibertaria.org\/wp-content\/uploads\/2021\/03\/chiapas-1920x1080-2.jpg')\"><\/div>\n\n\t\t\t\t\t\t\t\n\t\t\t\t\t\n\t\t\t\t\t\t\t\t\t<div class=\"bdt-overlay-default bdt-position-cover\"><\/div>\n\t\t\t\t\n\t\t\t\t\t\t<div class=\"bdt-prime-slider-wrapper\">\n\t\t\t<div class=\"bdt-prime-slider-content\">\n\t\t\t\t<div class=\"bdt-prime-slider-desc\">\n\n\t\t\t\t\t\t\t\t\t\t\t<div class=\"bdt-sub-title\">\n\t\t\t\t\t\t\t<h4\t\t\t\t\t\t\t\tdata-reveal=\"reveal-active\" class=\"bdt-ps-sub-title\"\n\t\t\t\t\t\t\t\tdata-bdt-slideshow-parallax=\"x: 50,0,-10; opacity: 1,1,0\">\n\t\t\t\t\t\t\t\tChiapas - Messico\t\t\t\t\t\t\t<\/h4>\n\t\t\t\t\t\t<\/div>\n\t\t\t\t\t\n\t\t\t\t\t\t\t\t\t\t\t<div data-reveal=\"reveal-active\" class=\"bdt-main-title\" data-bdt-slideshow-parallax=\"x: 100,0,-20; opacity: 1,1,0\">\n\t\t\t\t\t\t\t<h2\t\t\t\t\t\t\t\tclass=\"bdt-title-tag\">\n\t\t\t\t\t\t\t\t\t\t\t\t\t\t\t\t\tCooperativa Yachil Xojobal Chu\u2019lchan Chiapas\t\t\t\t\t\t\t\t\t\t\t\t\t\t\t\t<\/h2>\n\t\t\t\t\t\t<\/div>\n\t\t\t\t\t\n\t\t\t\t\t\n\t\t\t\t\t<div data-bdt-slideshow-parallax=\"x: 150,0,-30; opacity: 1,1,0\">\n\t\t\t\t\t\t<div class=\"bdt-btn-wrapper\">\n\t\t\t\t\t\t\t\t\t\t\t\t\t<\/div>\n\t\t\t\t\t<\/div>\n\t\t\t\t<\/div>\n\n\t\t\t\t\t\t\t\t\t<div data-reveal=\"reveal-active\" class=\"bdt-slider-excerpt\" data-bdt-slideshow-parallax=\"y: 50,0,-10; opacity: 1,1,0\">\n\t\t\t\t\t\t<p>Tipologia: <strong>Arabica Lavato<\/strong><\/p><p>La Cooperativa Yachil Xojobal Chu\u2019lchan (\"nuova luce nel cielo\"), \u00e8 stata fondata nel 2001 da piccoli coltivatori di caff\u00e8 di comunit\u00e0 indigene Maya Tzotzil e Tzeltal. Oggi, Yachil \u00e8 composto da circa 800 membri in otto municipalit\u00e0 del Chiapas (Pantelh\u00f3, San Juan Cancuc, Chenalh\u00f3, Tenejapa, Chalchihuit\u00e1n, Aldama, Simojovel ed El Bosque). Caratteristica fondamentale della cooperativa \u00e8 la solidariet\u00e0 col movimento zapatista in lotta per l'autonomia e il rispetto dei diritti degli indigeni.<\/p>\t\t\t\t\t<\/div>\n\t\t\t\t\n\t\t\t<\/div>\n\t\t<\/div>\n\t\t\t\t\t<\/li>\n\n\t\t\n\t\t\t<li\n\t\t\t\tclass=\"bdt-slideshow-item bdt-flex bdt-flex-middle bdt-flex-center elementor-repeater-item-a7ec07a\">\n\t\t\t\t\n\t\t\t\t\t\t\t\t\t\t\t\n\t\t<div class=\"bdt-ps-slide-img\" style=\"background-image: url('https:\/\/lalibertaria.org\/wp-content\/uploads\/2022\/07\/X7.jpg')\"><\/div>\n\n\t\t\t\t\t\t\t\n\t\t\t\t\t\n\t\t\t\t\t\t\t\t\t<div class=\"bdt-overlay-default bdt-position-cover\"><\/div>\n\t\t\t\t\n\t\t\t\t\t\t<div class=\"bdt-prime-slider-wrapper\">\n\t\t\t<div class=\"bdt-prime-slider-content bdt-prime-slider-content\">\n\t\t\t\t<div class=\"bdt-prime-slider-desc\">\n\n\t\t\t\t\t\t\t\t\t\t\t<div class=\"bdt-sub-title\">\n\t\t\t\t\t\t\t<h4\t\t\t\t\t\t\t\tdata-reveal=\"reveal-active\" class=\"bdt-ps-sub-title\"\n\t\t\t\t\t\t\t\tdata-bdt-slideshow-parallax=\"x: 50,0,-10; opacity: 1,1,0\">\n\t\t\t\t\t\t\t\tCauca - Colombia\t\t\t\t\t\t\t<\/h4>\n\t\t\t\t\t\t<\/div>\n\t\t\t\t\t\n\t\t\t\t\t\t\t\t\t\t\t<div data-reveal=\"reveal-active\" class=\"bdt-main-title\" data-bdt-slideshow-parallax=\"x: 100,0,-20; opacity: 1,1,0\">\n\t\t\t\t\t\t\t<h2\t\t\t\t\t\t\t\tclass=\"bdt-title-tag\">\n\t\t\t\t\t\t\t\t\t\t\t\t\t\t\t\t\tCentral Cooperativa Ind\u00edgena del Cauca \t\t\t\t\t\t\t\t\t\t\t\t\t\t\t\t<\/h2>\n\t\t\t\t\t\t<\/div>\n\t\t\t\t\t\n\t\t\t\t\t\n\t\t\t\t\t<div data-bdt-slideshow-parallax=\"x: 150,0,-30; opacity: 1,1,0\">\n\t\t\t\t\t\t<div class=\"bdt-btn-wrapper\">\n\t\t\t\t\t\t\t\t\t\t\t\t\t<\/div>\n\t\t\t\t\t<\/div>\n\t\t\t\t<\/div>\n\n\t\t\t\t\t\t\t\t\t<div data-reveal=\"reveal-active\" class=\"bdt-slider-excerpt\" data-bdt-slideshow-parallax=\"y: 50,0,-10; opacity: 1,1,0\">\n\t\t\t\t\t\t<p>Tipologia: <strong>Arabica Lavato<\/strong><\/p><p>Caff\u00e8 coltivato in modo naturale dai campesinos di due associazioni del dipartimento del Cauca, ASOCAL (municipio di Caldono) ed ASPROVEGA (municipio di La Vega). Tra gli obiettivi delle rispettive comunit\u00e0 locali vi sono il recupero dell\u2019identit\u00e0 culturale e della resistenza alle grandi multinazionali, la conservazione dei semi autoctoni, la produzione biologica e l\u2019autosufficienza economica garantita in parte dalla coltivazione ed esportazione di Caff\u00e8.\u00a0<\/p>\t\t\t\t\t<\/div>\n\t\t\t\t\n\t\t\t<\/div>\n\t\t<\/div>\n\t\t\t\t\t<\/li>\n\n\t\t\n\t\t\t<li\n\t\t\t\tclass=\"bdt-slideshow-item bdt-flex bdt-flex-middle bdt-flex-center elementor-repeater-item-4709a9c\">\n\t\t\t\t\n\t\t\t\t\t\t\t\t\t\t\t\n\t\t<div class=\"bdt-ps-slide-img\" style=\"background-image: url('https:\/\/lalibertaria.org\/wp-content\/uploads\/2021\/03\/guatemala-1920x1080-1.jpg')\"><\/div>\n\n\t\t\t\t\t\t\t\n\t\t\t\t\t\n\t\t\t\t\t\t\t\t\t<div class=\"bdt-overlay-default bdt-position-cover\"><\/div>\n\t\t\t\t\n\t\t\t\t\t\t<div class=\"bdt-prime-slider-wrapper\">\n\t\t\t<div class=\"bdt-prime-slider-content bdt-prime-slider-content bdt-prime-slider-content\">\n\t\t\t\t<div class=\"bdt-prime-slider-desc\">\n\n\t\t\t\t\t\t\t\t\t\t\t<div class=\"bdt-sub-title\">\n\t\t\t\t\t\t\t<h4\t\t\t\t\t\t\t\tdata-reveal=\"reveal-active\" class=\"bdt-ps-sub-title\"\n\t\t\t\t\t\t\t\tdata-bdt-slideshow-parallax=\"x: 50,0,-10; opacity: 1,1,0\">\n\t\t\t\t\t\t\t\tEl Bosque - Guatemala\t\t\t\t\t\t\t<\/h4>\n\t\t\t\t\t\t<\/div>\n\t\t\t\t\t\n\t\t\t\t\t\t\t\t\t\t\t<div data-reveal=\"reveal-active\" class=\"bdt-main-title\" data-bdt-slideshow-parallax=\"x: 100,0,-20; opacity: 1,1,0\">\n\t\t\t\t\t\t\t<h2\t\t\t\t\t\t\t\tclass=\"bdt-title-tag\">\n\t\t\t\t\t\t\t\t\t\t\t\t\t\t\t\t\tCooperativa Integral Agricola Nueva Esperanza del Bosque\t\t\t\t\t\t\t\t\t\t\t\t\t\t\t\t<\/h2>\n\t\t\t\t\t\t<\/div>\n\t\t\t\t\t\n\t\t\t\t\t\n\t\t\t\t\t<div data-bdt-slideshow-parallax=\"x: 150,0,-30; opacity: 1,1,0\">\n\t\t\t\t\t\t<div class=\"bdt-btn-wrapper\">\n\t\t\t\t\t\t\t\t\t\t\t\t\t<\/div>\n\t\t\t\t\t<\/div>\n\t\t\t\t<\/div>\n\n\t\t\t\t\t\t\t\t\t<div data-reveal=\"reveal-active\" class=\"bdt-slider-excerpt\" data-bdt-slideshow-parallax=\"y: 50,0,-10; opacity: 1,1,0\">\n\t\t\t\t\t\t<p>Tipologia: <strong>Arabica Lavato<\/strong><\/p><p>La Cooperativa Nueva Esperanza del Bosque nasce nel 2003 a El Bosque, un piccolo villaggio di montagna del Municipio di Santa Cruz Naranjo. Caff\u00e8 di altura (coltivato tra i 1500-1600m) e raccolto con il metodo del picking in 3 \u2013 4 diversi passaggi.<\/p>\t\t\t\t\t<\/div>\n\t\t\t\t\n\t\t\t<\/div>\n\t\t<\/div>\n\t\t\t\t\t<\/li>\n\n\t\t\n\t\t\t<li\n\t\t\t\tclass=\"bdt-slideshow-item bdt-flex bdt-flex-middle bdt-flex-center elementor-repeater-item-1871a2c\">\n\t\t\t\t\n\t\t\t\t\t\t\t\t\t\t\t\n\t\t<div class=\"bdt-ps-slide-img\" style=\"background-image: url('https:\/\/lalibertaria.org\/wp-content\/uploads\/2021\/03\/Honduras-1920x1080-1.jpg')\"><\/div>\n\n\t\t\t\t\t\t\t\n\t\t\t\t\t\n\t\t\t\t\t\t\t\t\t<div class=\"bdt-overlay-default bdt-position-cover\"><\/div>\n\t\t\t\t\n\t\t\t\t\t\t<div class=\"bdt-prime-slider-wrapper\">\n\t\t\t<div class=\"bdt-prime-slider-content bdt-prime-slider-content bdt-prime-slider-content bdt-prime-slider-content\">\n\t\t\t\t<div class=\"bdt-prime-slider-desc\">\n\n\t\t\t\t\t\t\t\t\t\t\t<div class=\"bdt-sub-title\">\n\t\t\t\t\t\t\t<h4\t\t\t\t\t\t\t\tdata-reveal=\"reveal-active\" class=\"bdt-ps-sub-title\"\n\t\t\t\t\t\t\t\tdata-bdt-slideshow-parallax=\"x: 50,0,-10; opacity: 1,1,0\">\n\t\t\t\t\t\t\t\tHonduras\t\t\t\t\t\t\t<\/h4>\n\t\t\t\t\t\t<\/div>\n\t\t\t\t\t\n\t\t\t\t\t\t\t\t\t\t\t<div data-reveal=\"reveal-active\" class=\"bdt-main-title\" data-bdt-slideshow-parallax=\"x: 100,0,-20; opacity: 1,1,0\">\n\t\t\t\t\t\t\t<h2\t\t\t\t\t\t\t\tclass=\"bdt-title-tag\">\n\t\t\t\t\t\t\t\t\t\t\t\t\t\t\t\t\tAsociacion de Productoras Libre de Marcala [APROLMA]\t\t\t\t\t\t\t\t\t\t\t\t\t\t\t\t<\/h2>\n\t\t\t\t\t\t<\/div>\n\t\t\t\t\t\n\t\t\t\t\t\n\t\t\t\t\t<div data-bdt-slideshow-parallax=\"x: 150,0,-30; opacity: 1,1,0\">\n\t\t\t\t\t\t<div class=\"bdt-btn-wrapper\">\n\t\t\t\t\t\t\t\t\t\t\t\t\t<\/div>\n\t\t\t\t\t<\/div>\n\t\t\t\t<\/div>\n\n\t\t\t\t\t\t\t\t\t<div data-reveal=\"reveal-active\" class=\"bdt-slider-excerpt\" data-bdt-slideshow-parallax=\"y: 50,0,-10; opacity: 1,1,0\">\n\t\t\t\t\t\t<p>Tipologia: <strong>Arabica Lavato<\/strong><\/p><p>La cooperativa Aprolma (Asociacion de Productoras Libres de Marcala) \u00e8 stata fondata nel 2013 e attualmente conta 69 membri esclusivamente femminili, principalmente Lencas indigeni. Ogni socio coltiva una media di 1,5 ettari in coltivazione mista. Oltre al caff\u00e8, per sfamare la famiglia vengono coltivati \u200b\u200baltri prodotti come banane, arance e yucca. Lo scopo della cooperativa non \u00e8 solo quello di produrre il miglior caff\u00e8, ma anche di responsabilizzare le donne e di offrire loro successo finanziario e stabilit\u00e0.<\/p>\t\t\t\t\t<\/div>\n\t\t\t\t\n\t\t\t<\/div>\n\t\t<\/div>\n\t\t\t\t\t<\/li>\n\n\t\t\n\t\t\t<li\n\t\t\t\tclass=\"bdt-slideshow-item bdt-flex bdt-flex-middle bdt-flex-center elementor-repeater-item-99e7509\">\n\t\t\t\t\n\t\t\t\t\t\t\t\t\t\t\t\n\t\t<div class=\"bdt-ps-slide-img\" style=\"background-image: url('https:\/\/lalibertaria.org\/wp-content\/uploads\/2021\/03\/etiopia-foto-anteprima.jpg')\"><\/div>\n\n\t\t\t\t\t\t\t\n\t\t\t\t\t\n\t\t\t\t\t\t\t\t\t<div class=\"bdt-overlay-default bdt-position-cover\"><\/div>\n\t\t\t\t\n\t\t\t\t\t\t<div class=\"bdt-prime-slider-wrapper\">\n\t\t\t<div class=\"bdt-prime-slider-content bdt-prime-slider-content bdt-prime-slider-content bdt-prime-slider-content bdt-prime-slider-content\">\n\t\t\t\t<div class=\"bdt-prime-slider-desc\">\n\n\t\t\t\t\t\t\t\t\t\t\t<div class=\"bdt-sub-title\">\n\t\t\t\t\t\t\t<h4\t\t\t\t\t\t\t\tdata-reveal=\"reveal-active\" class=\"bdt-ps-sub-title\"\n\t\t\t\t\t\t\t\tdata-bdt-slideshow-parallax=\"x: 50,0,-10; opacity: 1,1,0\">\n\t\t\t\t\t\t\t\tSidama - Etiopia\t\t\t\t\t\t\t<\/h4>\n\t\t\t\t\t\t<\/div>\n\t\t\t\t\t\n\t\t\t\t\t\t\t\t\t\t\t<div data-reveal=\"reveal-active\" class=\"bdt-main-title\" data-bdt-slideshow-parallax=\"x: 100,0,-20; opacity: 1,1,0\">\n\t\t\t\t\t\t\t<h2\t\t\t\t\t\t\t\tclass=\"bdt-title-tag\">\n\t\t\t\t\t\t\t\t\t\t\t\t\t\t\t\t\tCooperativa Shilicho\t\t\t\t\t\t\t\t\t\t\t\t\t\t\t\t<\/h2>\n\t\t\t\t\t\t<\/div>\n\t\t\t\t\t\n\t\t\t\t\t\n\t\t\t\t\t<div data-bdt-slideshow-parallax=\"x: 150,0,-30; opacity: 1,1,0\">\n\t\t\t\t\t\t<div class=\"bdt-btn-wrapper\">\n\t\t\t\t\t\t\t\t\t\t\t\t\t<\/div>\n\t\t\t\t\t<\/div>\n\t\t\t\t<\/div>\n\n\t\t\t\t\t\t\t\t\t<div data-reveal=\"reveal-active\" class=\"bdt-slider-excerpt\" data-bdt-slideshow-parallax=\"y: 50,0,-10; opacity: 1,1,0\">\n\t\t\t\t\t\t<p>Tipologia:<strong> Arabica Lavato <\/strong><\/p><p>La cooperativa Shilicho si trova nel distretto di Darra, 350 km a sud di Addis Abeba, la capitale. Si trova al confine con la regione di Yirgachefe.<\/p><p>La cooperativa possiede un mulino a umido, letti di essiccazione e un piccolo magazzino per conservare il caff\u00e8 essiccato prima che venga spedito ad Addis Abeba per il mulino a secco. Shilicho \u00e8 una delle 42 cooperative membri della Sidama Coffee Farmers Cooperative Union (SCFCU).\u00a0<\/p>\t\t\t\t\t<\/div>\n\t\t\t\t\n\t\t\t<\/div>\n\t\t<\/div>\n\t\t\t\t\t<\/li>\n\n\t\t\n\t\t\t<li\n\t\t\t\tclass=\"bdt-slideshow-item bdt-flex bdt-flex-middle bdt-flex-center elementor-repeater-item-16b88ca\">\n\t\t\t\t\n\t\t\t\t\t\t\t\t\t\t\t\n\t\t<div class=\"bdt-ps-slide-img\" style=\"background-image: url('https:\/\/lalibertaria.org\/wp-content\/uploads\/2021\/04\/Uganta-foto-di-gruppo-1920x1080-1.jpg')\"><\/div>\n\n\t\t\t\t\t\t\t\n\t\t\t\t\t\n\t\t\t\t\t\t\t\t\t<div class=\"bdt-overlay-default bdt-position-cover\"><\/div>\n\t\t\t\t\n\t\t\t\t\t\t<div class=\"bdt-prime-slider-wrapper\">\n\t\t\t<div class=\"bdt-prime-slider-content bdt-prime-slider-content bdt-prime-slider-content bdt-prime-slider-content bdt-prime-slider-content bdt-prime-slider-content\">\n\t\t\t\t<div class=\"bdt-prime-slider-desc\">\n\n\t\t\t\t\t\t\t\t\t\t\t<div class=\"bdt-sub-title\">\n\t\t\t\t\t\t\t<h4\t\t\t\t\t\t\t\tdata-reveal=\"reveal-active\" class=\"bdt-ps-sub-title\"\n\t\t\t\t\t\t\t\tdata-bdt-slideshow-parallax=\"x: 50,0,-10; opacity: 1,1,0\">\n\t\t\t\t\t\t\t\tNakaseke, Luwero e Mityana - Uganda\t\t\t\t\t\t\t<\/h4>\n\t\t\t\t\t\t<\/div>\n\t\t\t\t\t\n\t\t\t\t\t\t\t\t\t\t\t<div data-reveal=\"reveal-active\" class=\"bdt-main-title\" data-bdt-slideshow-parallax=\"x: 100,0,-20; opacity: 1,1,0\">\n\t\t\t\t\t\t\t<h2\t\t\t\t\t\t\t\tclass=\"bdt-title-tag\">\n\t\t\t\t\t\t\t\t\t\t\t\t\t\t\t\t\tUganda Coffee Farmers Alliance\t\t\t\t\t\t\t\t\t\t\t\t\t\t\t\t<\/h2>\n\t\t\t\t\t\t<\/div>\n\t\t\t\t\t\n\t\t\t\t\t\n\t\t\t\t\t<div data-bdt-slideshow-parallax=\"x: 150,0,-30; opacity: 1,1,0\">\n\t\t\t\t\t\t<div class=\"bdt-btn-wrapper\">\n\t\t\t\t\t\t\t\t\t\t\t\t\t<\/div>\n\t\t\t\t\t<\/div>\n\t\t\t\t<\/div>\n\n\t\t\t\t\t\t\t\t\t<div data-reveal=\"reveal-active\" class=\"bdt-slider-excerpt\" data-bdt-slideshow-parallax=\"y: 50,0,-10; opacity: 1,1,0\">\n\t\t\t\t\t\t<div><p>Tipologia: <strong>Robusta Naturale<\/strong><span class=\"apple-converted-space\"><b>\u00a0<\/b><\/span><\/p><\/div><div><p>UCFA, Uganda Coffee Farmers Alliance, \u00e8 una organizzazione di piccoli produttori di caff\u00e8 che opera\u00a0 in 9 Distretti dell\u2019Uganda coinvolgendo circa<span class=\"apple-converted-space\"> 30<\/span>000 piccoli produttori suddivisi in oltre 1600 organizzazioni locali.<\/p><\/div>\t\t\t\t\t<\/div>\n\t\t\t\t\n\t\t\t<\/div>\n\t\t<\/div>\n\t\t\t\t\t<\/li>\n\n\t\t\n\t\t\t\t\t<\/ul>\n\t\t\t\t\t\n\t\t\n\t\t\t\t\t\t\t\n\t\t\t\t\t<div >\n\t\t\t\t<ul class=\"bdt-slideshow-nav bdt-dotnav bdt-margin-large bdt-position-bottom-left bdt-text-center reveal-muted\">\n\t\t\t\t<\/ul>\n\t\t\t<\/div>\n\t\t\n\t\t\t\t\t\t<\/div>\n\t\t\t\t\t\t\t\t\t\t\t<\/div>\n\t\t<\/div>\n\t\t\t\t\t\t<\/div>\n\t\t\t\t<\/div>\n\t\t\t\t\t<\/div>\n\t\t<\/div>\n\t\t\t\t\t<\/div>\n\t\t<\/section>\n\t\t\t\t<section class=\"elementor-section elementor-top-section elementor-element elementor-element-7ee3ce8 elementor-section-height-min-height elementor-hidden-desktop elementor-hidden-tablet elementor-section-boxed elementor-section-height-default elementor-section-items-middle\" data-id=\"7ee3ce8\" data-element_type=\"section\" data-e-type=\"section\" data-settings=\"{&quot;background_background&quot;:&quot;classic&quot;}\">\n\t\t\t\t\t\t<div class=\"elementor-container elementor-column-gap-default\">\n\t\t\t\t\t<div class=\"elementor-column elementor-col-100 elementor-top-column elementor-element elementor-element-22a938b\" data-id=\"22a938b\" data-element_type=\"column\" data-e-type=\"column\">\n\t\t\t<div class=\"elementor-widget-wrap elementor-element-populated\">\n\t\t\t\t\t\t<div class=\"elementor-element elementor-element-910abc8 elementor-widget elementor-widget-heading\" data-id=\"910abc8\" data-element_type=\"widget\" data-e-type=\"widget\" data-widget_type=\"heading.default\">\n\t\t\t\t<div class=\"elementor-widget-container\">\n\t\t\t\t\t<h1 class=\"elementor-heading-title elementor-size-default\">Scopri quali sono le origini dei nostri caff\u00e8<\/h1>\t\t\t\t<\/div>\n\t\t\t\t<\/div>\n\t\t\t\t<div class=\"elementor-element elementor-element-1170ba4 elementor-mobile-align-center elementor-widget elementor-widget-button\" data-id=\"1170ba4\" data-element_type=\"widget\" data-e-type=\"widget\" data-widget_type=\"button.default\">\n\t\t\t\t<div class=\"elementor-widget-container\">\n\t\t\t\t\t\t\t\t\t<div class=\"elementor-button-wrapper\">\n\t\t\t\t\t<a class=\"elementor-button elementor-button-link elementor-size-sm\" href=\"https:\/\/lalibertaria.org\/origini\/\">\n\t\t\t\t\t\t<span class=\"elementor-button-content-wrapper\">\n\t\t\t\t\t\t\t\t\t<span class=\"elementor-button-text\">clicca qui<\/span>\n\t\t\t\t\t<\/span>\n\t\t\t\t\t<\/a>\n\t\t\t\t<\/div>\n\t\t\t\t\t\t\t\t<\/div>\n\t\t\t\t<\/div>\n\t\t\t\t\t<\/div>\n\t\t<\/div>\n\t\t\t\t\t<\/div>\n\t\t<\/section>\n\t\t\t\t<section class=\"elementor-section elementor-top-section elementor-element elementor-element-15a981c elementor-section-boxed elementor-section-height-default elementor-section-height-default\" data-id=\"15a981c\" data-element_type=\"section\" data-e-type=\"section\" data-settings=\"{&quot;background_background&quot;:&quot;classic&quot;}\">\n\t\t\t\t\t\t<div class=\"elementor-container elementor-column-gap-default\">\n\t\t\t\t\t<div class=\"elementor-column elementor-col-100 elementor-top-column elementor-element elementor-element-f216cc8\" data-id=\"f216cc8\" data-element_type=\"column\" data-e-type=\"column\">\n\t\t\t<div class=\"elementor-widget-wrap elementor-element-populated\">\n\t\t\t\t\t\t<div class=\"elementor-element elementor-element-133393e elementor-widget-divider--view-line elementor-widget elementor-widget-divider\" data-id=\"133393e\" data-element_type=\"widget\" data-e-type=\"widget\" data-widget_type=\"divider.default\">\n\t\t\t\t<div class=\"elementor-widget-container\">\n\t\t\t\t\t\t\t<div class=\"elementor-divider\">\n\t\t\t<span class=\"elementor-divider-separator\">\n\t\t\t\t\t\t<\/span>\n\t\t<\/div>\n\t\t\t\t\t\t<\/div>\n\t\t\t\t<\/div>\n\t\t\t\t<div class=\"elementor-element elementor-element-bbd5e2b elementor-align-center elementor-mobile-align-center elementor-icon-list--layout-traditional elementor-list-item-link-full_width elementor-widget elementor-widget-icon-list\" data-id=\"bbd5e2b\" data-element_type=\"widget\" data-e-type=\"widget\" data-widget_type=\"icon-list.default\">\n\t\t\t\t<div class=\"elementor-widget-container\">\n\t\t\t\t\t\t\t<ul class=\"elementor-icon-list-items\">\n\t\t\t\t\t\t\t<li class=\"elementor-icon-list-item\">\n\t\t\t\t\t\t\t\t\t\t\t<a href=\"https:\/\/lalibertaria.org\/negozio-on-line\/\">\n\n\t\t\t\t\t\t\t\t\t\t\t\t<span class=\"elementor-icon-list-icon\">\n\t\t\t\t\t\t\t<i aria-hidden=\"true\" class=\"fas fa-shopping-bag\"><\/i>\t\t\t\t\t\t<\/span>\n\t\t\t\t\t\t\t\t\t\t<span class=\"elementor-icon-list-text\">Visita il nostro Negozio On-line<\/span>\n\t\t\t\t\t\t\t\t\t\t\t<\/a>\n\t\t\t\t\t\t\t\t\t<\/li>\n\t\t\t\t\t\t<\/ul>\n\t\t\t\t\t\t<\/div>\n\t\t\t\t<\/div>\n\t\t\t\t<div class=\"elementor-element elementor-element-2149791 elementor-widget elementor-widget-image\" data-id=\"2149791\" data-element_type=\"widget\" data-e-type=\"widget\" data-widget_type=\"image.default\">\n\t\t\t\t<div class=\"elementor-widget-container\">\n\t\t\t\t\t\t\t\t\t\t\t\t\t\t\t\t<a href=\"https:\/\/lalibertaria.org\/negozio-on-line\/\">\n\t\t\t\t\t\t\t<img loading=\"lazy\" decoding=\"async\" width=\"1037\" height=\"691\" src=\"data:image\/gif;base64,R0lGODlhAQABAIAAAAAAAP\/\/\/yH5BAEAAAAALAAAAAABAAEAAAIBRAA7\" data-src=\"https:\/\/lalibertaria.org\/wp-content\/uploads\/2023\/08\/danzs.gif\" class=\"attachment-full size-full wp-image-6948 lazyload\" alt=\"\" style=\"width:100%;height:66.63%;max-width:1037px\" \/><noscript><img loading=\"lazy\" decoding=\"async\" width=\"1037\" height=\"691\" src=\"https:\/\/lalibertaria.org\/wp-content\/uploads\/2023\/08\/danzs.gif\" class=\"attachment-full size-full wp-image-6948 lazyload\" alt=\"\" style=\"width:100%;height:66.63%;max-width:1037px\" \/><\/noscript>\t\t\t\t\t\t\t\t<\/a>\n\t\t\t\t\t\t\t\t\t\t\t\t\t\t\t<\/div>\n\t\t\t\t<\/div>\n\t\t\t\t\t<\/div>\n\t\t<\/div>\n\t\t\t\t\t<\/div>\n\t\t<\/section>\n\t\t\t\t<section class=\"elementor-section elementor-top-section elementor-element elementor-element-a33a286 elementor-hidden-mobile elementor-section-boxed elementor-section-height-default elementor-section-height-default\" data-id=\"a33a286\" data-element_type=\"section\" data-e-type=\"section\" data-settings=\"{&quot;background_background&quot;:&quot;classic&quot;}\">\n\t\t\t\t\t\t<div class=\"elementor-container elementor-column-gap-default\">\n\t\t\t\t\t<div class=\"elementor-column elementor-col-100 elementor-top-column elementor-element elementor-element-1f10314\" data-id=\"1f10314\" data-element_type=\"column\" data-e-type=\"column\">\n\t\t\t<div class=\"elementor-widget-wrap elementor-element-populated\">\n\t\t\t\t\t\t<div class=\"elementor-element elementor-element-eeb844a elementor-widget-divider--view-line elementor-widget elementor-widget-divider\" data-id=\"eeb844a\" data-element_type=\"widget\" data-e-type=\"widget\" data-widget_type=\"divider.default\">\n\t\t\t\t<div class=\"elementor-widget-container\">\n\t\t\t\t\t\t\t<div class=\"elementor-divider\">\n\t\t\t<span class=\"elementor-divider-separator\">\n\t\t\t\t\t\t<\/span>\n\t\t<\/div>\n\t\t\t\t\t\t<\/div>\n\t\t\t\t<\/div>\n\t\t\t\t\t<\/div>\n\t\t<\/div>\n\t\t\t\t\t<\/div>\n\t\t<\/section>\n\t\t\t\t<section class=\"elementor-section elementor-top-section elementor-element elementor-element-e6591ee elementor-section-boxed elementor-section-height-default elementor-section-height-default\" data-id=\"e6591ee\" data-element_type=\"section\" data-e-type=\"section\" data-settings=\"{&quot;background_background&quot;:&quot;classic&quot;}\">\n\t\t\t\t\t\t<div class=\"elementor-container elementor-column-gap-default\">\n\t\t\t\t\t<div class=\"elementor-column elementor-col-50 elementor-top-column elementor-element elementor-element-8258c77\" data-id=\"8258c77\" data-element_type=\"column\" data-e-type=\"column\">\n\t\t\t<div class=\"elementor-widget-wrap elementor-element-populated\">\n\t\t\t\t\t\t<div class=\"elementor-element elementor-element-25a7993 elementor-widget elementor-widget-image\" data-id=\"25a7993\" data-element_type=\"widget\" data-e-type=\"widget\" data-widget_type=\"image.default\">\n\t\t\t\t<div class=\"elementor-widget-container\">\n\t\t\t\t\t\t\t\t\t\t\t\t\t\t\t<img loading=\"lazy\" decoding=\"async\" width=\"688\" height=\"527\" src=\"data:image\/gif;base64,R0lGODlhAQABAIAAAAAAAP\/\/\/yH5BAEAAAAALAAAAAABAAEAAAIBRAA7\" data-src=\"https:\/\/lalibertaria.org\/wp-content\/uploads\/2023\/10\/RPZ_LOGO.png\" class=\"attachment-full size-full wp-image-7695 lazyload\" alt=\"\" data-srcset=\"https:\/\/lalibertaria.org\/wp-content\/uploads\/2023\/10\/RPZ_LOGO.png 688w, https:\/\/lalibertaria.org\/wp-content\/uploads\/2023\/10\/RPZ_LOGO-300x230.png 300w, https:\/\/lalibertaria.org\/wp-content\/uploads\/2023\/10\/RPZ_LOGO-600x460.png 600w\" sizes=\"(max-width: 688px) 100vw, 688px\" style=\"width:100%;height:76.6%;max-width:688px\" \/><noscript><img loading=\"lazy\" decoding=\"async\" width=\"688\" height=\"527\" src=\"https:\/\/lalibertaria.org\/wp-content\/uploads\/2023\/10\/RPZ_LOGO.png\" class=\"attachment-full size-full wp-image-7695 lazyload\" alt=\"\" srcset=\"https:\/\/lalibertaria.org\/wp-content\/uploads\/2023\/10\/RPZ_LOGO.png 688w, https:\/\/lalibertaria.org\/wp-content\/uploads\/2023\/10\/RPZ_LOGO-300x230.png 300w, https:\/\/lalibertaria.org\/wp-content\/uploads\/2023\/10\/RPZ_LOGO-600x460.png 600w\" sizes=\"(max-width: 688px) 100vw, 688px\" style=\"width:100%;height:76.6%;max-width:688px\" \/><\/noscript>\t\t\t\t\t\t\t\t\t\t\t\t\t\t\t<\/div>\n\t\t\t\t<\/div>\n\t\t\t\t\t<\/div>\n\t\t<\/div>\n\t\t\t\t<div class=\"elementor-column elementor-col-50 elementor-top-column elementor-element elementor-element-9b94f88\" data-id=\"9b94f88\" data-element_type=\"column\" data-e-type=\"column\">\n\t\t\t<div class=\"elementor-widget-wrap elementor-element-populated\">\n\t\t\t\t\t\t<div class=\"elementor-element elementor-element-d28aea1 elementor-widget elementor-widget-text-editor\" data-id=\"d28aea1\" data-element_type=\"widget\" data-e-type=\"widget\" data-widget_type=\"text-editor.default\">\n\t\t\t\t<div class=\"elementor-widget-container\">\n\t\t\t\t\t\t\t\t\t<p class=\"p2\">La <strong>Red Pro Zapa \u2013 Solidarity Network<\/strong> \u00e8 una rete composta da un insieme informale di collettivi, associazioni e realt\u00e0 che, attraverso l\u2019<strong>importazione e la distribuzione del caff\u00e8 prodotto nei territori<\/strong><br \/><strong>zapatisti<\/strong>, contribuiscono al sostegno della causa rivoluzionaria zapatista nello stato del Chiapas nel Sud del Messico.<\/p><p class=\"p2\"><br \/>La Libertaria \u2013 Torrefazione Autogestita fa parte della Red Pro Zapa fin dalla sua fondazione.<\/p>\t\t\t\t\t\t\t\t<\/div>\n\t\t\t\t<\/div>\n\t\t\t\t<div class=\"elementor-element elementor-element-bcc2c49 elementor-align-start elementor-icon-list--layout-traditional elementor-list-item-link-full_width elementor-widget elementor-widget-icon-list\" data-id=\"bcc2c49\" data-element_type=\"widget\" data-e-type=\"widget\" data-widget_type=\"icon-list.default\">\n\t\t\t\t<div class=\"elementor-widget-container\">\n\t\t\t\t\t\t\t<ul class=\"elementor-icon-list-items\">\n\t\t\t\t\t\t\t<li class=\"elementor-icon-list-item\">\n\t\t\t\t\t\t\t\t\t\t\t<a href=\"https:\/\/lalibertaria.org\/red-pro-zapa\/\">\n\n\t\t\t\t\t\t\t\t\t\t\t\t<span class=\"elementor-icon-list-icon\">\n\t\t\t\t\t\t\t<i aria-hidden=\"true\" class=\"fas fa-long-arrow-alt-right\"><\/i>\t\t\t\t\t\t<\/span>\n\t\t\t\t\t\t\t\t\t\t<span class=\"elementor-icon-list-text\">Leggi di pi\u00f9<\/span>\n\t\t\t\t\t\t\t\t\t\t\t<\/a>\n\t\t\t\t\t\t\t\t\t<\/li>\n\t\t\t\t\t\t<\/ul>\n\t\t\t\t\t\t<\/div>\n\t\t\t\t<\/div>\n\t\t\t\t\t<\/div>\n\t\t<\/div>\n\t\t\t\t\t<\/div>\n\t\t<\/section>\n\t\t\t\t<section class=\"elementor-section elementor-top-section elementor-element elementor-element-a3c6d88 elementor-section-height-min-height elementor-section-boxed elementor-section-height-default elementor-section-items-middle\" data-id=\"a3c6d88\" data-element_type=\"section\" data-e-type=\"section\" data-settings=\"{&quot;background_background&quot;:&quot;classic&quot;}\">\n\t\t\t\t\t\t<div class=\"elementor-container elementor-column-gap-default\">\n\t\t\t\t\t<div class=\"elementor-column elementor-col-100 elementor-top-column elementor-element elementor-element-d147139\" data-id=\"d147139\" data-element_type=\"column\" data-e-type=\"column\">\n\t\t\t<div class=\"elementor-widget-wrap elementor-element-populated\">\n\t\t\t\t\t\t<div class=\"elementor-element elementor-element-6c38394 elementor-widget-divider--view-line elementor-widget elementor-widget-divider\" data-id=\"6c38394\" data-element_type=\"widget\" data-e-type=\"widget\" data-widget_type=\"divider.default\">\n\t\t\t\t<div class=\"elementor-widget-container\">\n\t\t\t\t\t\t\t<div class=\"elementor-divider\">\n\t\t\t<span class=\"elementor-divider-separator\">\n\t\t\t\t\t\t<\/span>\n\t\t<\/div>\n\t\t\t\t\t\t<\/div>\n\t\t\t\t<\/div>\n\t\t\t\t\t<\/div>\n\t\t<\/div>\n\t\t\t\t\t<\/div>\n\t\t<\/section>\n\t\t\t\t<section class=\"elementor-section elementor-top-section elementor-element elementor-element-65da5b7 elementor-section-boxed elementor-section-height-default elementor-section-height-default\" data-id=\"65da5b7\" data-element_type=\"section\" data-e-type=\"section\" data-settings=\"{&quot;background_background&quot;:&quot;classic&quot;}\">\n\t\t\t\t\t\t<div class=\"elementor-container elementor-column-gap-default\">\n\t\t\t\t\t<div class=\"elementor-column elementor-col-50 elementor-top-column elementor-element elementor-element-93a11ad\" data-id=\"93a11ad\" data-element_type=\"column\" data-e-type=\"column\">\n\t\t\t<div class=\"elementor-widget-wrap elementor-element-populated\">\n\t\t\t\t\t\t<div class=\"elementor-element elementor-element-21af4fc elementor-widget elementor-widget-image\" data-id=\"21af4fc\" data-element_type=\"widget\" data-e-type=\"widget\" data-widget_type=\"image.default\">\n\t\t\t\t<div class=\"elementor-widget-container\">\n\t\t\t\t\t\t\t\t\t\t\t\t\t\t\t<img loading=\"lazy\" decoding=\"async\" width=\"385\" height=\"131\" src=\"data:image\/gif;base64,R0lGODlhAQABAIAAAAAAAP\/\/\/yH5BAEAAAAALAAAAAABAAEAAAIBRAA7\" data-src=\"https:\/\/lalibertaria.org\/wp-content\/uploads\/2023\/08\/ru-provvisorio.png\" class=\"attachment-full size-full wp-image-7168 lazyload\" alt=\"\" data-srcset=\"https:\/\/lalibertaria.org\/wp-content\/uploads\/2023\/08\/ru-provvisorio.png 385w, https:\/\/lalibertaria.org\/wp-content\/uploads\/2023\/08\/ru-provvisorio-300x102.png 300w\" sizes=\"(max-width: 385px) 100vw, 385px\" style=\"width:100%;height:34.03%;max-width:385px\" \/><noscript><img loading=\"lazy\" decoding=\"async\" width=\"385\" height=\"131\" src=\"https:\/\/lalibertaria.org\/wp-content\/uploads\/2023\/08\/ru-provvisorio.png\" class=\"attachment-full size-full wp-image-7168 lazyload\" alt=\"\" srcset=\"https:\/\/lalibertaria.org\/wp-content\/uploads\/2023\/08\/ru-provvisorio.png 385w, https:\/\/lalibertaria.org\/wp-content\/uploads\/2023\/08\/ru-provvisorio-300x102.png 300w\" sizes=\"(max-width: 385px) 100vw, 385px\" style=\"width:100%;height:34.03%;max-width:385px\" \/><\/noscript>\t\t\t\t\t\t\t\t\t\t\t\t\t\t\t<\/div>\n\t\t\t\t<\/div>\n\t\t\t\t\t<\/div>\n\t\t<\/div>\n\t\t\t\t<div class=\"elementor-column elementor-col-50 elementor-top-column elementor-element elementor-element-a639c6b\" data-id=\"a639c6b\" data-element_type=\"column\" data-e-type=\"column\">\n\t\t\t<div class=\"elementor-widget-wrap elementor-element-populated\">\n\t\t\t\t\t\t<div class=\"elementor-element elementor-element-1a6e6d7 elementor-widget elementor-widget-text-editor\" data-id=\"1a6e6d7\" data-element_type=\"widget\" data-e-type=\"widget\" data-widget_type=\"text-editor.default\">\n\t\t\t\t<div class=\"elementor-widget-container\">\n\t\t\t\t\t\t\t\t\t<p class=\"p2\">Roasters United \u00e8 un progetto cooperativo fondato nel 2012 da<strong> piccole torrefazioni artigianali europee. <\/strong>L\u2019obiettivo del gruppo \u00e8 quello di acquistare collettivamente caff\u00e8 verde da <strong>piccoli produttori<\/strong> per sostenere e incoraggiare lo sviluppo economico e sociale delle comunit\u00e0 che coltivano caff\u00e8.<\/p><p>\u00a0<\/p><p class=\"p2\">La Libertaria Torrefazione Autogestita collabora con Roasters United da marzo 2023.<\/p><p class=\"p2\">Leggi di pi\u00f9 su Roasters United visitando il sito: <a href=\"https:\/\/www.roastersunited.com\/\" target=\"_blank\" rel=\"noopener\"><strong>www.roastersunited.co<\/strong><\/a><strong>m<\/strong><\/p>\t\t\t\t\t\t\t\t<\/div>\n\t\t\t\t<\/div>\n\t\t\t\t\t<\/div>\n\t\t<\/div>\n\t\t\t\t\t<\/div>\n\t\t<\/section>\n\t\t\t\t<section class=\"elementor-section elementor-top-section elementor-element elementor-element-5b53da0 elementor-section-boxed elementor-section-height-default elementor-section-height-default\" data-id=\"5b53da0\" data-element_type=\"section\" data-e-type=\"section\" data-settings=\"{&quot;background_background&quot;:&quot;classic&quot;}\">\n\t\t\t\t\t\t<div class=\"elementor-container elementor-column-gap-default\">\n\t\t\t\t\t<div class=\"elementor-column elementor-col-100 elementor-top-column elementor-element elementor-element-49bc5cf\" data-id=\"49bc5cf\" data-element_type=\"column\" data-e-type=\"column\">\n\t\t\t<div class=\"elementor-widget-wrap elementor-element-populated\">\n\t\t\t\t\t\t<div class=\"elementor-element elementor-element-5435de8 elementor-widget-divider--view-line elementor-widget elementor-widget-divider\" data-id=\"5435de8\" data-element_type=\"widget\" data-e-type=\"widget\" data-widget_type=\"divider.default\">\n\t\t\t\t<div class=\"elementor-widget-container\">\n\t\t\t\t\t\t\t<div class=\"elementor-divider\">\n\t\t\t<span class=\"elementor-divider-separator\">\n\t\t\t\t\t\t<\/span>\n\t\t<\/div>\n\t\t\t\t\t\t<\/div>\n\t\t\t\t<\/div>\n\t\t\t\t<div class=\"elementor-element elementor-element-efc89de elementor-align-center elementor-icon-list--layout-traditional elementor-list-item-link-full_width elementor-widget elementor-widget-icon-list\" data-id=\"efc89de\" data-element_type=\"widget\" data-e-type=\"widget\" data-widget_type=\"icon-list.default\">\n\t\t\t\t<div class=\"elementor-widget-container\">\n\t\t\t\t\t\t\t<ul class=\"elementor-icon-list-items\">\n\t\t\t\t\t\t\t<li class=\"elementor-icon-list-item\">\n\t\t\t\t\t\t\t\t\t\t\t<a href=\"https:\/\/lalibertaria.org\/dove-puoi-trovarci\/\">\n\n\t\t\t\t\t\t\t\t\t\t\t\t<span class=\"elementor-icon-list-icon\">\n\t\t\t\t\t\t\t<i aria-hidden=\"true\" class=\"fas fa-map-marker-alt\"><\/i>\t\t\t\t\t\t<\/span>\n\t\t\t\t\t\t\t\t\t\t<span class=\"elementor-icon-list-text\">Dove puoi trovarci<\/span>\n\t\t\t\t\t\t\t\t\t\t\t<\/a>\n\t\t\t\t\t\t\t\t\t<\/li>\n\t\t\t\t\t\t<\/ul>\n\t\t\t\t\t\t<\/div>\n\t\t\t\t<\/div>\n\t\t\t\t\t<\/div>\n\t\t<\/div>\n\t\t\t\t\t<\/div>\n\t\t<\/section>\n\t\t\t\t<section class=\"elementor-section elementor-top-section elementor-element elementor-element-38fa251 elementor-section-boxed elementor-section-height-default elementor-section-height-default\" data-id=\"38fa251\" data-element_type=\"section\" data-e-type=\"section\" data-settings=\"{&quot;background_background&quot;:&quot;classic&quot;}\">\n\t\t\t\t\t\t<div class=\"elementor-container elementor-column-gap-default\">\n\t\t\t\t\t<div class=\"elementor-column elementor-col-100 elementor-top-column elementor-element elementor-element-396e3f3\" data-id=\"396e3f3\" data-element_type=\"column\" data-e-type=\"column\">\n\t\t\t<div class=\"elementor-widget-wrap elementor-element-populated\">\n\t\t\t\t\t\t<div class=\"elementor-element elementor-element-e38e45c elementor-widget elementor-widget-image\" data-id=\"e38e45c\" data-element_type=\"widget\" data-e-type=\"widget\" data-widget_type=\"image.default\">\n\t\t\t\t<div class=\"elementor-widget-container\">\n\t\t\t\t\t\t\t\t\t\t\t\t\t\t\t\t<a href=\"https:\/\/lalibertaria.org\/dove-puoi-trovarci\/\">\n\t\t\t\t\t\t\t<img loading=\"lazy\" decoding=\"async\" width=\"1037\" height=\"691\" src=\"data:image\/gif;base64,R0lGODlhAQABAIAAAAAAAP\/\/\/yH5BAEAAAAALAAAAAABAAEAAAIBRAA7\" data-src=\"https:\/\/lalibertaria.org\/wp-content\/uploads\/2023\/08\/MOVIMENTO-COLOMBIA.gif\" class=\"attachment-full size-full wp-image-6854 lazyload\" alt=\"\" style=\"width:100%;height:66.63%;max-width:1037px\" \/><noscript><img loading=\"lazy\" decoding=\"async\" width=\"1037\" height=\"691\" src=\"https:\/\/lalibertaria.org\/wp-content\/uploads\/2023\/08\/MOVIMENTO-COLOMBIA.gif\" class=\"attachment-full size-full wp-image-6854 lazyload\" alt=\"\" style=\"width:100%;height:66.63%;max-width:1037px\" \/><\/noscript>\t\t\t\t\t\t\t\t<\/a>\n\t\t\t\t\t\t\t\t\t\t\t\t\t\t\t<\/div>\n\t\t\t\t<\/div>\n\t\t\t\t<div class=\"elementor-element elementor-element-16276f9 elementor-widget-divider--view-line elementor-widget elementor-widget-divider\" data-id=\"16276f9\" data-element_type=\"widget\" data-e-type=\"widget\" data-widget_type=\"divider.default\">\n\t\t\t\t<div class=\"elementor-widget-container\">\n\t\t\t\t\t\t\t<div class=\"elementor-divider\">\n\t\t\t<span class=\"elementor-divider-separator\">\n\t\t\t\t\t\t<\/span>\n\t\t<\/div>\n\t\t\t\t\t\t<\/div>\n\t\t\t\t<\/div>\n\t\t\t\t\t<\/div>\n\t\t<\/div>\n\t\t\t\t\t<\/div>\n\t\t<\/section>\n\t\t\t\t<section class=\"elementor-section elementor-top-section elementor-element elementor-element-06ed938 elementor-section-content-middle elementor-section-boxed elementor-section-height-default elementor-section-height-default\" data-id=\"06ed938\" data-element_type=\"section\" data-e-type=\"section\" data-settings=\"{&quot;background_background&quot;:&quot;classic&quot;}\">\n\t\t\t\t\t\t<div class=\"elementor-container elementor-column-gap-default\">\n\t\t\t\t\t<div class=\"elementor-column elementor-col-50 elementor-top-column elementor-element elementor-element-15f73b9\" data-id=\"15f73b9\" data-element_type=\"column\" data-e-type=\"column\">\n\t\t\t<div class=\"elementor-widget-wrap elementor-element-populated\">\n\t\t\t\t\t\t<div class=\"elementor-element elementor-element-5cf9795 elementor-align-center elementor-icon-list--layout-traditional elementor-list-item-link-full_width elementor-widget elementor-widget-icon-list\" data-id=\"5cf9795\" data-element_type=\"widget\" data-e-type=\"widget\" data-widget_type=\"icon-list.default\">\n\t\t\t\t<div class=\"elementor-widget-container\">\n\t\t\t\t\t\t\t<ul class=\"elementor-icon-list-items\">\n\t\t\t\t\t\t\t<li class=\"elementor-icon-list-item\">\n\t\t\t\t\t\t\t\t\t\t\t<span class=\"elementor-icon-list-icon\">\n\t\t\t\t\t\t\t<i aria-hidden=\"true\" class=\"fas fa-map-pin\"><\/i>\t\t\t\t\t\t<\/span>\n\t\t\t\t\t\t\t\t\t\t<span class=\"elementor-icon-list-text\">Il nostro calendario<\/span>\n\t\t\t\t\t\t\t\t\t<\/li>\n\t\t\t\t\t\t<\/ul>\n\t\t\t\t\t\t<\/div>\n\t\t\t\t<\/div>\n\t\t\t\t<div class=\"elementor-element elementor-element-224750d elementor-icon-list--layout-inline elementor-align-center elementor-list-item-link-full_width elementor-widget elementor-widget-icon-list\" data-id=\"224750d\" data-element_type=\"widget\" data-e-type=\"widget\" data-widget_type=\"icon-list.default\">\n\t\t\t\t<div class=\"elementor-widget-container\">\n\t\t\t\t\t\t\t<ul class=\"elementor-icon-list-items elementor-inline-items\">\n\t\t\t\t\t\t\t<li class=\"elementor-icon-list-item elementor-inline-item\">\n\t\t\t\t\t\t\t\t\t\t\t<span class=\"elementor-icon-list-icon\">\n\t\t\t\t\t\t\t<i aria-hidden=\"true\" class=\"fas fa-shopping-bag\"><\/i>\t\t\t\t\t\t<\/span>\n\t\t\t\t\t\t\t\t\t\t<span class=\"elementor-icon-list-text\">MERCATI<\/span>\n\t\t\t\t\t\t\t\t\t<\/li>\n\t\t\t\t\t\t\t\t<li class=\"elementor-icon-list-item elementor-inline-item\">\n\t\t\t\t\t\t\t\t\t\t\t<span class=\"elementor-icon-list-icon\">\n\t\t\t\t\t\t\t<i aria-hidden=\"true\" class=\"fas fa-coffee\"><\/i>\t\t\t\t\t\t<\/span>\n\t\t\t\t\t\t\t\t\t\t<span class=\"elementor-icon-list-text\">PRESENTAZIONI<\/span>\n\t\t\t\t\t\t\t\t\t<\/li>\n\t\t\t\t\t\t\t\t<li class=\"elementor-icon-list-item elementor-inline-item\">\n\t\t\t\t\t\t\t\t\t\t\t<span class=\"elementor-icon-list-icon\">\n\t\t\t\t\t\t\t<i aria-hidden=\"true\" class=\"far fa-calendar-check\"><\/i>\t\t\t\t\t\t<\/span>\n\t\t\t\t\t\t\t\t\t\t<span class=\"elementor-icon-list-text\">EVENTI<\/span>\n\t\t\t\t\t\t\t\t\t<\/li>\n\t\t\t\t\t\t<\/ul>\n\t\t\t\t\t\t<\/div>\n\t\t\t\t<\/div>\n\t\t\t\t<div class=\"elementor-element elementor-element-c93d656 elementor-widget elementor-widget-text-editor\" data-id=\"c93d656\" data-element_type=\"widget\" data-e-type=\"widget\" data-widget_type=\"text-editor.default\">\n\t\t\t\t<div class=\"elementor-widget-container\">\n\t\t\t\t\t\t\t\t\t<p style=\"text-align: center;\">La <strong>Torrefazione Autogestita<\/strong> \u00e8 aperta al pubblico tutti i marted\u00ec dalle <strong>9 alle 12<\/strong> e dalle <strong>14 alle 18<\/strong>.<\/p>\t\t\t\t\t\t\t\t<\/div>\n\t\t\t\t<\/div>\n\t\t\t\t<div class=\"elementor-element elementor-element-6627811 elementor-widget-divider--view-line elementor-widget elementor-widget-divider\" data-id=\"6627811\" data-element_type=\"widget\" data-e-type=\"widget\" data-widget_type=\"divider.default\">\n\t\t\t\t<div class=\"elementor-widget-container\">\n\t\t\t\t\t\t\t<div class=\"elementor-divider\">\n\t\t\t<span class=\"elementor-divider-separator\">\n\t\t\t\t\t\t<\/span>\n\t\t<\/div>\n\t\t\t\t\t\t<\/div>\n\t\t\t\t<\/div>\n\t\t\t\t<div class=\"elementor-element elementor-element-8b00000 elementor-widget elementor-widget-image\" data-id=\"8b00000\" data-element_type=\"widget\" data-e-type=\"widget\" data-widget_type=\"image.default\">\n\t\t\t\t<div class=\"elementor-widget-container\">\n\t\t\t\t\t\t\t\t\t\t\t\t\t\t\t<img loading=\"lazy\" decoding=\"async\" width=\"300\" height=\"221\" src=\"data:image\/gif;base64,R0lGODlhAQABAIAAAAAAAP\/\/\/yH5BAEAAAAALAAAAAABAAEAAAIBRAA7\" data-src=\"https:\/\/lalibertaria.org\/wp-content\/uploads\/2022\/06\/espresoo-300x221.png\" class=\"attachment-medium size-medium wp-image-4962 lazyload\" alt=\"\" data-srcset=\"https:\/\/lalibertaria.org\/wp-content\/uploads\/2022\/06\/espresoo-300x221.png 300w, https:\/\/lalibertaria.org\/wp-content\/uploads\/2022\/06\/espresoo.png 331w\" sizes=\"(max-width: 300px) 100vw, 300px\" style=\"width:100%;height:73.72%;max-width:331px\" \/><noscript><img loading=\"lazy\" decoding=\"async\" width=\"300\" height=\"221\" src=\"https:\/\/lalibertaria.org\/wp-content\/uploads\/2022\/06\/espresoo-300x221.png\" class=\"attachment-medium size-medium wp-image-4962 lazyload\" alt=\"\" srcset=\"https:\/\/lalibertaria.org\/wp-content\/uploads\/2022\/06\/espresoo-300x221.png 300w, https:\/\/lalibertaria.org\/wp-content\/uploads\/2022\/06\/espresoo.png 331w\" sizes=\"(max-width: 300px) 100vw, 300px\" style=\"width:100%;height:73.72%;max-width:331px\" \/><\/noscript>\t\t\t\t\t\t\t\t\t\t\t\t\t\t\t<\/div>\n\t\t\t\t<\/div>\n\t\t\t\t\t<\/div>\n\t\t<\/div>\n\t\t\t\t<div class=\"elementor-column elementor-col-50 elementor-top-column elementor-element elementor-element-cfe54bd\" data-id=\"cfe54bd\" data-element_type=\"column\" data-e-type=\"column\">\n\t\t\t<div class=\"elementor-widget-wrap elementor-element-populated\">\n\t\t\t\t\t\t<div class=\"elementor-element elementor-element-a72869c elementor-widget elementor-widget-eael-event-calendar\" data-id=\"a72869c\" data-element_type=\"widget\" data-e-type=\"widget\" data-widget_type=\"eael-event-calendar.default\">\n\t\t\t\t<div class=\"elementor-widget-container\">\n\t\t\t\t\t<div class=\"eael-event-calendar-wrapper layout-calendar\"><div id=\"eael-event-calendar-a72869c\" class=\"eael-event-calendar-cls\"\n            data-cal_id = \"a72869c\"\n            data-locale = \"it\"\n            data-translate = \"{&quot;today&quot;:&quot;Today&quot;,&quot;tomorrow&quot;:&quot;Tomorrow&quot;}\"\n            data-defaultview = \"dayGridMonth\"\n            data-defaultdate = \"2026-03-17\"\n            data-time_format = \"\"\n            data-event_limit = \"3\"\n            data-popup_date_format = \"MMM Do\"\n            data-multidays_event_day_count= \"0\"\n            data-monthColumnHeaderFormat = \"\"\n            data-weekColumnHeaderFormat = \"\"\n            data-hideDetailsLink= \"yes\"\n            data-detailsButtonText = \"\"\n            data-location-display = \"no\"\n            data-events=\"[{&quot;id&quot;:1,&quot;title&quot;:&quot;APERTURA AL PUBBLICO&quot;,&quot;description&quot;:&quot;La Torrefazione Autogestita \\u00e8 aperta a pubblico dalle 9:00 alle 12:00 e dalle 14:00 alle 18:00 in via Ettore Monti 23 a Galbiate (vicino al Ponte Azzone Visconti di Lecco)&quot;,&quot;location&quot;:&quot;La Libertaria - Torrefazione Autogestita, Via Ettore Monti, 23, 23851 Ponte Azzone Visconti LC, Italia&quot;,&quot;start&quot;:&quot;2026-03-17T09:00:00+01:00&quot;,&quot;end&quot;:&quot;2026-03-17T18:00:00+01:00&quot;,&quot;start_timezone&quot;:&quot;Europe\\\/Rome&quot;,&quot;end_timezone&quot;:&quot;Europe\\\/Rome&quot;,&quot;borderColor&quot;:&quot;var( --e-global-color-100d5f2 )&quot;,&quot;textColor&quot;:&quot;var( --e-global-color-100d5f2 )&quot;,&quot;color&quot;:&quot;var( --e-global-color-primary )&quot;,&quot;url&quot;:&quot;&quot;,&quot;allDay&quot;:&quot;&quot;,&quot;external&quot;:&quot;on&quot;,&quot;nofollow&quot;:&quot;on&quot;},{&quot;id&quot;:2,&quot;title&quot;:&quot;APERTURA AL PUBBLICO&quot;,&quot;description&quot;:&quot;La Torrefazione Autogestita \\u00e8 aperta a pubblico dalle 9:00 alle 12:00 e dalle 14:00 alle 18:00 in via Ettore Monti 23 a Galbiate (vicino al Ponte Azzone Visconti di Lecco)&quot;,&quot;location&quot;:&quot;La Libertaria - Torrefazione Autogestita, Via Ettore Monti, 23, 23851 Ponte Azzone Visconti LC, Italia&quot;,&quot;start&quot;:&quot;2026-03-24T09:00:00+01:00&quot;,&quot;end&quot;:&quot;2026-03-24T18:00:00+01:00&quot;,&quot;start_timezone&quot;:&quot;Europe\\\/Rome&quot;,&quot;end_timezone&quot;:&quot;Europe\\\/Rome&quot;,&quot;borderColor&quot;:&quot;var( --e-global-color-100d5f2 )&quot;,&quot;textColor&quot;:&quot;var( --e-global-color-100d5f2 )&quot;,&quot;color&quot;:&quot;var( --e-global-color-primary )&quot;,&quot;url&quot;:&quot;&quot;,&quot;allDay&quot;:&quot;&quot;,&quot;external&quot;:&quot;on&quot;,&quot;nofollow&quot;:&quot;on&quot;},{&quot;id&quot;:3,&quot;title&quot;:&quot;APERTURA AL PUBBLICO&quot;,&quot;description&quot;:&quot;La Torrefazione Autogestita \\u00e8 aperta a pubblico dalle 9:00 alle 12:00 e dalle 14:00 alle 18:00 in via Ettore Monti 23 a Galbiate (vicino al Ponte Azzone Visconti di Lecco)&quot;,&quot;location&quot;:&quot;La Libertaria - Torrefazione Autogestita, Via Ettore Monti, 23, 23851 Ponte Azzone Visconti LC, Italia&quot;,&quot;start&quot;:&quot;2026-03-31T09:00:00+02:00&quot;,&quot;end&quot;:&quot;2026-03-31T18:00:00+02:00&quot;,&quot;start_timezone&quot;:&quot;Europe\\\/Rome&quot;,&quot;end_timezone&quot;:&quot;Europe\\\/Rome&quot;,&quot;borderColor&quot;:&quot;var( --e-global-color-100d5f2 )&quot;,&quot;textColor&quot;:&quot;var( --e-global-color-100d5f2 )&quot;,&quot;color&quot;:&quot;var( --e-global-color-primary )&quot;,&quot;url&quot;:&quot;&quot;,&quot;allDay&quot;:&quot;&quot;,&quot;external&quot;:&quot;on&quot;,&quot;nofollow&quot;:&quot;on&quot;},{&quot;id&quot;:4,&quot;title&quot;:&quot;APERTURA AL PUBBLICO&quot;,&quot;description&quot;:&quot;La Torrefazione Autogestita \\u00e8 aperta a pubblico dalle 9:00 alle 12:00 e dalle 14:00 alle 18:00 in via Ettore Monti 23 a Galbiate (vicino al Ponte Azzone Visconti di Lecco)&quot;,&quot;location&quot;:&quot;La Libertaria - Torrefazione Autogestita, Via Ettore Monti, 23, 23851 Ponte Azzone Visconti LC, Italia&quot;,&quot;start&quot;:&quot;2026-04-07T09:00:00+02:00&quot;,&quot;end&quot;:&quot;2026-04-07T18:00:00+02:00&quot;,&quot;start_timezone&quot;:&quot;Europe\\\/Rome&quot;,&quot;end_timezone&quot;:&quot;Europe\\\/Rome&quot;,&quot;borderColor&quot;:&quot;var( --e-global-color-100d5f2 )&quot;,&quot;textColor&quot;:&quot;var( --e-global-color-100d5f2 )&quot;,&quot;color&quot;:&quot;var( --e-global-color-primary )&quot;,&quot;url&quot;:&quot;&quot;,&quot;allDay&quot;:&quot;&quot;,&quot;external&quot;:&quot;on&quot;,&quot;nofollow&quot;:&quot;on&quot;},{&quot;id&quot;:5,&quot;title&quot;:&quot;APERTURA AL PUBBLICO&quot;,&quot;description&quot;:&quot;La Torrefazione Autogestita \\u00e8 aperta a pubblico dalle 9:00 alle 12:00 e dalle 14:00 alle 18:00 in via Ettore Monti 23 a Galbiate (vicino al Ponte Azzone Visconti di Lecco)&quot;,&quot;location&quot;:&quot;La Libertaria - Torrefazione Autogestita, Via Ettore Monti, 23, 23851 Ponte Azzone Visconti LC, Italia&quot;,&quot;start&quot;:&quot;2026-04-14T09:00:00+02:00&quot;,&quot;end&quot;:&quot;2026-04-14T18:00:00+02:00&quot;,&quot;start_timezone&quot;:&quot;Europe\\\/Rome&quot;,&quot;end_timezone&quot;:&quot;Europe\\\/Rome&quot;,&quot;borderColor&quot;:&quot;var( --e-global-color-100d5f2 )&quot;,&quot;textColor&quot;:&quot;var( --e-global-color-100d5f2 )&quot;,&quot;color&quot;:&quot;var( --e-global-color-primary )&quot;,&quot;url&quot;:&quot;&quot;,&quot;allDay&quot;:&quot;&quot;,&quot;external&quot;:&quot;on&quot;,&quot;nofollow&quot;:&quot;on&quot;},{&quot;id&quot;:6,&quot;title&quot;:&quot;APERTURA AL PUBBLICO&quot;,&quot;description&quot;:&quot;La Torrefazione Autogestita \\u00e8 aperta a pubblico dalle 9:00 alle 12:00 e dalle 14:00 alle 18:00 in via Ettore Monti 23 a Galbiate (vicino al Ponte Azzone Visconti di Lecco)&quot;,&quot;location&quot;:&quot;La Libertaria - Torrefazione Autogestita, Via Ettore Monti, 23, 23851 Ponte Azzone Visconti LC, Italia&quot;,&quot;start&quot;:&quot;2026-04-21T09:00:00+02:00&quot;,&quot;end&quot;:&quot;2026-04-21T18:00:00+02:00&quot;,&quot;start_timezone&quot;:&quot;Europe\\\/Rome&quot;,&quot;end_timezone&quot;:&quot;Europe\\\/Rome&quot;,&quot;borderColor&quot;:&quot;var( --e-global-color-100d5f2 )&quot;,&quot;textColor&quot;:&quot;var( --e-global-color-100d5f2 )&quot;,&quot;color&quot;:&quot;var( --e-global-color-primary )&quot;,&quot;url&quot;:&quot;&quot;,&quot;allDay&quot;:&quot;&quot;,&quot;external&quot;:&quot;on&quot;,&quot;nofollow&quot;:&quot;on&quot;},{&quot;id&quot;:7,&quot;title&quot;:&quot;APERTURA AL PUBBLICO&quot;,&quot;description&quot;:&quot;La Torrefazione Autogestita \\u00e8 aperta a pubblico dalle 9:00 alle 12:00 e dalle 14:00 alle 18:00 in via Ettore Monti 23 a Galbiate (vicino al Ponte Azzone Visconti di Lecco)&quot;,&quot;location&quot;:&quot;La Libertaria - Torrefazione Autogestita, Via Ettore Monti, 23, 23851 Ponte Azzone Visconti LC, Italia&quot;,&quot;start&quot;:&quot;2026-04-28T09:00:00+02:00&quot;,&quot;end&quot;:&quot;2026-04-28T18:00:00+02:00&quot;,&quot;start_timezone&quot;:&quot;Europe\\\/Rome&quot;,&quot;end_timezone&quot;:&quot;Europe\\\/Rome&quot;,&quot;borderColor&quot;:&quot;var( --e-global-color-100d5f2 )&quot;,&quot;textColor&quot;:&quot;var( --e-global-color-100d5f2 )&quot;,&quot;color&quot;:&quot;var( --e-global-color-primary )&quot;,&quot;url&quot;:&quot;&quot;,&quot;allDay&quot;:&quot;&quot;,&quot;external&quot;:&quot;on&quot;,&quot;nofollow&quot;:&quot;on&quot;},{&quot;id&quot;:8,&quot;title&quot;:&quot;APERTURA AL PUBBLICO&quot;,&quot;description&quot;:&quot;La Torrefazione Autogestita \\u00e8 aperta a pubblico dalle 9:00 alle 12:00 e dalle 14:00 alle 18:00 in via Ettore Monti 23 a Galbiate (vicino al Ponte Azzone Visconti di Lecco)&quot;,&quot;location&quot;:&quot;La Libertaria - Torrefazione Autogestita, Via Ettore Monti, 23, 23851 Ponte Azzone Visconti LC, Italia&quot;,&quot;start&quot;:&quot;2026-05-05T09:00:00+02:00&quot;,&quot;end&quot;:&quot;2026-05-05T18:00:00+02:00&quot;,&quot;start_timezone&quot;:&quot;Europe\\\/Rome&quot;,&quot;end_timezone&quot;:&quot;Europe\\\/Rome&quot;,&quot;borderColor&quot;:&quot;var( --e-global-color-100d5f2 )&quot;,&quot;textColor&quot;:&quot;var( --e-global-color-100d5f2 )&quot;,&quot;color&quot;:&quot;var( --e-global-color-primary )&quot;,&quot;url&quot;:&quot;&quot;,&quot;allDay&quot;:&quot;&quot;,&quot;external&quot;:&quot;on&quot;,&quot;nofollow&quot;:&quot;on&quot;},{&quot;id&quot;:9,&quot;title&quot;:&quot;APERTURA AL PUBBLICO&quot;,&quot;description&quot;:&quot;La Torrefazione Autogestita \\u00e8 aperta a pubblico dalle 9:00 alle 12:00 e dalle 14:00 alle 18:00 in via Ettore Monti 23 a Galbiate (vicino al Ponte Azzone Visconti di Lecco)&quot;,&quot;location&quot;:&quot;La Libertaria - Torrefazione Autogestita, Via Ettore Monti, 23, 23851 Ponte Azzone Visconti LC, Italia&quot;,&quot;start&quot;:&quot;2026-05-12T09:00:00+02:00&quot;,&quot;end&quot;:&quot;2026-05-12T18:00:00+02:00&quot;,&quot;start_timezone&quot;:&quot;Europe\\\/Rome&quot;,&quot;end_timezone&quot;:&quot;Europe\\\/Rome&quot;,&quot;borderColor&quot;:&quot;var( --e-global-color-100d5f2 )&quot;,&quot;textColor&quot;:&quot;var( --e-global-color-100d5f2 )&quot;,&quot;color&quot;:&quot;var( --e-global-color-primary )&quot;,&quot;url&quot;:&quot;&quot;,&quot;allDay&quot;:&quot;&quot;,&quot;external&quot;:&quot;on&quot;,&quot;nofollow&quot;:&quot;on&quot;},{&quot;id&quot;:10,&quot;title&quot;:&quot;APERTURA AL PUBBLICO&quot;,&quot;description&quot;:&quot;La Torrefazione Autogestita \\u00e8 aperta a pubblico dalle 9:00 alle 12:00 e dalle 14:00 alle 18:00 in via Ettore Monti 23 a Galbiate (vicino al Ponte Azzone Visconti di Lecco)&quot;,&quot;location&quot;:&quot;La Libertaria - Torrefazione Autogestita, Via Ettore Monti, 23, 23851 Ponte Azzone Visconti LC, Italia&quot;,&quot;start&quot;:&quot;2026-05-19T09:00:00+02:00&quot;,&quot;end&quot;:&quot;2026-05-19T18:00:00+02:00&quot;,&quot;start_timezone&quot;:&quot;Europe\\\/Rome&quot;,&quot;end_timezone&quot;:&quot;Europe\\\/Rome&quot;,&quot;borderColor&quot;:&quot;var( --e-global-color-100d5f2 )&quot;,&quot;textColor&quot;:&quot;var( --e-global-color-100d5f2 )&quot;,&quot;color&quot;:&quot;var( --e-global-color-primary )&quot;,&quot;url&quot;:&quot;&quot;,&quot;allDay&quot;:&quot;&quot;,&quot;external&quot;:&quot;on&quot;,&quot;nofollow&quot;:&quot;on&quot;},{&quot;id&quot;:11,&quot;title&quot;:&quot;APERTURA AL PUBBLICO&quot;,&quot;description&quot;:&quot;La Torrefazione Autogestita \\u00e8 aperta a pubblico dalle 9:00 alle 12:00 e dalle 14:00 alle 18:00 in via Ettore Monti 23 a Galbiate (vicino al Ponte Azzone Visconti di Lecco)&quot;,&quot;location&quot;:&quot;La Libertaria - Torrefazione Autogestita, Via Ettore Monti, 23, 23851 Ponte Azzone Visconti LC, Italia&quot;,&quot;start&quot;:&quot;2026-05-26T09:00:00+02:00&quot;,&quot;end&quot;:&quot;2026-05-26T18:00:00+02:00&quot;,&quot;start_timezone&quot;:&quot;Europe\\\/Rome&quot;,&quot;end_timezone&quot;:&quot;Europe\\\/Rome&quot;,&quot;borderColor&quot;:&quot;var( --e-global-color-100d5f2 )&quot;,&quot;textColor&quot;:&quot;var( --e-global-color-100d5f2 )&quot;,&quot;color&quot;:&quot;var( --e-global-color-primary )&quot;,&quot;url&quot;:&quot;&quot;,&quot;allDay&quot;:&quot;&quot;,&quot;external&quot;:&quot;on&quot;,&quot;nofollow&quot;:&quot;on&quot;},{&quot;id&quot;:12,&quot;title&quot;:&quot;APERTURA AL PUBBLICO&quot;,&quot;description&quot;:&quot;La Torrefazione Autogestita \\u00e8 aperta a pubblico dalle 9:00 alle 12:00 e dalle 14:00 alle 18:00 in via Ettore Monti 23 a Galbiate (vicino al Ponte Azzone Visconti di Lecco)&quot;,&quot;location&quot;:&quot;La Libertaria - Torrefazione Autogestita, Via Ettore Monti, 23, 23851 Ponte Azzone Visconti LC, Italia&quot;,&quot;start&quot;:&quot;2026-06-02T09:00:00+02:00&quot;,&quot;end&quot;:&quot;2026-06-02T18:00:00+02:00&quot;,&quot;start_timezone&quot;:&quot;Europe\\\/Rome&quot;,&quot;end_timezone&quot;:&quot;Europe\\\/Rome&quot;,&quot;borderColor&quot;:&quot;var( --e-global-color-100d5f2 )&quot;,&quot;textColor&quot;:&quot;var( --e-global-color-100d5f2 )&quot;,&quot;color&quot;:&quot;var( --e-global-color-primary )&quot;,&quot;url&quot;:&quot;&quot;,&quot;allDay&quot;:&quot;&quot;,&quot;external&quot;:&quot;on&quot;,&quot;nofollow&quot;:&quot;on&quot;},{&quot;id&quot;:13,&quot;title&quot;:&quot;APERTURA AL PUBBLICO&quot;,&quot;description&quot;:&quot;La Torrefazione Autogestita \\u00e8 aperta a pubblico dalle 9:00 alle 12:00 e dalle 14:00 alle 18:00 in via Ettore Monti 23 a Galbiate (vicino al Ponte Azzone Visconti di Lecco)&quot;,&quot;location&quot;:&quot;La Libertaria - Torrefazione Autogestita, Via Ettore Monti, 23, 23851 Ponte Azzone Visconti LC, Italia&quot;,&quot;start&quot;:&quot;2026-06-09T09:00:00+02:00&quot;,&quot;end&quot;:&quot;2026-06-09T18:00:00+02:00&quot;,&quot;start_timezone&quot;:&quot;Europe\\\/Rome&quot;,&quot;end_timezone&quot;:&quot;Europe\\\/Rome&quot;,&quot;borderColor&quot;:&quot;var( --e-global-color-100d5f2 )&quot;,&quot;textColor&quot;:&quot;var( --e-global-color-100d5f2 )&quot;,&quot;color&quot;:&quot;var( --e-global-color-primary )&quot;,&quot;url&quot;:&quot;&quot;,&quot;allDay&quot;:&quot;&quot;,&quot;external&quot;:&quot;on&quot;,&quot;nofollow&quot;:&quot;on&quot;},{&quot;id&quot;:14,&quot;title&quot;:&quot;APERTURA AL PUBBLICO&quot;,&quot;description&quot;:&quot;La Torrefazione Autogestita \\u00e8 aperta a pubblico dalle 9:00 alle 12:00 e dalle 14:00 alle 18:00 in via Ettore Monti 23 a Galbiate (vicino al Ponte Azzone Visconti di Lecco)&quot;,&quot;location&quot;:&quot;La Libertaria - Torrefazione Autogestita, Via Ettore Monti, 23, 23851 Ponte Azzone Visconti LC, Italia&quot;,&quot;start&quot;:&quot;2026-06-16T09:00:00+02:00&quot;,&quot;end&quot;:&quot;2026-06-16T18:00:00+02:00&quot;,&quot;start_timezone&quot;:&quot;Europe\\\/Rome&quot;,&quot;end_timezone&quot;:&quot;Europe\\\/Rome&quot;,&quot;borderColor&quot;:&quot;var( --e-global-color-100d5f2 )&quot;,&quot;textColor&quot;:&quot;var( --e-global-color-100d5f2 )&quot;,&quot;color&quot;:&quot;var( --e-global-color-primary )&quot;,&quot;url&quot;:&quot;&quot;,&quot;allDay&quot;:&quot;&quot;,&quot;external&quot;:&quot;on&quot;,&quot;nofollow&quot;:&quot;on&quot;},{&quot;id&quot;:15,&quot;title&quot;:&quot;APERTURA AL PUBBLICO&quot;,&quot;description&quot;:&quot;La Torrefazione Autogestita \\u00e8 aperta a pubblico dalle 9:00 alle 12:00 e dalle 14:00 alle 18:00 in via Ettore Monti 23 a Galbiate (vicino al Ponte Azzone Visconti di Lecco)&quot;,&quot;location&quot;:&quot;La Libertaria - Torrefazione Autogestita, Via Ettore Monti, 23, 23851 Ponte Azzone Visconti LC, Italia&quot;,&quot;start&quot;:&quot;2026-06-23T09:00:00+02:00&quot;,&quot;end&quot;:&quot;2026-06-23T18:00:00+02:00&quot;,&quot;start_timezone&quot;:&quot;Europe\\\/Rome&quot;,&quot;end_timezone&quot;:&quot;Europe\\\/Rome&quot;,&quot;borderColor&quot;:&quot;var( --e-global-color-100d5f2 )&quot;,&quot;textColor&quot;:&quot;var( --e-global-color-100d5f2 )&quot;,&quot;color&quot;:&quot;var( --e-global-color-primary )&quot;,&quot;url&quot;:&quot;&quot;,&quot;allDay&quot;:&quot;&quot;,&quot;external&quot;:&quot;on&quot;,&quot;nofollow&quot;:&quot;on&quot;},{&quot;id&quot;:16,&quot;title&quot;:&quot;APERTURA AL PUBBLICO&quot;,&quot;description&quot;:&quot;La Torrefazione Autogestita \\u00e8 aperta a pubblico dalle 9:00 alle 12:00 e dalle 14:00 alle 18:00 in via Ettore Monti 23 a Galbiate (vicino al Ponte Azzone Visconti di Lecco)&quot;,&quot;location&quot;:&quot;La Libertaria - Torrefazione Autogestita, Via Ettore Monti, 23, 23851 Ponte Azzone Visconti LC, Italia&quot;,&quot;start&quot;:&quot;2026-06-30T09:00:00+02:00&quot;,&quot;end&quot;:&quot;2026-06-30T18:00:00+02:00&quot;,&quot;start_timezone&quot;:&quot;Europe\\\/Rome&quot;,&quot;end_timezone&quot;:&quot;Europe\\\/Rome&quot;,&quot;borderColor&quot;:&quot;var( --e-global-color-100d5f2 )&quot;,&quot;textColor&quot;:&quot;var( --e-global-color-100d5f2 )&quot;,&quot;color&quot;:&quot;var( --e-global-color-primary )&quot;,&quot;url&quot;:&quot;&quot;,&quot;allDay&quot;:&quot;&quot;,&quot;external&quot;:&quot;on&quot;,&quot;nofollow&quot;:&quot;on&quot;},{&quot;id&quot;:17,&quot;title&quot;:&quot;APERTURA AL PUBBLICO&quot;,&quot;description&quot;:&quot;La Torrefazione Autogestita \\u00e8 aperta a pubblico dalle 9:00 alle 12:00 e dalle 14:00 alle 18:00 in via Ettore Monti 23 a Galbiate (vicino al Ponte Azzone Visconti di Lecco)&quot;,&quot;location&quot;:&quot;La Libertaria - Torrefazione Autogestita, Via Ettore Monti, 23, 23851 Ponte Azzone Visconti LC, Italia&quot;,&quot;start&quot;:&quot;2026-07-07T09:00:00+02:00&quot;,&quot;end&quot;:&quot;2026-07-07T18:00:00+02:00&quot;,&quot;start_timezone&quot;:&quot;Europe\\\/Rome&quot;,&quot;end_timezone&quot;:&quot;Europe\\\/Rome&quot;,&quot;borderColor&quot;:&quot;var( --e-global-color-100d5f2 )&quot;,&quot;textColor&quot;:&quot;var( --e-global-color-100d5f2 )&quot;,&quot;color&quot;:&quot;var( --e-global-color-primary )&quot;,&quot;url&quot;:&quot;&quot;,&quot;allDay&quot;:&quot;&quot;,&quot;external&quot;:&quot;on&quot;,&quot;nofollow&quot;:&quot;on&quot;},{&quot;id&quot;:18,&quot;title&quot;:&quot;APERTURA AL PUBBLICO&quot;,&quot;description&quot;:&quot;La Torrefazione Autogestita \\u00e8 aperta a pubblico dalle 9:00 alle 12:00 e dalle 14:00 alle 18:00 in via Ettore Monti 23 a Galbiate (vicino al Ponte Azzone Visconti di Lecco)&quot;,&quot;location&quot;:&quot;La Libertaria - Torrefazione Autogestita, Via Ettore Monti, 23, 23851 Ponte Azzone Visconti LC, Italia&quot;,&quot;start&quot;:&quot;2026-07-14T09:00:00+02:00&quot;,&quot;end&quot;:&quot;2026-07-14T18:00:00+02:00&quot;,&quot;start_timezone&quot;:&quot;Europe\\\/Rome&quot;,&quot;end_timezone&quot;:&quot;Europe\\\/Rome&quot;,&quot;borderColor&quot;:&quot;var( --e-global-color-100d5f2 )&quot;,&quot;textColor&quot;:&quot;var( --e-global-color-100d5f2 )&quot;,&quot;color&quot;:&quot;var( --e-global-color-primary )&quot;,&quot;url&quot;:&quot;&quot;,&quot;allDay&quot;:&quot;&quot;,&quot;external&quot;:&quot;on&quot;,&quot;nofollow&quot;:&quot;on&quot;},{&quot;id&quot;:19,&quot;title&quot;:&quot;APERTURA AL PUBBLICO&quot;,&quot;description&quot;:&quot;La Torrefazione Autogestita \\u00e8 aperta a pubblico dalle 9:00 alle 12:00 e dalle 14:00 alle 18:00 in via Ettore Monti 23 a Galbiate (vicino al Ponte Azzone Visconti di Lecco)&quot;,&quot;location&quot;:&quot;La Libertaria - Torrefazione Autogestita, Via Ettore Monti, 23, 23851 Ponte Azzone Visconti LC, Italia&quot;,&quot;start&quot;:&quot;2026-07-21T09:00:00+02:00&quot;,&quot;end&quot;:&quot;2026-07-21T18:00:00+02:00&quot;,&quot;start_timezone&quot;:&quot;Europe\\\/Rome&quot;,&quot;end_timezone&quot;:&quot;Europe\\\/Rome&quot;,&quot;borderColor&quot;:&quot;var( --e-global-color-100d5f2 )&quot;,&quot;textColor&quot;:&quot;var( --e-global-color-100d5f2 )&quot;,&quot;color&quot;:&quot;var( --e-global-color-primary )&quot;,&quot;url&quot;:&quot;&quot;,&quot;allDay&quot;:&quot;&quot;,&quot;external&quot;:&quot;on&quot;,&quot;nofollow&quot;:&quot;on&quot;},{&quot;id&quot;:20,&quot;title&quot;:&quot;APERTURA AL PUBBLICO&quot;,&quot;description&quot;:&quot;La Torrefazione Autogestita \\u00e8 aperta a pubblico dalle 9:00 alle 12:00 e dalle 14:00 alle 18:00 in via Ettore Monti 23 a Galbiate (vicino al Ponte Azzone Visconti di Lecco)&quot;,&quot;location&quot;:&quot;La Libertaria - Torrefazione Autogestita, Via Ettore Monti, 23, 23851 Ponte Azzone Visconti LC, Italia&quot;,&quot;start&quot;:&quot;2026-07-28T09:00:00+02:00&quot;,&quot;end&quot;:&quot;2026-07-28T18:00:00+02:00&quot;,&quot;start_timezone&quot;:&quot;Europe\\\/Rome&quot;,&quot;end_timezone&quot;:&quot;Europe\\\/Rome&quot;,&quot;borderColor&quot;:&quot;var( --e-global-color-100d5f2 )&quot;,&quot;textColor&quot;:&quot;var( --e-global-color-100d5f2 )&quot;,&quot;color&quot;:&quot;var( --e-global-color-primary )&quot;,&quot;url&quot;:&quot;&quot;,&quot;allDay&quot;:&quot;&quot;,&quot;external&quot;:&quot;on&quot;,&quot;nofollow&quot;:&quot;on&quot;},{&quot;id&quot;:21,&quot;title&quot;:&quot;APERTURA AL PUBBLICO&quot;,&quot;description&quot;:&quot;La Torrefazione Autogestita \\u00e8 aperta a pubblico dalle 9:00 alle 12:00 e dalle 14:00 alle 18:00 in via Ettore Monti 23 a Galbiate (vicino al Ponte Azzone Visconti di Lecco)&quot;,&quot;location&quot;:&quot;La Libertaria - Torrefazione Autogestita, Via Ettore Monti, 23, 23851 Ponte Azzone Visconti LC, Italia&quot;,&quot;start&quot;:&quot;2026-08-04T09:00:00+02:00&quot;,&quot;end&quot;:&quot;2026-08-04T18:00:00+02:00&quot;,&quot;start_timezone&quot;:&quot;Europe\\\/Rome&quot;,&quot;end_timezone&quot;:&quot;Europe\\\/Rome&quot;,&quot;borderColor&quot;:&quot;var( --e-global-color-100d5f2 )&quot;,&quot;textColor&quot;:&quot;var( --e-global-color-100d5f2 )&quot;,&quot;color&quot;:&quot;var( --e-global-color-primary )&quot;,&quot;url&quot;:&quot;&quot;,&quot;allDay&quot;:&quot;&quot;,&quot;external&quot;:&quot;on&quot;,&quot;nofollow&quot;:&quot;on&quot;},{&quot;id&quot;:22,&quot;title&quot;:&quot;APERTURA AL PUBBLICO&quot;,&quot;description&quot;:&quot;La Torrefazione Autogestita \\u00e8 aperta a pubblico dalle 9:00 alle 12:00 e dalle 14:00 alle 18:00 in via Ettore Monti 23 a Galbiate (vicino al Ponte Azzone Visconti di Lecco)&quot;,&quot;location&quot;:&quot;La Libertaria - Torrefazione Autogestita, Via Ettore Monti, 23, 23851 Ponte Azzone Visconti LC, Italia&quot;,&quot;start&quot;:&quot;2026-08-11T09:00:00+02:00&quot;,&quot;end&quot;:&quot;2026-08-11T18:00:00+02:00&quot;,&quot;start_timezone&quot;:&quot;Europe\\\/Rome&quot;,&quot;end_timezone&quot;:&quot;Europe\\\/Rome&quot;,&quot;borderColor&quot;:&quot;var( --e-global-color-100d5f2 )&quot;,&quot;textColor&quot;:&quot;var( --e-global-color-100d5f2 )&quot;,&quot;color&quot;:&quot;var( --e-global-color-primary )&quot;,&quot;url&quot;:&quot;&quot;,&quot;allDay&quot;:&quot;&quot;,&quot;external&quot;:&quot;on&quot;,&quot;nofollow&quot;:&quot;on&quot;},{&quot;id&quot;:23,&quot;title&quot;:&quot;APERTURA AL PUBBLICO&quot;,&quot;description&quot;:&quot;La Torrefazione Autogestita \\u00e8 aperta a pubblico dalle 9:00 alle 12:00 e dalle 14:00 alle 18:00 in via Ettore Monti 23 a Galbiate (vicino al Ponte Azzone Visconti di Lecco)&quot;,&quot;location&quot;:&quot;La Libertaria - Torrefazione Autogestita, Via Ettore Monti, 23, 23851 Ponte Azzone Visconti LC, Italia&quot;,&quot;start&quot;:&quot;2026-08-18T09:00:00+02:00&quot;,&quot;end&quot;:&quot;2026-08-18T18:00:00+02:00&quot;,&quot;start_timezone&quot;:&quot;Europe\\\/Rome&quot;,&quot;end_timezone&quot;:&quot;Europe\\\/Rome&quot;,&quot;borderColor&quot;:&quot;var( --e-global-color-100d5f2 )&quot;,&quot;textColor&quot;:&quot;var( --e-global-color-100d5f2 )&quot;,&quot;color&quot;:&quot;var( --e-global-color-primary )&quot;,&quot;url&quot;:&quot;&quot;,&quot;allDay&quot;:&quot;&quot;,&quot;external&quot;:&quot;on&quot;,&quot;nofollow&quot;:&quot;on&quot;},{&quot;id&quot;:24,&quot;title&quot;:&quot;APERTURA AL PUBBLICO&quot;,&quot;description&quot;:&quot;La Torrefazione Autogestita \\u00e8 aperta a pubblico dalle 9:00 alle 12:00 e dalle 14:00 alle 18:00 in via Ettore Monti 23 a Galbiate (vicino al Ponte Azzone Visconti di Lecco)&quot;,&quot;location&quot;:&quot;La Libertaria - Torrefazione Autogestita, Via Ettore Monti, 23, 23851 Ponte Azzone Visconti LC, Italia&quot;,&quot;start&quot;:&quot;2026-08-25T09:00:00+02:00&quot;,&quot;end&quot;:&quot;2026-08-25T18:00:00+02:00&quot;,&quot;start_timezone&quot;:&quot;Europe\\\/Rome&quot;,&quot;end_timezone&quot;:&quot;Europe\\\/Rome&quot;,&quot;borderColor&quot;:&quot;var( --e-global-color-100d5f2 )&quot;,&quot;textColor&quot;:&quot;var( --e-global-color-100d5f2 )&quot;,&quot;color&quot;:&quot;var( --e-global-color-primary )&quot;,&quot;url&quot;:&quot;&quot;,&quot;allDay&quot;:&quot;&quot;,&quot;external&quot;:&quot;on&quot;,&quot;nofollow&quot;:&quot;on&quot;},{&quot;id&quot;:25,&quot;title&quot;:&quot;APERTURA AL PUBBLICO&quot;,&quot;description&quot;:&quot;La Torrefazione Autogestita \\u00e8 aperta a pubblico dalle 9:00 alle 12:00 e dalle 14:00 alle 18:00 in via Ettore Monti 23 a Galbiate (vicino al Ponte Azzone Visconti di Lecco)&quot;,&quot;location&quot;:&quot;La Libertaria - Torrefazione Autogestita, Via Ettore Monti, 23, 23851 Ponte Azzone Visconti LC, Italia&quot;,&quot;start&quot;:&quot;2026-09-01T09:00:00+02:00&quot;,&quot;end&quot;:&quot;2026-09-01T18:00:00+02:00&quot;,&quot;start_timezone&quot;:&quot;Europe\\\/Rome&quot;,&quot;end_timezone&quot;:&quot;Europe\\\/Rome&quot;,&quot;borderColor&quot;:&quot;var( --e-global-color-100d5f2 )&quot;,&quot;textColor&quot;:&quot;var( --e-global-color-100d5f2 )&quot;,&quot;color&quot;:&quot;var( --e-global-color-primary )&quot;,&quot;url&quot;:&quot;&quot;,&quot;allDay&quot;:&quot;&quot;,&quot;external&quot;:&quot;on&quot;,&quot;nofollow&quot;:&quot;on&quot;},{&quot;id&quot;:26,&quot;title&quot;:&quot;APERTURA AL PUBBLICO&quot;,&quot;description&quot;:&quot;La Torrefazione Autogestita \\u00e8 aperta a pubblico dalle 9:00 alle 12:00 e dalle 14:00 alle 18:00 in via Ettore Monti 23 a Galbiate (vicino al Ponte Azzone Visconti di Lecco)&quot;,&quot;location&quot;:&quot;La Libertaria - Torrefazione Autogestita, Via Ettore Monti, 23, 23851 Ponte Azzone Visconti LC, Italia&quot;,&quot;start&quot;:&quot;2026-09-08T09:00:00+02:00&quot;,&quot;end&quot;:&quot;2026-09-08T18:00:00+02:00&quot;,&quot;start_timezone&quot;:&quot;Europe\\\/Rome&quot;,&quot;end_timezone&quot;:&quot;Europe\\\/Rome&quot;,&quot;borderColor&quot;:&quot;var( --e-global-color-100d5f2 )&quot;,&quot;textColor&quot;:&quot;var( --e-global-color-100d5f2 )&quot;,&quot;color&quot;:&quot;var( --e-global-color-primary )&quot;,&quot;url&quot;:&quot;&quot;,&quot;allDay&quot;:&quot;&quot;,&quot;external&quot;:&quot;on&quot;,&quot;nofollow&quot;:&quot;on&quot;},{&quot;id&quot;:27,&quot;title&quot;:&quot;APERTURA AL PUBBLICO&quot;,&quot;description&quot;:&quot;La Torrefazione Autogestita \\u00e8 aperta a pubblico dalle 9:00 alle 12:00 e dalle 14:00 alle 18:00 in via Ettore Monti 23 a Galbiate (vicino al Ponte Azzone Visconti di Lecco)&quot;,&quot;location&quot;:&quot;La Libertaria - Torrefazione Autogestita, Via Ettore Monti, 23, 23851 Ponte Azzone Visconti LC, Italia&quot;,&quot;start&quot;:&quot;2026-09-15T09:00:00+02:00&quot;,&quot;end&quot;:&quot;2026-09-15T18:00:00+02:00&quot;,&quot;start_timezone&quot;:&quot;Europe\\\/Rome&quot;,&quot;end_timezone&quot;:&quot;Europe\\\/Rome&quot;,&quot;borderColor&quot;:&quot;var( --e-global-color-100d5f2 )&quot;,&quot;textColor&quot;:&quot;var( --e-global-color-100d5f2 )&quot;,&quot;color&quot;:&quot;var( --e-global-color-primary )&quot;,&quot;url&quot;:&quot;&quot;,&quot;allDay&quot;:&quot;&quot;,&quot;external&quot;:&quot;on&quot;,&quot;nofollow&quot;:&quot;on&quot;},{&quot;id&quot;:28,&quot;title&quot;:&quot;MERCATINO DI PRODOTTI BIOLOGICI - COX18&quot;,&quot;description&quot;:&quot;Mercatino di prodotti biologici, libri, artigianato, riciclo, laboratori, autoproduzioni.\\nDalle 9 alle 18\\u00a0\\nMilano\\u00a0\\nCox18, Via Conchetta, 18, 20136 Milano MI, Italia&quot;,&quot;location&quot;:&quot;Cox18, Via Conchetta, 18, 20136 Milano MI, Italia&quot;,&quot;start&quot;:&quot;2026-04-05&quot;,&quot;end&quot;:&quot;2026-04-06&quot;,&quot;start_timezone&quot;:&quot;&quot;,&quot;end_timezone&quot;:&quot;&quot;,&quot;borderColor&quot;:&quot;var( --e-global-color-100d5f2 )&quot;,&quot;textColor&quot;:&quot;var( --e-global-color-100d5f2 )&quot;,&quot;color&quot;:&quot;var( --e-global-color-primary )&quot;,&quot;url&quot;:&quot;&quot;,&quot;allDay&quot;:&quot;yes&quot;,&quot;external&quot;:&quot;on&quot;,&quot;nofollow&quot;:&quot;on&quot;},{&quot;id&quot;:29,&quot;title&quot;:&quot;MERCATINO DI PRODOTTI BIOLOGICI - COX18&quot;,&quot;description&quot;:&quot;Mercatino di prodotti biologici, libri, artigianato, riciclo, laboratori, autoproduzioni.\\nDalle 9 alle 18\\u00a0\\nMilano\\u00a0\\nCox18, Via Conchetta, 18, 20136 Milano MI, Italia&quot;,&quot;location&quot;:&quot;Cox18, Via Conchetta, 18, 20136 Milano MI, Italia&quot;,&quot;start&quot;:&quot;2026-05-03&quot;,&quot;end&quot;:&quot;2026-05-04&quot;,&quot;start_timezone&quot;:&quot;&quot;,&quot;end_timezone&quot;:&quot;&quot;,&quot;borderColor&quot;:&quot;var( --e-global-color-100d5f2 )&quot;,&quot;textColor&quot;:&quot;var( --e-global-color-100d5f2 )&quot;,&quot;color&quot;:&quot;var( --e-global-color-primary )&quot;,&quot;url&quot;:&quot;&quot;,&quot;allDay&quot;:&quot;yes&quot;,&quot;external&quot;:&quot;on&quot;,&quot;nofollow&quot;:&quot;on&quot;},{&quot;id&quot;:30,&quot;title&quot;:&quot;MERCATINO DI PRODOTTI BIOLOGICI - COX18&quot;,&quot;description&quot;:&quot;Mercatino di prodotti biologici, libri, artigianato, riciclo, laboratori, autoproduzioni.\\nDalle 9 alle 18\\u00a0\\nMilano\\u00a0\\nCox18, Via Conchetta, 18, 20136 Milano MI, Italia&quot;,&quot;location&quot;:&quot;Cox18, Via Conchetta, 18, 20136 Milano MI, Italia&quot;,&quot;start&quot;:&quot;2026-06-07&quot;,&quot;end&quot;:&quot;2026-06-08&quot;,&quot;start_timezone&quot;:&quot;&quot;,&quot;end_timezone&quot;:&quot;&quot;,&quot;borderColor&quot;:&quot;var( --e-global-color-100d5f2 )&quot;,&quot;textColor&quot;:&quot;var( --e-global-color-100d5f2 )&quot;,&quot;color&quot;:&quot;var( --e-global-color-primary )&quot;,&quot;url&quot;:&quot;&quot;,&quot;allDay&quot;:&quot;yes&quot;,&quot;external&quot;:&quot;on&quot;,&quot;nofollow&quot;:&quot;on&quot;},{&quot;id&quot;:31,&quot;title&quot;:&quot;MERCATINO DI PRODOTTI BIOLOGICI - COX18&quot;,&quot;description&quot;:&quot;Mercatino di prodotti biologici, libri, artigianato, riciclo, laboratori, autoproduzioni.\\nDalle 9 alle 18\\u00a0\\nMilano\\u00a0\\nCox18, Via Conchetta, 18, 20136 Milano MI, Italia&quot;,&quot;location&quot;:&quot;Cox18, Via Conchetta, 18, 20136 Milano MI, Italia&quot;,&quot;start&quot;:&quot;2026-07-05&quot;,&quot;end&quot;:&quot;2026-07-06&quot;,&quot;start_timezone&quot;:&quot;&quot;,&quot;end_timezone&quot;:&quot;&quot;,&quot;borderColor&quot;:&quot;var( --e-global-color-100d5f2 )&quot;,&quot;textColor&quot;:&quot;var( --e-global-color-100d5f2 )&quot;,&quot;color&quot;:&quot;var( --e-global-color-primary )&quot;,&quot;url&quot;:&quot;&quot;,&quot;allDay&quot;:&quot;yes&quot;,&quot;external&quot;:&quot;on&quot;,&quot;nofollow&quot;:&quot;on&quot;},{&quot;id&quot;:32,&quot;title&quot;:&quot;MERCATINO DI PRODOTTI BIOLOGICI - COX18&quot;,&quot;description&quot;:&quot;Mercatino di prodotti biologici, libri, artigianato, riciclo, laboratori, autoproduzioni.\\nDalle 9 alle 18\\u00a0\\nMilano\\u00a0\\nCox18, Via Conchetta, 18, 20136 Milano MI, Italia&quot;,&quot;location&quot;:&quot;Cox18, Via Conchetta, 18, 20136 Milano MI, Italia&quot;,&quot;start&quot;:&quot;2026-08-02&quot;,&quot;end&quot;:&quot;2026-08-03&quot;,&quot;start_timezone&quot;:&quot;&quot;,&quot;end_timezone&quot;:&quot;&quot;,&quot;borderColor&quot;:&quot;var( --e-global-color-100d5f2 )&quot;,&quot;textColor&quot;:&quot;var( --e-global-color-100d5f2 )&quot;,&quot;color&quot;:&quot;var( --e-global-color-primary )&quot;,&quot;url&quot;:&quot;&quot;,&quot;allDay&quot;:&quot;yes&quot;,&quot;external&quot;:&quot;on&quot;,&quot;nofollow&quot;:&quot;on&quot;},{&quot;id&quot;:33,&quot;title&quot;:&quot;MERCATINO DI PRODOTTI BIOLOGICI - COX18&quot;,&quot;description&quot;:&quot;Mercatino di prodotti biologici, libri, artigianato, riciclo, laboratori, autoproduzioni.\\nDalle 9 alle 18\\u00a0\\nMilano\\u00a0\\nCox18, Via Conchetta, 18, 20136 Milano MI, Italia&quot;,&quot;location&quot;:&quot;Cox18, Via Conchetta, 18, 20136 Milano MI, Italia&quot;,&quot;start&quot;:&quot;2026-09-06&quot;,&quot;end&quot;:&quot;2026-09-07&quot;,&quot;start_timezone&quot;:&quot;&quot;,&quot;end_timezone&quot;:&quot;&quot;,&quot;borderColor&quot;:&quot;var( --e-global-color-100d5f2 )&quot;,&quot;textColor&quot;:&quot;var( --e-global-color-100d5f2 )&quot;,&quot;color&quot;:&quot;var( --e-global-color-primary )&quot;,&quot;url&quot;:&quot;&quot;,&quot;allDay&quot;:&quot;yes&quot;,&quot;external&quot;:&quot;on&quot;,&quot;nofollow&quot;:&quot;on&quot;},{&quot;id&quot;:34,&quot;title&quot;:&quot;Mercato Monterosso Bergamo&quot;,&quot;description&quot;:&quot;\\nMercato Agricolo e non solo - Bergamo, Monterosso\\nPiazza T. Pacati, 24123 Bergamo BG, Italia\\nDalle 8:30 alle 13&quot;,&quot;location&quot;:&quot;&quot;,&quot;start&quot;:&quot;2026-03-21T08:30:00+01:00&quot;,&quot;end&quot;:&quot;2026-03-21T13:00:00+01:00&quot;,&quot;start_timezone&quot;:&quot;Europe\\\/Rome&quot;,&quot;end_timezone&quot;:&quot;Europe\\\/Rome&quot;,&quot;borderColor&quot;:&quot;var( --e-global-color-100d5f2 )&quot;,&quot;textColor&quot;:&quot;var( --e-global-color-100d5f2 )&quot;,&quot;color&quot;:&quot;var( --e-global-color-primary )&quot;,&quot;url&quot;:&quot;&quot;,&quot;allDay&quot;:&quot;&quot;,&quot;external&quot;:&quot;on&quot;,&quot;nofollow&quot;:&quot;on&quot;}]\"\n            data-thumbnail_position = \"\"\n            data-first_day=\"1\"><\/div><div id=\"eaelecModal\" class=\"eaelec-modal eael-zoom-in\">\n            <div class=\"eaelec-modal-content\">\n                <div class=\"eaelec-modal-header\">\n                    <div class=\"eaelec-modal-close\"><span><i class=\"fas fa-times\"><\/i><\/span><\/div>\n                    <h2 class=\"eael-ec-modal-title\"><\/h2>\n                    <span class=\"eaelec-event-date-start eaelec-event-popup-date\"><\/span>\n                    <span class=\"eaelec-event-date-end eaelec-event-popup-date\"><\/span>\n                    <span class=\"eaelec-event-location eaelec-event-popup-location\" style=\"display: none;\"><\/span>\n                <\/div>\n                <div class=\"eaelec-modal-body\">\n                    <p><\/p>\n                <\/div>\n                <div class=\"eaelec-modal-footer\">\n                    <a class=\"eaelec-event-details-link\"><\/a>\n                <\/div>\n            <\/div>\n        <\/div><\/div>\t\t\t\t<\/div>\n\t\t\t\t<\/div>\n\t\t\t\t<div class=\"elementor-element elementor-element-3947dea elementor-widget elementor-widget-spacer\" data-id=\"3947dea\" data-element_type=\"widget\" data-e-type=\"widget\" data-widget_type=\"spacer.default\">\n\t\t\t\t<div class=\"elementor-widget-container\">\n\t\t\t\t\t\t\t<div class=\"elementor-spacer\">\n\t\t\t<div class=\"elementor-spacer-inner\"><\/div>\n\t\t<\/div>\n\t\t\t\t\t\t<\/div>\n\t\t\t\t<\/div>\n\t\t\t\t\t<\/div>\n\t\t<\/div>\n\t\t\t\t\t<\/div>\n\t\t<\/section>\n\t\t\t\t<section class=\"elementor-section elementor-top-section elementor-element elementor-element-5114b05 elementor-section-height-min-height elementor-section-boxed elementor-section-height-default elementor-section-items-middle\" data-id=\"5114b05\" data-element_type=\"section\" data-e-type=\"section\" id=\"contatti\" data-settings=\"{&quot;background_background&quot;:&quot;classic&quot;}\">\n\t\t\t\t\t\t<div class=\"elementor-container elementor-column-gap-default\">\n\t\t\t\t\t<div class=\"elementor-column elementor-col-50 elementor-top-column elementor-element elementor-element-e5f17a9\" data-id=\"e5f17a9\" data-element_type=\"column\" data-e-type=\"column\">\n\t\t\t<div class=\"elementor-widget-wrap elementor-element-populated\">\n\t\t\t\t\t\t<div class=\"elementor-element elementor-element-9302564 elementor-widget elementor-widget-heading\" data-id=\"9302564\" data-element_type=\"widget\" data-e-type=\"widget\" data-widget_type=\"heading.default\">\n\t\t\t\t<div class=\"elementor-widget-container\">\n\t\t\t\t\t<h5 class=\"elementor-heading-title elementor-size-default\">contatti<\/h5>\t\t\t\t<\/div>\n\t\t\t\t<\/div>\n\t\t\t\t<div class=\"elementor-element elementor-element-3634f8b elementor-widget elementor-widget-heading\" data-id=\"3634f8b\" data-element_type=\"widget\" data-e-type=\"widget\" data-widget_type=\"heading.default\">\n\t\t\t\t<div class=\"elementor-widget-container\">\n\t\t\t\t\t<h4 class=\"elementor-heading-title elementor-size-default\">Per richiedere informazioni sul nostro caff\u00e8<br>o sul nostro progetto scrivici a:<\/h4>\t\t\t\t<\/div>\n\t\t\t\t<\/div>\n\t\t\t\t<div class=\"elementor-element elementor-element-cd8b5f8 elementor-widget elementor-widget-heading\" data-id=\"cd8b5f8\" data-element_type=\"widget\" data-e-type=\"widget\" data-widget_type=\"heading.default\">\n\t\t\t\t<div class=\"elementor-widget-container\">\n\t\t\t\t\t<h4 class=\"elementor-heading-title elementor-size-default\"><a href=\"mailto:info@lalibertaria.org\u200b\">info@lalibertaria.org<\/a><\/h4>\t\t\t\t<\/div>\n\t\t\t\t<\/div>\n\t\t\t\t\t<\/div>\n\t\t<\/div>\n\t\t\t\t<div class=\"elementor-column elementor-col-50 elementor-top-column elementor-element elementor-element-bb51f7b\" data-id=\"bb51f7b\" data-element_type=\"column\" data-e-type=\"column\">\n\t\t\t<div class=\"elementor-widget-wrap\">\n\t\t\t\t\t\t\t<\/div>\n\t\t<\/div>\n\t\t\t\t\t<\/div>\n\t\t<\/section>\n\t\t\t\t<\/div>\n\t\t","protected":false},"excerpt":{"rendered":"<p>La Libertaria &#8211; Torrefazione Autogestita Siamo una realt\u00e0 cooperativa basata sulla propriet\u00e0 collettiva dei mezzi di produzione e sull&#8217;organizzazione orizzontale e condivisa del lavoro. Tostiamo artigianalmente caff\u00e8 coltivati da piccoli produttori e importati attraverso filiere trasparenti e solidali. Contro la mercificazione dell\u2019essere umano e lo sfruttamento intensivo delle risorse naturali, sperimentiamo l\u2019autogestione, il mutualismo e&hellip; <a class=\"more-link\" href=\"https:\/\/lalibertaria.org\/\">Continua a leggere <span class=\"screen-reader-text\">La Libertaria<\/span><\/a><\/p>\n","protected":false},"author":1,"featured_media":5392,"parent":0,"menu_order":0,"comment_status":"closed","ping_status":"closed","template":"elementor_canvas","meta":{"footnotes":""},"class_list":["post-2115","page","type-page","status-publish","has-post-thumbnail","hentry","entry"],"yoast_head":"<!-- This site is optimized with the Yoast SEO plugin v27.1.1 - https:\/\/yoast.com\/product\/yoast-seo-wordpress\/ -->\n<title>La Libertaria - Torrefazione Autogestita<\/title>\n<meta name=\"description\" content=\"Caff\u00e8 prodotto da piccole realt\u00e0 contadine e importato in Italia da progetti di solidariet\u00e0, per la tutela dei produttori e dell&#039;ambiente.\" \/>\n<meta name=\"robots\" content=\"index, follow, max-snippet:-1, max-image-preview:large, max-video-preview:-1\" \/>\n<link rel=\"canonical\" href=\"https:\/\/lalibertaria.org\/\" \/>\n<meta property=\"og:locale\" content=\"it_IT\" \/>\n<meta property=\"og:type\" content=\"article\" \/>\n<meta property=\"og:title\" content=\"La Libertaria - Torrefazione Autogestita\" \/>\n<meta property=\"og:description\" content=\"Caff\u00e8 prodotto da piccole realt\u00e0 contadine e importato in Italia da progetti di solidariet\u00e0, per la tutela dei produttori e dell&#039;ambiente.\" \/>\n<meta property=\"og:url\" content=\"https:\/\/lalibertaria.org\/\" \/>\n<meta property=\"og:site_name\" content=\"La Libertaria\" \/>\n<meta property=\"article:modified_time\" content=\"2026-02-23T09:16:38+00:00\" \/>\n<meta property=\"og:image\" content=\"http:\/\/lalibertaria.org\/wp-content\/uploads\/2022\/07\/paesaggio.jpg\" \/>\n\t<meta property=\"og:image:width\" content=\"1280\" \/>\n\t<meta property=\"og:image:height\" content=\"960\" \/>\n\t<meta property=\"og:image:type\" content=\"image\/jpeg\" \/>\n<meta name=\"twitter:card\" content=\"summary_large_image\" \/>\n<meta name=\"twitter:label1\" content=\"Tempo di lettura stimato\" \/>\n\t<meta name=\"twitter:data1\" content=\"6 minuti\" \/>\n<script type=\"application\/ld+json\" class=\"yoast-schema-graph\">{\"@context\":\"https:\/\/schema.org\",\"@graph\":[{\"@type\":\"WebPage\",\"@id\":\"https:\/\/lalibertaria.org\/\",\"url\":\"https:\/\/lalibertaria.org\/\",\"name\":\"La Libertaria - Torrefazione Autogestita\",\"isPartOf\":{\"@id\":\"https:\/\/lalibertaria.org\/#website\"},\"primaryImageOfPage\":{\"@id\":\"https:\/\/lalibertaria.org\/#primaryimage\"},\"image\":{\"@id\":\"https:\/\/lalibertaria.org\/#primaryimage\"},\"thumbnailUrl\":\"https:\/\/lalibertaria.org\/wp-content\/uploads\/2022\/07\/paesaggio.jpg\",\"datePublished\":\"2021-03-19T21:19:05+00:00\",\"dateModified\":\"2026-02-23T09:16:38+00:00\",\"description\":\"Caff\u00e8 prodotto da piccole realt\u00e0 contadine e importato in Italia da progetti di solidariet\u00e0, per la tutela dei produttori e dell'ambiente.\",\"breadcrumb\":{\"@id\":\"https:\/\/lalibertaria.org\/#breadcrumb\"},\"inLanguage\":\"it-IT\",\"potentialAction\":[{\"@type\":\"ReadAction\",\"target\":[\"https:\/\/lalibertaria.org\/\"]}]},{\"@type\":\"ImageObject\",\"inLanguage\":\"it-IT\",\"@id\":\"https:\/\/lalibertaria.org\/#primaryimage\",\"url\":\"https:\/\/lalibertaria.org\/wp-content\/uploads\/2022\/07\/paesaggio.jpg\",\"contentUrl\":\"https:\/\/lalibertaria.org\/wp-content\/uploads\/2022\/07\/paesaggio.jpg\",\"width\":1280,\"height\":960},{\"@type\":\"BreadcrumbList\",\"@id\":\"https:\/\/lalibertaria.org\/#breadcrumb\",\"itemListElement\":[{\"@type\":\"ListItem\",\"position\":1,\"name\":\"Home\",\"item\":\"https:\/\/lalibertaria.org\/\"},{\"@type\":\"ListItem\",\"position\":2,\"name\":\"La Libertaria\"}]},{\"@type\":\"WebSite\",\"@id\":\"https:\/\/lalibertaria.org\/#website\",\"url\":\"https:\/\/lalibertaria.org\/\",\"name\":\"La Libertaria\",\"description\":\"ETS\",\"publisher\":{\"@id\":\"https:\/\/lalibertaria.org\/#organization\"},\"potentialAction\":[{\"@type\":\"SearchAction\",\"target\":{\"@type\":\"EntryPoint\",\"urlTemplate\":\"https:\/\/lalibertaria.org\/?s={search_term_string}\"},\"query-input\":{\"@type\":\"PropertyValueSpecification\",\"valueRequired\":true,\"valueName\":\"search_term_string\"}}],\"inLanguage\":\"it-IT\"},{\"@type\":\"Organization\",\"@id\":\"https:\/\/lalibertaria.org\/#organization\",\"name\":\"La Libertaria\",\"url\":\"https:\/\/lalibertaria.org\/\",\"logo\":{\"@type\":\"ImageObject\",\"inLanguage\":\"it-IT\",\"@id\":\"https:\/\/lalibertaria.org\/#\/schema\/logo\/image\/\",\"url\":\"https:\/\/lalibertaria.org\/wp-content\/uploads\/2021\/05\/FAVICON.jpg\",\"contentUrl\":\"https:\/\/lalibertaria.org\/wp-content\/uploads\/2021\/05\/FAVICON.jpg\",\"width\":515,\"height\":491,\"caption\":\"La Libertaria\"},\"image\":{\"@id\":\"https:\/\/lalibertaria.org\/#\/schema\/logo\/image\/\"}}]}<\/script>\n<!-- \/ Yoast SEO plugin. -->","yoast_head_json":{"title":"La Libertaria - Torrefazione Autogestita","description":"Caff\u00e8 prodotto da piccole realt\u00e0 contadine e importato in Italia da progetti di solidariet\u00e0, per la tutela dei produttori e dell'ambiente.","robots":{"index":"index","follow":"follow","max-snippet":"max-snippet:-1","max-image-preview":"max-image-preview:large","max-video-preview":"max-video-preview:-1"},"canonical":"https:\/\/lalibertaria.org\/","og_locale":"it_IT","og_type":"article","og_title":"La Libertaria - Torrefazione Autogestita","og_description":"Caff\u00e8 prodotto da piccole realt\u00e0 contadine e importato in Italia da progetti di solidariet\u00e0, per la tutela dei produttori e dell'ambiente.","og_url":"https:\/\/lalibertaria.org\/","og_site_name":"La Libertaria","article_modified_time":"2026-02-23T09:16:38+00:00","og_image":[{"width":1280,"height":960,"url":"http:\/\/lalibertaria.org\/wp-content\/uploads\/2022\/07\/paesaggio.jpg","type":"image\/jpeg"}],"twitter_card":"summary_large_image","twitter_misc":{"Tempo di lettura stimato":"6 minuti"},"schema":{"@context":"https:\/\/schema.org","@graph":[{"@type":"WebPage","@id":"https:\/\/lalibertaria.org\/","url":"https:\/\/lalibertaria.org\/","name":"La Libertaria - Torrefazione Autogestita","isPartOf":{"@id":"https:\/\/lalibertaria.org\/#website"},"primaryImageOfPage":{"@id":"https:\/\/lalibertaria.org\/#primaryimage"},"image":{"@id":"https:\/\/lalibertaria.org\/#primaryimage"},"thumbnailUrl":"https:\/\/lalibertaria.org\/wp-content\/uploads\/2022\/07\/paesaggio.jpg","datePublished":"2021-03-19T21:19:05+00:00","dateModified":"2026-02-23T09:16:38+00:00","description":"Caff\u00e8 prodotto da piccole realt\u00e0 contadine e importato in Italia da progetti di solidariet\u00e0, per la tutela dei produttori e dell'ambiente.","breadcrumb":{"@id":"https:\/\/lalibertaria.org\/#breadcrumb"},"inLanguage":"it-IT","potentialAction":[{"@type":"ReadAction","target":["https:\/\/lalibertaria.org\/"]}]},{"@type":"ImageObject","inLanguage":"it-IT","@id":"https:\/\/lalibertaria.org\/#primaryimage","url":"https:\/\/lalibertaria.org\/wp-content\/uploads\/2022\/07\/paesaggio.jpg","contentUrl":"https:\/\/lalibertaria.org\/wp-content\/uploads\/2022\/07\/paesaggio.jpg","width":1280,"height":960},{"@type":"BreadcrumbList","@id":"https:\/\/lalibertaria.org\/#breadcrumb","itemListElement":[{"@type":"ListItem","position":1,"name":"Home","item":"https:\/\/lalibertaria.org\/"},{"@type":"ListItem","position":2,"name":"La Libertaria"}]},{"@type":"WebSite","@id":"https:\/\/lalibertaria.org\/#website","url":"https:\/\/lalibertaria.org\/","name":"La Libertaria","description":"ETS","publisher":{"@id":"https:\/\/lalibertaria.org\/#organization"},"potentialAction":[{"@type":"SearchAction","target":{"@type":"EntryPoint","urlTemplate":"https:\/\/lalibertaria.org\/?s={search_term_string}"},"query-input":{"@type":"PropertyValueSpecification","valueRequired":true,"valueName":"search_term_string"}}],"inLanguage":"it-IT"},{"@type":"Organization","@id":"https:\/\/lalibertaria.org\/#organization","name":"La Libertaria","url":"https:\/\/lalibertaria.org\/","logo":{"@type":"ImageObject","inLanguage":"it-IT","@id":"https:\/\/lalibertaria.org\/#\/schema\/logo\/image\/","url":"https:\/\/lalibertaria.org\/wp-content\/uploads\/2021\/05\/FAVICON.jpg","contentUrl":"https:\/\/lalibertaria.org\/wp-content\/uploads\/2021\/05\/FAVICON.jpg","width":515,"height":491,"caption":"La Libertaria"},"image":{"@id":"https:\/\/lalibertaria.org\/#\/schema\/logo\/image\/"}}]}},"_links":{"self":[{"href":"https:\/\/lalibertaria.org\/wp-json\/wp\/v2\/pages\/2115","targetHints":{"allow":["GET"]}}],"collection":[{"href":"https:\/\/lalibertaria.org\/wp-json\/wp\/v2\/pages"}],"about":[{"href":"https:\/\/lalibertaria.org\/wp-json\/wp\/v2\/types\/page"}],"author":[{"embeddable":true,"href":"https:\/\/lalibertaria.org\/wp-json\/wp\/v2\/users\/1"}],"replies":[{"embeddable":true,"href":"https:\/\/lalibertaria.org\/wp-json\/wp\/v2\/comments?post=2115"}],"version-history":[{"count":970,"href":"https:\/\/lalibertaria.org\/wp-json\/wp\/v2\/pages\/2115\/revisions"}],"predecessor-version":[{"id":10503,"href":"https:\/\/lalibertaria.org\/wp-json\/wp\/v2\/pages\/2115\/revisions\/10503"}],"wp:featuredmedia":[{"embeddable":true,"href":"https:\/\/lalibertaria.org\/wp-json\/wp\/v2\/media\/5392"}],"wp:attachment":[{"href":"https:\/\/lalibertaria.org\/wp-json\/wp\/v2\/media?parent=2115"}],"curies":[{"name":"wp","href":"https:\/\/api.w.org\/{rel}","templated":true}]}}